{"id":6887,"date":"2023-01-03T10:40:30","date_gmt":"2023-01-03T09:40:30","guid":{"rendered":"https:\/\/autodeclaro.es\/?page_id=6887"},"modified":"2026-03-31T19:26:23","modified_gmt":"2026-03-31T17:26:23","slug":"instructions-auto-720","status":"publish","type":"page","link":"https:\/\/autodeclaro.es\/fr\/instructions-auto-720\/","title":{"rendered":"Instructions pour le formulaire 720"},"content":{"rendered":"<div class=\"gb-container gb-container-7856c198\"><div class=\"gb-inside-container\">\n<div class=\"gb-container gb-container-5586d971\"><div class=\"gb-inside-container\">\n\n<h1 class=\"gb-headline gb-headline-5dabdb8f gb-headline-text\"><strong>Instructions pour le formulaire 720<\/strong><\/h1>\n\n\n\n<p><strong style=\"font-style: italic;\">Note : Autodeclaro n'est pas un cabinet de conseil, ni un expert fiscal. Nous nous contentons d'automatiser <\/strong><em><strong>le remplissage du formulaire 720 \u00e0 partir des fichiers que vous fournissez \u00e0 l'aide du mod\u00e8le Excel, des relev\u00e9s de votre courtier ou des plateformes de crowdlending, des comptes et des d\u00e9p\u00f4ts tels que Raisin.<\/strong><\/em><\/p>\n\n\n\n<p><em><strong>Nous ne sommes pas responsables de l'utilisation que vous faites des informations d\u00e9crites ici. Il vous appartient de v\u00e9rifier les informations ou instructions donn\u00e9es ici aupr\u00e8s d'un conseiller fiscal.<\/strong><\/em><\/p>\n\n\n\n<p><em><strong>Vous \u00eates le seul et unique responsable de votre d\u00e9claration.<\/strong><\/em><\/p>\n\n\n\n<p>Une fois que nous avons re\u00e7u le formulaire 720 d\u00fbment rempli, l'\u00e9tape suivante consiste \u00e0 importer le fichier g\u00e9n\u00e9r\u00e9 par l'administration fiscale.<\/p>\n\n\n\n<p>Si vous ne l'avez pas encore, vous pouvez le g\u00e9n\u00e9rer \u00e0 l'adresse suivante :<\/p>\n\n\n<div class=\"gb-button-wrapper gb-button-wrapper-b45f919b\">\n\n<a class=\"gb-button gb-button-01dfcec3 gb-button-text\" href=\"https:\/\/autodeclaro.es\/fr\/produit\/auto-720\/\">G\u00e9n\u00e9rer le formulaire 720<\/a>\n\n<\/div>\n\n\n<p>La table des mati\u00e8res de cet article est la suivante :<\/p>\n\n\n\n<ul class=\"wp-block-list\">\n<li><a href=\"#regimen\">Examen de l'\u00e9tat civil et du r\u00e9gime des biens (communaut\u00e9 de biens ou s\u00e9paration)<\/a><\/li>\n\n\n\n<li><a href=\"#importar\" data-type=\"internal\" data-id=\"#importar\">Importation et d\u00e9p\u00f4t aupr\u00e8s de l'Agence fiscale, des Conseils provinciaux de Guip\u00fazcoa, de Biscaye et d'\u00c1lava, et de la Tr\u00e9sorerie de Navarre.<\/a>\n<ul class=\"wp-block-list\">\n<li><a href=\"#agencia-tributaria\">Agence des imp\u00f4ts<\/a><\/li>\n\n\n\n<li><a href=\"#diputacion-foral-gipuzkoa\">Conseil provincial de Gipuzkoa<\/a><\/li>\n\n\n\n<li><a href=\"#diputacion-foral-bizkaia\">Conseil provincial de Bizkaia<\/a><\/li>\n\n\n\n<li><a href=\"#diputacion-foral-alava\">Conseil provincial de l'Alava<\/a><\/li>\n\n\n\n<li><a href=\"#hacienda-navarra\">Tr\u00e9sor de Navarre<\/a><\/li>\n<\/ul>\n<\/li>\n\n\n\n<li><a href=\"#cuenta-efectivo\">D\u00e9clarer le compte de tr\u00e9sorerie (DeGiro, IBKR, XTB et Trade Republic)<\/a><\/li>\n<\/ul>\n\n\n\n<h2 class=\"wp-block-heading\" id=\"regimen\"><strong>Statut matrimonial et r\u00e9gime des biens (communaut\u00e9 de biens ou s\u00e9paration)<\/strong><\/h2>\n\n\n\n<p>En cas de mariage en communaut\u00e9 de biens, le conjoint doit remplir le formulaire 720.<\/p>\n\n\n\n<p>Chez Autodeclaro nous offrons la g\u00e9n\u00e9ration du mod\u00e8le 720 pour votre conjoint sans co\u00fbt suppl\u00e9mentaire, il suffit de cocher l'option que vous \u00eates mari\u00e9 en communaut\u00e9 de biens et que vous avez besoin du mod\u00e8le 720 pour votre conjoint. Ceci est indiqu\u00e9 dans le processus d'achat final.<\/p>\n\n\n\n<p>L'obligation de d\u00e9claration du conjoint dans le mod\u00e8le 720 est expliqu\u00e9e dans les questions suivantes <a href=\"https:\/\/sede.agenciatributaria.gob.es\/Sede\/todas-gestiones\/impuestos-tasas\/declaraciones-informativas\/modelo-720-decla_____sobre-bienes-derechos-extranjero_\/preguntas-frecuentes\/titularidad-compartida.html?faqId=19d64ef83ac8f710VgnVCM100000dc381e0aRCRD\" target=\"_blank\" rel=\"noreferrer noopener\">l'utilisation fr\u00e9quente du formulaire 720 de l'AEAT<\/a>. Et la r\u00e9ponse est la suivante :<\/p>\n\n\n\n<p>\u201c<em>Lorsque la propri\u00e9t\u00e9 formelle d'un bien ou d'un droit communautaire appartient \u00e0 l'un des conjoints, les deux conjoints (s'ils entrent dans le champ d'application subjectif de l'obligation) sont tenus de d\u00e9poser la d\u00e9claration.<\/em><\/p>\n\n\n\n<p><em>Le conjoint qui n'est pas le titulaire formel doit se d\u00e9clarer comme b\u00e9n\u00e9ficiaire effectif conform\u00e9ment \u00e0 l'article 4.2 de la loi 10\/2010 du 28 avril 2010 relative \u00e0 la pr\u00e9vention du blanchiment de capitaux et du financement du terrorisme.<\/em>\u201c<\/p>\n\n\n\n<blockquote class=\"wp-block-quote is-layout-flow wp-block-quote-is-layout-flow\">\n<p><strong>Situations que les couples mari\u00e9s peuvent rencontrer<\/strong><\/p>\n<\/blockquote>\n\n\n\n<p><strong>1\/ Mari\u00e9s en s\u00e9paration de biens<\/strong>Chacun pr\u00e9sente et d\u00e9clare son patrimoine ind\u00e9pendamment de ce dont dispose le conjoint.<\/p>\n\n\n\n<p><strong>2\/ Mari\u00e9s en communaut\u00e9 de biens<\/strong>Le conjoint propri\u00e9taire des biens d\u00e9clare au 100% et le conjoint non propri\u00e9taire des biens au 50% comme ci-dessus. Autodeclaro g\u00e9n\u00e8re ce fichier automatiquement dans l'ordre. Mais il peut y avoir deux situations<\/p>\n\n\n\n<p><strong>a\/ Le conjoint unique poss\u00e8de des biens \u00e0 l'\u00e9tranger<\/strong>Le titulaire d\u00e9clare au 100% et le conjoint non titulaire au 50%. <strong>Une seule demande suffit pour informer \u00e0 la fois le titulaire et le non-titulaire.<\/strong>. Dans la commande, vous recevrez un dossier pour chacun d'entre eux, que vous d\u00e9poserez directement aupr\u00e8s de l'administration fiscale en suivant les instructions suivantes <a href=\"#importar\">instructions<\/a><\/p>\n\n\n\n<p><strong>b\/ Les deux conjoints poss\u00e8dent des biens \u00e0 l'\u00e9tranger : <\/strong>Dans ce cas, deux situations se pr\u00e9sentent <\/p>\n\n\n\n<ul class=\"wp-block-list\">\n<li>Le titulaire informe le 100% de ses avoirs et le conjoint non titulaire informe le 50% de ces avoirs. <\/li>\n\n\n\n<li>Et vice versa, l'autre conjoint ayant droit d\u00e9clare ses avoirs \u00e0 100% et le conjoint n'ayant pas droit d\u00e9clare ces m\u00eames avoirs \u00e0 50%.<br><\/li>\n<\/ul>\n\n\n\n<p>Dans ce cas, deux ordonnances seraient n\u00e9cessaires, une pour chaque titulaire avec les biens qu'il poss\u00e8de. Dans l'ordonnance, vous recevrez vos biens \u00e0 100% en propri\u00e9t\u00e9 et 50% en communaut\u00e9 de biens pour le couple.<\/p>\n\n\n\n<p><strong>Proc\u00e9dure de soumission du cas 2b<\/strong> - Les deux conjoints poss\u00e8dent des biens \u00e0 l'\u00e9tranger.<\/p>\n\n\n\n<p>Deux commandes ont \u00e9t\u00e9 pass\u00e9es :<\/p>\n\n\n\n<ul class=\"wp-block-list\">\n<li><strong>Commande du conjoint 1<\/strong>L'extension de fichier 720 est obtenue avec le mod\u00e8le 720 du titulaire (conjoint 1) et \u00e9galement en communaut\u00e9 de biens pour le couple (conjoint 2).<\/li>\n\n\n\n<li><strong>Ordre du conjoint 2<\/strong>Vice versa, l'extension de fichier .720 est obtenue avec le mod\u00e8le 720 du titulaire (\u00e9poux 2) et \u00e9galement en communaut\u00e9 de biens pour le partenaire (\u00e9poux 1).<\/li>\n<\/ul>\n\n\n\n<p>Dans l'exemple, nous sommes <strong>conjoint 1<\/strong><\/p>\n\n\n\n<p><strong>1\/<\/strong> Le fichier re\u00e7u avec l'extension .720 indiquant dans ganancials (de la commande) sera import\u00e9. <strong>conjoint 2<\/strong>) est import\u00e9 (<strong>\u00e9tape 2<\/strong> de la capture) apr\u00e8s avoir rempli la carte d'identit\u00e9 (<strong>\u00e9tape 1<\/strong> de la prise). <a href=\"#agencia-tributaria\">Instructions compl\u00e8tes ici<\/a>. <\/p>\n\n\n\n<p><strong>2\/<\/strong> Remplir les donn\u00e9es personnelles du <strong>conjoint 1<\/strong>  . <\/p>\n\n\n\n<p><strong>3\/<\/strong> Exporter (<strong>\u00e9tape 3<\/strong> de la capture) afin que le fichier .720 WIN soit re\u00e7u dans l'ordre <strong>conjoint 2<\/strong> avoir le DNI et le nom complet du <strong>conjoint 1<\/strong>.<\/p>\n\n\n\n<figure class=\"wp-block-image size-large\"><img decoding=\"async\" width=\"1024\" height=\"453\" src=\"https:\/\/autodeclaro.es\/wp-content\/uploads\/2026\/01\/image-4-1-1024x453.png\" alt=\"\" class=\"wp-image-31160\" srcset=\"https:\/\/autodeclaro.es\/wp-content\/uploads\/2026\/01\/image-4-1-1024x453.png 1024w, https:\/\/autodeclaro.es\/wp-content\/uploads\/2026\/01\/image-4-1-300x133.png 300w, https:\/\/autodeclaro.es\/wp-content\/uploads\/2026\/01\/image-4-1-768x339.png 768w, https:\/\/autodeclaro.es\/wp-content\/uploads\/2026\/01\/image-4-1-18x8.png 18w, https:\/\/autodeclaro.es\/wp-content\/uploads\/2026\/01\/image-4-1-100x44.png 100w, https:\/\/autodeclaro.es\/wp-content\/uploads\/2026\/01\/image-4-1-1000x442.png 1000w, https:\/\/autodeclaro.es\/wp-content\/uploads\/2026\/01\/image-4-1.png 1414w\" sizes=\"(max-width: 1024px) 100vw, 1024px\" \/><\/figure>\n\n\n\n<p><\/p>\n\n\n\n<p>Nous avons maintenant deux fichiers avec l'extension .720<\/p>\n\n\n\n<ul class=\"wp-block-list\">\n<li>Formulaire 720 g\u00e9n\u00e9r\u00e9 lors de l'achat dans la commande pour le <strong>conjoint 1<\/strong><\/li>\n\n\n\n<li>Formulaire 720 en copropri\u00e9t\u00e9 export\u00e9 \u00e0 l'\u00e9tape pr\u00e9c\u00e9dente de la commande <strong>conjoint 2<\/strong> avec les donn\u00e9es personnelles du <strong>conjoint 1<\/strong><\/li>\n<\/ul>\n\n\n\n<p><strong>4\/<\/strong> Importer le premier fichier \u201cModelo 720\" g\u00e9n\u00e9r\u00e9 dans l'ordre de la liste des fichiers. <strong>conjoint 1<\/strong>\u201den suivant les instructions : <strong>Choisir l'option A - supprimer la d\u00e9claration et importer<\/strong>)<\/p>\n\n\n\n<p><strong>5\/<\/strong> Importer le mod\u00e8le 720 de la communaut\u00e9 de biens pr\u00e9par\u00e9 \u00e0 l'\u00e9tape 3 avec le DNI du conjoint 1 et les donn\u00e9es personnelles (<strong>Choisissez l'option B - Ajouter des enregistrements \u00e0 l'enregistrement actuel.<\/strong>)<\/p>\n\n\n<div class=\"wp-block-image\">\n<figure class=\"aligncenter size-full\"><img decoding=\"async\" width=\"408\" height=\"224\" src=\"https:\/\/autodeclaro.es\/wp-content\/uploads\/2026\/01\/image-10.png\" alt=\"\" class=\"wp-image-31161\" srcset=\"https:\/\/autodeclaro.es\/wp-content\/uploads\/2026\/01\/image-10.png 408w, https:\/\/autodeclaro.es\/wp-content\/uploads\/2026\/01\/image-10-300x165.png 300w, https:\/\/autodeclaro.es\/wp-content\/uploads\/2026\/01\/image-10-18x10.png 18w, https:\/\/autodeclaro.es\/wp-content\/uploads\/2026\/01\/image-10-100x55.png 100w\" sizes=\"(max-width: 408px) 100vw, 408px\" \/><\/figure>\n<\/div>\n\n\n<p>Enfin, nous ferons en sorte que tous les actifs soient correctement imput\u00e9s sur votre feuille d'imp\u00f4t 720.<\/p>\n\n\n\n<h2 class=\"wp-block-heading\" id=\"importar\"><strong>Importation et d\u00e9p\u00f4t aupr\u00e8s de l'Agence des imp\u00f4ts - Instructions pour le formulaire 720<\/strong><\/h2>\n\n\n\n<p><a href=\"#agencia-tributaria\">Agence des imp\u00f4ts<\/a><br><a href=\"#diputacion-foral-gipuzkoa\">Conseil provincial de Gipuzkoa<\/a><br><a href=\"#diputacion-foral-bizkaia\">Conseil provincial de Bizkaia<\/a><br><a href=\"#diputacion-foral-alava\">Conseil provincial de l'Alava<\/a><br><a href=\"#hacienda-navarra\">Tr\u00e9sor de Navarre<\/a><\/p>\n\n\n\n<h3 class=\"gb-headline gb-headline-07fba13a gb-headline-text\" id=\"agencia-tributaria\"><strong>Agence des imp\u00f4ts<\/strong><\/h3>\n\n\n\n<h4 class=\"gb-headline gb-headline-308ffe50 gb-headline-text\" id=\"importarAEAT\"><strong>1\/ Importer le fichier .720 dans l'Agence des imp\u00f4ts<\/strong><\/h4>\n\n\n\n<ol style=\"list-style-type:1\" class=\"wp-block-list\">\n<li>Consultez le site web de l'Agence europ\u00e9enne pour la s\u00e9curit\u00e9 et la sant\u00e9 au travail. <a href=\"https:\/\/sede.agenciatributaria.gob.es\/Sede\/procedimientoini\/GI34.shtml\" target=\"_blank\" rel=\"noreferrer noopener\">Mod\u00e8le 720 Agence des imp\u00f4ts<\/a>. <\/li>\n<\/ol>\n\n\n\n<ol start=\"2\" class=\"wp-block-list\">\n<li>Aller \u00e0 l'option \"<strong>Formulaire 720. Exercice fiscal 2025. D\u00e9p\u00f4t (jusqu'\u00e0 40 000 enregistrements)<\/strong>\u201c<\/li>\n<\/ol>\n\n\n<div class=\"wp-block-image\">\n<figure class=\"aligncenter size-full\"><img decoding=\"async\" width=\"690\" height=\"497\" src=\"https:\/\/autodeclaro.es\/wp-content\/uploads\/2026\/01\/image-7.png\" alt=\"\" class=\"wp-image-30904\" srcset=\"https:\/\/autodeclaro.es\/wp-content\/uploads\/2026\/01\/image-7.png 690w, https:\/\/autodeclaro.es\/wp-content\/uploads\/2026\/01\/image-7-300x216.png 300w, https:\/\/autodeclaro.es\/wp-content\/uploads\/2026\/01\/image-7-18x12.png 18w, https:\/\/autodeclaro.es\/wp-content\/uploads\/2026\/01\/image-7-100x72.png 100w\" sizes=\"(max-width: 690px) 100vw, 690px\" \/><\/figure>\n<\/div>\n\n\n<ol start=\"3\" class=\"wp-block-list\">\n<li>Identifiez-vous avec \"Cl@ave Mobile\" (y compris le code PIN Cl@ave) ou avec un certificat ou une carte d'identit\u00e9 \u00e9lectronique.<\/li>\n<\/ol>\n\n\n<div class=\"wp-block-image\">\n<figure class=\"aligncenter size-full is-resized\"><img decoding=\"async\" width=\"702\" height=\"457\" src=\"https:\/\/autodeclaro.es\/wp-content\/uploads\/2024\/03\/image-6.png\" alt=\"\" class=\"wp-image-14004\" style=\"width:533px;height:auto\" srcset=\"https:\/\/autodeclaro.es\/wp-content\/uploads\/2024\/03\/image-6.png 702w, https:\/\/autodeclaro.es\/wp-content\/uploads\/2024\/03\/image-6-300x195.png 300w, https:\/\/autodeclaro.es\/wp-content\/uploads\/2024\/03\/image-6-18x12.png 18w, https:\/\/autodeclaro.es\/wp-content\/uploads\/2024\/03\/image-6-100x65.png 100w\" sizes=\"(max-width: 702px) 100vw, 702px\" \/><\/figure>\n<\/div>\n\n\n<ul class=\"wp-block-list\">\n<li>Pr\u00e9senter le <strong>FNI <\/strong>du d\u00e9clarant, ( <mark style=\"background-color:rgba(0, 0, 0, 0);color:#f10c0c\" class=\"has-inline-color\"><strong>N'IMPORTEZ PAS LE FICHIER .720 \u00c0 CETTE \u00c9TAPE.<\/strong><\/mark>) et cliquez sur <strong>CONTINUER<\/strong>.<\/li>\n<\/ul>\n\n\n<div class=\"wp-block-image\">\n<figure class=\"aligncenter size-full\"><img decoding=\"async\" width=\"553\" height=\"323\" src=\"https:\/\/autodeclaro.es\/wp-content\/uploads\/2026\/03\/image-10.png\" alt=\"\" class=\"wp-image-34706\" srcset=\"https:\/\/autodeclaro.es\/wp-content\/uploads\/2026\/03\/image-10.png 553w, https:\/\/autodeclaro.es\/wp-content\/uploads\/2026\/03\/image-10-300x175.png 300w, https:\/\/autodeclaro.es\/wp-content\/uploads\/2026\/03\/image-10-18x12.png 18w, https:\/\/autodeclaro.es\/wp-content\/uploads\/2026\/03\/image-10-100x58.png 100w\" sizes=\"(max-width: 553px) 100vw, 553px\" \/><\/figure>\n<\/div>\n\n\n<ul class=\"wp-block-list\">\n<li>Si l'erreur appara\u00eet <strong>\u201cLe NIF du fichier ne correspond pas \u00e0 celui qui a \u00e9t\u00e9 saisi.\u201d<\/strong> c'est parce que le fichier est import\u00e9 lors de la premi\u00e8re \u00e9tape, <strong>le fichier .720 doit \u00eatre import\u00e9<\/strong> dans l'\u00e9tape suivante :<\/li>\n<\/ul>\n\n\n<div class=\"wp-block-image\">\n<figure class=\"aligncenter size-full\"><img decoding=\"async\" width=\"346\" height=\"161\" src=\"https:\/\/autodeclaro.es\/wp-content\/uploads\/2026\/03\/image-11.png\" alt=\"\" class=\"wp-image-34709\" srcset=\"https:\/\/autodeclaro.es\/wp-content\/uploads\/2026\/03\/image-11.png 346w, https:\/\/autodeclaro.es\/wp-content\/uploads\/2026\/03\/image-11-300x140.png 300w, https:\/\/autodeclaro.es\/wp-content\/uploads\/2026\/03\/image-11-18x8.png 18w, https:\/\/autodeclaro.es\/wp-content\/uploads\/2026\/03\/image-11-100x47.png 100w\" sizes=\"(max-width: 346px) 100vw, 346px\" \/><\/figure>\n<\/div>\n\n\n<ul class=\"wp-block-list\">\n<li><strong>Importer le fichier Modelo .720<\/strong> le formulaire rempli (que vous avez re\u00e7u par la poste) qui a un format du type \u2018.\u2018<strong>XXXXXXXXXX.720<\/strong>\u2019<\/li>\n<\/ul>\n\n\n<div class=\"wp-block-image\">\n<figure class=\"aligncenter size-large is-resized\"><img decoding=\"async\" width=\"1024\" height=\"445\" src=\"https:\/\/autodeclaro.es\/wp-content\/uploads\/2025\/03\/image-4-1024x445.png\" alt=\"\" class=\"wp-image-22368\" style=\"width:723px;height:auto\" srcset=\"https:\/\/autodeclaro.es\/wp-content\/uploads\/2025\/03\/image-4-1024x445.png 1024w, https:\/\/autodeclaro.es\/wp-content\/uploads\/2025\/03\/image-4-300x130.png 300w, https:\/\/autodeclaro.es\/wp-content\/uploads\/2025\/03\/image-4-768x334.png 768w, https:\/\/autodeclaro.es\/wp-content\/uploads\/2025\/03\/image-4-18x8.png 18w, https:\/\/autodeclaro.es\/wp-content\/uploads\/2025\/03\/image-4-100x43.png 100w, https:\/\/autodeclaro.es\/wp-content\/uploads\/2025\/03\/image-4-1000x435.png 1000w, https:\/\/autodeclaro.es\/wp-content\/uploads\/2025\/03\/image-4.png 1074w\" sizes=\"(max-width: 1024px) 100vw, 1024px\" \/><\/figure>\n<\/div>\n\n\n<ul class=\"wp-block-list\">\n<li>Choisir le <strong>Fichier .720<\/strong><\/li>\n<\/ul>\n\n\n<div class=\"wp-block-image\">\n<figure class=\"aligncenter size-full\"><img decoding=\"async\" width=\"536\" height=\"182\" src=\"https:\/\/autodeclaro.es\/wp-content\/uploads\/2025\/03\/image-5.png\" alt=\"\" class=\"wp-image-22369\" srcset=\"https:\/\/autodeclaro.es\/wp-content\/uploads\/2025\/03\/image-5.png 536w, https:\/\/autodeclaro.es\/wp-content\/uploads\/2025\/03\/image-5-300x102.png 300w, https:\/\/autodeclaro.es\/wp-content\/uploads\/2025\/03\/image-5-18x6.png 18w, https:\/\/autodeclaro.es\/wp-content\/uploads\/2025\/03\/image-5-100x34.png 100w\" sizes=\"(max-width: 536px) 100vw, 536px\" \/><\/figure>\n<\/div>\n\n\n<ul class=\"wp-block-list\">\n<li>Indiquer le <strong>option A<\/strong><\/li>\n<\/ul>\n\n\n<div class=\"wp-block-image\">\n<figure class=\"aligncenter size-full\"><img decoding=\"async\" width=\"601\" height=\"426\" src=\"https:\/\/autodeclaro.es\/wp-content\/uploads\/2025\/03\/image-6.png\" alt=\"\" class=\"wp-image-22370\" srcset=\"https:\/\/autodeclaro.es\/wp-content\/uploads\/2025\/03\/image-6.png 601w, https:\/\/autodeclaro.es\/wp-content\/uploads\/2025\/03\/image-6-300x213.png 300w, https:\/\/autodeclaro.es\/wp-content\/uploads\/2025\/03\/image-6-18x12.png 18w, https:\/\/autodeclaro.es\/wp-content\/uploads\/2025\/03\/image-6-100x71.png 100w\" sizes=\"(max-width: 601px) 100vw, 601px\" \/><\/figure>\n<\/div>\n\n\n<p>Vous verrez alors les informations du fichier import\u00e9 et les erreurs suivantes appara\u00eetront avec une croix rouge. C'est normal, car le fichier .720 import\u00e9 est anonyme et ne contient pas de donn\u00e9es personnelles. Proc\u00e9dez \u00e0 l'indication dans l'ordre suivant :<\/p>\n\n\n\n<ul class=\"wp-block-list\">\n<li><strong>Indiquez vos nom et pr\u00e9nom<\/strong> en \u2018<em>coordonn\u00e9es du d\u00e9clarant<\/em>' y '<em>personne \u00e0 qui s'adresser<\/em>\u2018.<\/li>\n\n\n\n<li><strong>Indiquez votre num\u00e9ro de t\u00e9l\u00e9phone<\/strong> en \u2018<em>Personne \u00e0 contacter<\/em>\u2018.<\/li>\n<\/ul>\n\n\n\n<figure class=\"wp-block-image size-large\"><img decoding=\"async\" width=\"1024\" height=\"448\" src=\"https:\/\/autodeclaro.es\/wp-content\/uploads\/2025\/03\/image-7-1024x448.png\" alt=\"\" class=\"wp-image-22371\" srcset=\"https:\/\/autodeclaro.es\/wp-content\/uploads\/2025\/03\/image-7-1024x448.png 1024w, https:\/\/autodeclaro.es\/wp-content\/uploads\/2025\/03\/image-7-300x131.png 300w, https:\/\/autodeclaro.es\/wp-content\/uploads\/2025\/03\/image-7-768x336.png 768w, https:\/\/autodeclaro.es\/wp-content\/uploads\/2025\/03\/image-7-1536x672.png 1536w, https:\/\/autodeclaro.es\/wp-content\/uploads\/2025\/03\/image-7-18x8.png 18w, https:\/\/autodeclaro.es\/wp-content\/uploads\/2025\/03\/image-7-100x44.png 100w, https:\/\/autodeclaro.es\/wp-content\/uploads\/2025\/03\/image-7-1000x438.png 1000w, https:\/\/autodeclaro.es\/wp-content\/uploads\/2025\/03\/image-7.png 1570w\" sizes=\"(max-width: 1024px) 100vw, 1024px\" \/><\/figure>\n\n\n\n<p><\/p>\n\n\n\n<p><\/p>\n\n\n\n<p><strong>IC\u00d4NE D'AVERTISSEMENT<\/strong> <strong>Remplir si vous connaissez le champ \"TIN\" dans le pays de r\u00e9sidence fiscale\".<\/strong><\/p>\n\n\n\n<p>Il existe \u00e9galement un <strong>Remplir si vous connaissez le champ \"TIN\" dans le pays de r\u00e9sidence fiscale\".<\/strong>. Il s'agit d'un champ facultatif. S'il n'est pas connu, laissez-le vide, il ne s'agit pas d'un champ obligatoire. <\/p>\n\n\n\n<p>L'erreur<strong> Manque de contenu dans le \"code pays\"\".<\/strong> appara\u00eet lorsque nous ne disposons pas de l'adresse fiscale de l'entreprise. Celle-ci doit \u00eatre saisie manuellement et correspond g\u00e9n\u00e9ralement au pays qui poss\u00e8de l'ISIN.<\/p>\n\n\n\n<figure class=\"wp-block-image size-large\"><img decoding=\"async\" width=\"1024\" height=\"205\" src=\"https:\/\/autodeclaro.es\/wp-content\/uploads\/2024\/01\/image-12-1024x205.png\" alt=\"\" class=\"wp-image-12793\" srcset=\"https:\/\/autodeclaro.es\/wp-content\/uploads\/2024\/01\/image-12-1024x205.png 1024w, https:\/\/autodeclaro.es\/wp-content\/uploads\/2024\/01\/image-12-300x60.png 300w, https:\/\/autodeclaro.es\/wp-content\/uploads\/2024\/01\/image-12-768x154.png 768w, https:\/\/autodeclaro.es\/wp-content\/uploads\/2024\/01\/image-12-1536x308.png 1536w, https:\/\/autodeclaro.es\/wp-content\/uploads\/2024\/01\/image-12-18x4.png 18w, https:\/\/autodeclaro.es\/wp-content\/uploads\/2024\/01\/image-12-100x20.png 100w, https:\/\/autodeclaro.es\/wp-content\/uploads\/2024\/01\/image-12-1000x200.png 1000w, https:\/\/autodeclaro.es\/wp-content\/uploads\/2024\/01\/image-12.png 1882w\" sizes=\"(max-width: 1024px) 100vw, 1024px\" \/><\/figure>\n\n\n\n<p><\/p>\n\n\n\n<p>Les registres \u00e0 partir du deuxi\u00e8me feuillet sont ceux qui contiennent les informations indiqu\u00e9es dans les extraits.<\/p>\n\n\n<div class=\"wp-block-image\">\n<figure class=\"aligncenter size-full\"><img decoding=\"async\" width=\"564\" height=\"99\" src=\"https:\/\/autodeclaro.es\/wp-content\/uploads\/2021\/11\/image-12.png\" alt=\"Les registres \u00e0 partir du deuxi\u00e8me feuillet sont ceux qui contiennent les informations indiqu\u00e9es dans les extraits.\" class=\"wp-image-2221\" srcset=\"https:\/\/autodeclaro.es\/wp-content\/uploads\/2021\/11\/image-12.png 564w, https:\/\/autodeclaro.es\/wp-content\/uploads\/2021\/11\/image-12-300x53.png 300w, https:\/\/autodeclaro.es\/wp-content\/uploads\/2021\/11\/image-12-100x18.png 100w\" sizes=\"(max-width: 564px) 100vw, 564px\" \/><\/figure>\n<\/div>\n\n<div class=\"wp-block-image\">\n<figure class=\"aligncenter size-full\"><img decoding=\"async\" width=\"364\" height=\"312\" src=\"https:\/\/autodeclaro.es\/wp-content\/uploads\/2021\/11\/image-13.png\" alt=\"Les registres \u00e0 partir du deuxi\u00e8me feuillet sont ceux qui contiennent les informations indiqu\u00e9es dans les extraits.\" class=\"wp-image-2222\" srcset=\"https:\/\/autodeclaro.es\/wp-content\/uploads\/2021\/11\/image-13.png 364w, https:\/\/autodeclaro.es\/wp-content\/uploads\/2021\/11\/image-13-300x257.png 300w, https:\/\/autodeclaro.es\/wp-content\/uploads\/2021\/11\/image-13-100x86.png 100w\" sizes=\"(max-width: 364px) 100vw, 364px\" \/><\/figure>\n<\/div>\n\n\n<p><strong>Enregistrements de type \"Origine du bien ou du droit\" de type \"C\".<\/strong><\/p>\n\n\n\n<p><mark style=\"background-color:rgba(0, 0, 0, 0);color:#117620\" class=\"has-inline-color\"><strong>Mise \u00e0 jour : 15 janvier 2025.<\/strong> Autodeclaro automatise le remplissage de la valeur et de la date de vente \u00e0 partir des transactions propos\u00e9es par les courtiers. <mark style=\"background-color:rgba(0, 0, 0, 0);color:#117620\" class=\"has-inline-color\"><strong>DeGiro, IBKR et Revolut<\/strong><\/mark> comment nous agissons au service de <a href=\"https:\/\/autodeclaro.es\/fr\/location-dautomobiles\/\" target=\"_blank\" rel=\"noreferrer noopener\">Auto-Renta<\/a>. <\/mark><\/p>\n\n\n\n<p><mark style=\"background-color:rgba(0, 0, 0, 0);color:#117620\" class=\"has-inline-color\">Pour compl\u00e9ter les enregistrements de type C avec la date et le montant de la vente, veuillez consulter les instructions du mod\u00e8le 720 pour obtenir les transactions des courtiers. <strong><a href=\"https:\/\/autodeclaro.es\/fr\/comment-obtenir-des-extraits-dauto-720\/#degiro\">DeG<\/a><a href=\"https:\/\/autodeclaro.es\/fr\/comment-obtenir-des-extraits-dauto-720\/#degiro\" target=\"_blank\" rel=\"noreferrer noopener\">i<\/a><a href=\"https:\/\/autodeclaro.es\/fr\/comment-obtenir-des-extraits-dauto-720\/#degiro\">ro<\/a>, <a href=\"https:\/\/autodeclaro.es\/fr\/comment-obtenir-des-extraits-dauto-720\/#ibkr\" target=\"_blank\" rel=\"noreferrer noopener\">IBKR<\/a> et <a href=\"https:\/\/autodeclaro.es\/fr\/comment-obtenir-des-extraits-dauto-720\/#revolut\" target=\"_blank\" rel=\"noreferrer noopener\">Revolut<\/a><\/strong><\/mark>.<\/p>\n\n\n\n<p>Si vous avez <strong>enregistrements de type \"C<\/strong>, sont des titres \u00e9teints (ils ont \u00e9t\u00e9 d\u00e9clar\u00e9s dans votre pr\u00e9c\u00e9dente d\u00e9claration du mod\u00e8le 720 mais vous ne les d\u00e9tenez plus dans votre portefeuille). La valorisation indiqu\u00e9e par Autodeclaro, lorsque les transactions ne sont pas fournies, est la valeur au 31 d\u00e9cembre de l'ann\u00e9e pr\u00e9c\u00e9dente et la date de vente au 31\/12 de l'ann\u00e9e de l'exercice pour lequel le mod\u00e8le 720 est g\u00e9n\u00e9r\u00e9, de sorte que <strong>si vous connaissez la valeur et la date de la vente, vous pouvez la mettre \u00e0 jour avec la valeur et la date de la vente\/extinction. <\/strong><\/p>\n\n\n\n<p><strong>Remarque :<\/strong> Les ventes au cours de l'ann\u00e9e d'achats effectu\u00e9s au cours de la m\u00eame ann\u00e9e ne sont pas d\u00e9clar\u00e9es sur le formulaire 720.<\/p>\n\n\n\n<p>Vous pouvez rapidement identifier les enregistrements de type C \u00e0 examiner gr\u00e2ce au r\u00e9sum\u00e9 CSV que vous recevez dans l'e-mail de confirmation.<\/p>\n\n\n\n<p><strong>Remarque : <\/strong>si vous utilisez le crowdlending comme <strong>Mintos ou ViaInvest<\/strong> vous pouvez avoir des centaines d'enregistrements de type C. Dans ce cas, la plate-forme indique que la date de cl\u00f4ture de tous ces enregistrements est le 31 d\u00e9cembre de l'ann\u00e9e de d\u00e9claration.<\/p>\n\n\n\n<p>V\u00e9rifiez que les enregistrements de type C comportent l'\u00e9valuation et la date de la vente :<\/p>\n\n\n\n<figure class=\"wp-block-image size-large\"><img decoding=\"async\" width=\"1024\" height=\"421\" src=\"https:\/\/autodeclaro.es\/wp-content\/uploads\/2025\/01\/image-18-1024x421.png\" alt=\"\" class=\"wp-image-20449\" srcset=\"https:\/\/autodeclaro.es\/wp-content\/uploads\/2025\/01\/image-18-1024x421.png 1024w, https:\/\/autodeclaro.es\/wp-content\/uploads\/2025\/01\/image-18-300x123.png 300w, https:\/\/autodeclaro.es\/wp-content\/uploads\/2025\/01\/image-18-768x316.png 768w, https:\/\/autodeclaro.es\/wp-content\/uploads\/2025\/01\/image-18-18x7.png 18w, https:\/\/autodeclaro.es\/wp-content\/uploads\/2025\/01\/image-18-100x41.png 100w, https:\/\/autodeclaro.es\/wp-content\/uploads\/2025\/01\/image-18-1000x411.png 1000w, https:\/\/autodeclaro.es\/wp-content\/uploads\/2025\/01\/image-18.png 1295w\" sizes=\"(max-width: 1024px) 100vw, 1024px\" \/><\/figure>\n\n\n\n<p>Ci-dessous est indiqu\u00e9 en jaune l'endroit o\u00f9 il faut le remplir une fois qu'il a \u00e9t\u00e9 import\u00e9 dans l'application <strong>AEAT<\/strong>:<\/p>\n\n\n\n<ul class=\"wp-block-list\">\n<li><strong>Montant des ventes<\/strong>Dans le champ \"Valorisation 1\" : Dans le champ \"Valorisation 1\" : Dans le champ \"Valorisation 2\n<ul class=\"wp-block-list\">\n<li>Si la vente est effectu\u00e9e dans une devise autre que l'euro, vous pouvez effectuer la conversion en utilisant les taux de change indiqu\u00e9s par l'ic\u00f4ne <a href=\"https:\/\/www.ecb.europa.eu\/stats\/policy_and_exchange_rates\/euro_reference_exchange_rates\/html\/index.en.html\" target=\"_blank\" rel=\"noreferrer noopener\">Banque centrale europ\u00e9enne<\/a> pour le jour de la vente.<\/li>\n<\/ul>\n<\/li>\n\n\n\n<li><strong>Date de la vente<\/strong>Dans le champ \"Date d'expiration\".<\/li>\n<\/ul>\n\n\n<div class=\"wp-block-image\">\n<figure class=\"aligncenter size-large is-resized\"><img decoding=\"async\" width=\"1024\" height=\"364\" src=\"https:\/\/autodeclaro.es\/wp-content\/uploads\/2025\/01\/image-5-1024x364.png\" alt=\"\" class=\"wp-image-20062\" style=\"width:900px;height:auto\" srcset=\"https:\/\/autodeclaro.es\/wp-content\/uploads\/2025\/01\/image-5-1024x364.png 1024w, https:\/\/autodeclaro.es\/wp-content\/uploads\/2025\/01\/image-5-300x107.png 300w, https:\/\/autodeclaro.es\/wp-content\/uploads\/2025\/01\/image-5-768x273.png 768w, https:\/\/autodeclaro.es\/wp-content\/uploads\/2025\/01\/image-5-18x6.png 18w, https:\/\/autodeclaro.es\/wp-content\/uploads\/2025\/01\/image-5-100x36.png 100w, https:\/\/autodeclaro.es\/wp-content\/uploads\/2025\/01\/image-5-1000x356.png 1000w, https:\/\/autodeclaro.es\/wp-content\/uploads\/2025\/01\/image-5.png 1200w\" sizes=\"(max-width: 1024px) 100vw, 1024px\" \/><\/figure>\n<\/div>\n\n\n<p>En outre, ces <strong>les enregistrements de type \"C\" \u00e9tant des valeurs disparues<\/strong>appara\u00eetre <strong>\u00e0 la valeur totale du mod\u00e8le 720<\/strong>. <\/p>\n\n\n\n<p>En d'autres termes <strong>dans la somme de la valeur totale figurant dans le formulaire 720 de l'AEAT, est sup\u00e9rieure \u00e0 sa valeur au 31 d\u00e9cembre, telle qu'indiqu\u00e9e par le courtier.<\/strong><\/p>\n\n\n\n<p>Par exemple, dans l'exemple ci-dessous, il y a un enregistrement de type C pour une valeur de 49.106,13 euros, et il est ajout\u00e9 au total figurant dans le r\u00e9sum\u00e9 de la d\u00e9claration fiscale 720 \u00e0 l'AEAT.<\/p>\n\n\n\n<figure class=\"wp-block-image size-large\"><img decoding=\"async\" width=\"1024\" height=\"391\" src=\"https:\/\/autodeclaro.es\/wp-content\/uploads\/2025\/01\/image-6-1024x391.png\" alt=\"\" class=\"wp-image-20063\" srcset=\"https:\/\/autodeclaro.es\/wp-content\/uploads\/2025\/01\/image-6-1024x391.png 1024w, https:\/\/autodeclaro.es\/wp-content\/uploads\/2025\/01\/image-6-300x114.png 300w, https:\/\/autodeclaro.es\/wp-content\/uploads\/2025\/01\/image-6-768x293.png 768w, https:\/\/autodeclaro.es\/wp-content\/uploads\/2025\/01\/image-6-18x7.png 18w, https:\/\/autodeclaro.es\/wp-content\/uploads\/2025\/01\/image-6-100x38.png 100w, https:\/\/autodeclaro.es\/wp-content\/uploads\/2025\/01\/image-6-1000x381.png 1000w, https:\/\/autodeclaro.es\/wp-content\/uploads\/2025\/01\/image-6.png 1392w\" sizes=\"(max-width: 1024px) 100vw, 1024px\" \/><\/figure>\n\n\n\n<p><\/p>\n\n\n\n<figure class=\"wp-block-image size-large\"><img decoding=\"async\" width=\"1024\" height=\"356\" src=\"https:\/\/autodeclaro.es\/wp-content\/uploads\/2025\/01\/image-7-1024x356.png\" alt=\"\" class=\"wp-image-20064\" srcset=\"https:\/\/autodeclaro.es\/wp-content\/uploads\/2025\/01\/image-7-1024x356.png 1024w, https:\/\/autodeclaro.es\/wp-content\/uploads\/2025\/01\/image-7-300x104.png 300w, https:\/\/autodeclaro.es\/wp-content\/uploads\/2025\/01\/image-7-768x267.png 768w, https:\/\/autodeclaro.es\/wp-content\/uploads\/2025\/01\/image-7-1536x534.png 1536w, https:\/\/autodeclaro.es\/wp-content\/uploads\/2025\/01\/image-7-18x6.png 18w, https:\/\/autodeclaro.es\/wp-content\/uploads\/2025\/01\/image-7-100x35.png 100w, https:\/\/autodeclaro.es\/wp-content\/uploads\/2025\/01\/image-7-1000x348.png 1000w, https:\/\/autodeclaro.es\/wp-content\/uploads\/2025\/01\/image-7.png 1866w\" sizes=\"(max-width: 1024px) 100vw, 1024px\" \/><\/figure>\n\n\n\n<p><strong>Si nous avons des titres qui ont souffert<\/strong> une scission que nous avons d\u00e9clar\u00e9e dans un pr\u00e9c\u00e9dent formulaire 720 et que nous vendons au cours de l'ann\u00e9e suivante, elles appara\u00eetront comme un enregistrement de type \"C\". Vous devrez indiquer le montant et la date de la vente de la soci\u00e9t\u00e9 issue de la scission, qui a \u00e9t\u00e9 d\u00e9clar\u00e9e dans le pr\u00e9c\u00e9dent formulaire 720 que vous avez soumis pour l'ann\u00e9e en cours.<\/p>\n\n\n\n<p><strong>Remarque : <\/strong>Pour conna\u00eetre le jour o\u00f9 l'ISIN qui appara\u00eet dans les registres de type C a cess\u00e9 d'\u00eatre n\u00e9goci\u00e9, voici quelques conseils :<\/p>\n\n\n\n<ul class=\"wp-block-list\">\n<li>Web <a href=\"https:\/\/es.investing.com\/equities\/galaxy-payroll\" target=\"_blank\" rel=\"noreferrer noopener\">https:\/\/es.investing.com\/equities\/galaxy-payroll<\/a> rechercher l'isin. Dans l'exemple, un split est indiqu\u00e9 sur le graphique le 8 septembre 2025, nous pouvons donc savoir comment calculer l'heure du split.<\/li>\n\n\n\n<li>Web <a href=\"https:\/\/es.marketscreener.com\/\" target=\"_blank\" rel=\"noopener\">https:\/\/es.marketscreener.com\/<\/a> pour rechercher l'ISIN et voir le dernier jour et le montant des transactions, par exemple : <a href=\"https:\/\/es.marketscreener.com\/cotizacion\/accion\/DESKTOP-METAL-INC-131564025\/\" target=\"_blank\" rel=\"noopener\">https:\/\/es.marketscreener.com\/ quote\/share\/DESKTOP-METAL-INC-131564025\/<\/a><\/li>\n\n\n\n<li>Web <a href=\"https:\/\/extraetf.com\" target=\"_blank\" rel=\"noopener\">https:\/\/extraetf.com<\/a> pour consulter l'ISIN et voir le dernier jour et le montant des transactions, par exemple : <a href=\"https:\/\/extraetf.com\/es\/stock-profile\/US00165C2035?tab=chart\" target=\"_blank\" rel=\"noopener\">https:\/\/extraetf.com\/es\/stock-profile\/US00165C2035?tab=chart<\/a><\/li>\n\n\n\n<li>Le site web est \u00e9galement valable <strong><a href=\"https:\/\/justetf.com\" target=\"_blank\" rel=\"noopener\">justetf.com<\/a><\/strong> il est souvent int\u00e9ressant de rechercher l'ISIN que vous avez sans le montant et la date, comme dans l'exemple que je montre : <a href=\"https:\/\/www.justetf.com\/en\/stock-profiles\/US09247X1019#chart\" target=\"_blank\" rel=\"noopener\">https:\/\/www.justetf.com\/en\/stock-profiles\/US09247X1019#chart<\/a> La recherche de l'ISIN donne g\u00e9n\u00e9ralement le dernier cours de l'action de l'entreprise et la date \u00e0 laquelle il y a eu une scission ou un changement d'ISIN, ce qui justifie l'enregistrement de type \u201cC\u201d.<\/li>\n<\/ul>\n\n\n\n<p>Enfin, vous pouvez valider le contenu, ajouter des informations suppl\u00e9mentaires ou d\u00e9poser le formulaire 720 aupr\u00e8s de l'administration fiscale en cliquant sur le bouton \"Signer et envoyer\". Poursuivez ensuite dans la fen\u00eatre pop-up pour proc\u00e9der au d\u00e9p\u00f4t.<\/p>\n\n\n<div class=\"wp-block-image\">\n<figure class=\"aligncenter size-large is-resized\"><img decoding=\"async\" width=\"1024\" height=\"488\" src=\"https:\/\/autodeclaro.es\/wp-content\/uploads\/2024\/01\/image-15-1024x488.png\" alt=\"\" class=\"wp-image-12959\" style=\"width:755px;height:auto\" srcset=\"https:\/\/autodeclaro.es\/wp-content\/uploads\/2024\/01\/image-15-1024x488.png 1024w, https:\/\/autodeclaro.es\/wp-content\/uploads\/2024\/01\/image-15-300x143.png 300w, https:\/\/autodeclaro.es\/wp-content\/uploads\/2024\/01\/image-15-768x366.png 768w, https:\/\/autodeclaro.es\/wp-content\/uploads\/2024\/01\/image-15-1536x732.png 1536w, https:\/\/autodeclaro.es\/wp-content\/uploads\/2024\/01\/image-15-18x9.png 18w, https:\/\/autodeclaro.es\/wp-content\/uploads\/2024\/01\/image-15-100x48.png 100w, https:\/\/autodeclaro.es\/wp-content\/uploads\/2024\/01\/image-15-1000x476.png 1000w, https:\/\/autodeclaro.es\/wp-content\/uploads\/2024\/01\/image-15.png 1560w\" sizes=\"(max-width: 1024px) 100vw, 1024px\" \/><\/figure>\n<\/div>\n\n\n<p><\/p>\n\n\n<div class=\"wp-block-image\">\n<figure class=\"aligncenter size-full is-resized\"><img decoding=\"async\" width=\"727\" height=\"458\" src=\"https:\/\/autodeclaro.es\/wp-content\/uploads\/2024\/01\/image-16.png\" alt=\"\" class=\"wp-image-12979\" style=\"width:667px;height:auto\" srcset=\"https:\/\/autodeclaro.es\/wp-content\/uploads\/2024\/01\/image-16.png 727w, https:\/\/autodeclaro.es\/wp-content\/uploads\/2024\/01\/image-16-300x189.png 300w, https:\/\/autodeclaro.es\/wp-content\/uploads\/2024\/01\/image-16-18x12.png 18w, https:\/\/autodeclaro.es\/wp-content\/uploads\/2024\/01\/image-16-100x63.png 100w\" sizes=\"(max-width: 727px) 100vw, 727px\" \/><\/figure>\n<\/div>\n\n\n<h3 class=\"gb-headline gb-headline-dd55a930 gb-headline-text\" id=\"diputacion-foral-gipuzkoa\"><strong>Conseil provincial de Gipuzkoa instructions formulaire 720<\/strong><\/h3>\n\n\n\n<p class=\"gb-headline gb-headline-7a013af6 gb-headline-text\" id=\"diputacion-foral-gipuzkoa\">Une fois que vous avez le fichier Modelo 720 g\u00e9n\u00e9r\u00e9 par Autodeclaro, le DNI qui appara\u00eet dans le fichier est 00000000T. <\/p>\n\n\n\n<p>Une fois import\u00e9 dans \"Zergabidea web\", vous devez g\u00e9n\u00e9rer un duplicata du formulaire 720 et l'ajouter \u00e0 votre d\u00e9clarant que vous avez pr\u00e9alablement cr\u00e9\u00e9 avec votre carte d'identit\u00e9 et vos donn\u00e9es personnelles.<\/p>\n\n\n\n<p>Si vous avez besoin d'aide, n'h\u00e9sitez pas \u00e0 contacter <a href=\"https:\/\/autodeclaro.es\/fr\/contact\/\" target=\"_blank\" rel=\"noreferrer noopener\">contact<\/a>.<\/p>\n\n\n\n<p class=\"gb-headline gb-headline-8d45881e gb-headline-text\" id=\"diputacion-foral-gipuzkoa\">Les \u00e9tapes sont d\u00e9taill\u00e9es ci-dessous.<\/p>\n\n\n\n<ol class=\"wp-block-list\">\n<li>Le formulaire 720 est disponible sur le site web de la Diputaci\u00f3n Foral de Gipuzkoa.\n<ul class=\"wp-block-list\">\n<li><a href=\"https:\/\/www.gipuzkoa.eus\/es\/web\/ogasuna\/impuestos\/modelo\/720\" target=\"_blank\" rel=\"noreferrer noopener\">Formulaire 720<\/a>. <\/li>\n<\/ul>\n<\/li>\n\n\n\n<li>Cliquez sur \"Modalit\u00e9s de pr\u00e9sentation\" et acc\u00e9dez \u00e0 la plateforme web \"Zergabidea\".\n<ul class=\"wp-block-list\">\n<li><a href=\"https:\/\/zergabidea.gipuzkoa.eus\/WAS\/HACI\/HGFZergaBideaWEB\/login?locale=es_ES&amp;modeloParam=720\" target=\"_blank\" rel=\"noreferrer noopener\">Zergabidea web<\/a><\/li>\n<\/ul>\n<\/li>\n<\/ol>\n\n\n\n<figure class=\"wp-block-image size-large\"><img decoding=\"async\" width=\"1024\" height=\"232\" src=\"https:\/\/autodeclaro.es\/wp-content\/uploads\/2021\/12\/image-1-1024x232.png\" alt=\"Allez dans &quot;Modalit\u00e9s de pr\u00e9sentation&quot; et allez sur la plateforme web &#039;Zergabidea&#039;Zergabidea web\" class=\"wp-image-2486\" srcset=\"https:\/\/autodeclaro.es\/wp-content\/uploads\/2021\/12\/image-1-1024x232.png 1024w, https:\/\/autodeclaro.es\/wp-content\/uploads\/2021\/12\/image-1-300x68.png 300w, https:\/\/autodeclaro.es\/wp-content\/uploads\/2021\/12\/image-1-768x174.png 768w, https:\/\/autodeclaro.es\/wp-content\/uploads\/2021\/12\/image-1-1536x348.png 1536w, https:\/\/autodeclaro.es\/wp-content\/uploads\/2021\/12\/image-1-100x23.png 100w, https:\/\/autodeclaro.es\/wp-content\/uploads\/2021\/12\/image-1-1000x227.png 1000w, https:\/\/autodeclaro.es\/wp-content\/uploads\/2021\/12\/image-1.png 1561w\" sizes=\"(max-width: 1024px) 100vw, 1024px\" \/><\/figure>\n\n\n\n<ol start=\"3\" class=\"wp-block-list\">\n<li>Connectez-vous \u00e0 la plateforme avec vos identifiants et allez dans \"IMPORT DATA\" -&gt; \"Declarations\" -&gt; \"From file\".<\/li>\n<\/ol>\n\n\n\n<figure class=\"wp-block-image size-large is-resized\"><img decoding=\"async\" width=\"1024\" height=\"408\" src=\"https:\/\/autodeclaro.es\/wp-content\/uploads\/2021\/12\/image-3-1024x408.png\" alt=\"Connectez-vous \u00e0 la plateforme avec vos identifiants et allez dans &quot;IMPORT DATA&quot; --&gt; &quot;Declarations&quot; --&gt; &quot;From file&quot;.\" class=\"wp-image-2488\" style=\"width:1024px;height:408px\" srcset=\"https:\/\/autodeclaro.es\/wp-content\/uploads\/2021\/12\/image-3-1024x408.png 1024w, https:\/\/autodeclaro.es\/wp-content\/uploads\/2021\/12\/image-3-300x120.png 300w, https:\/\/autodeclaro.es\/wp-content\/uploads\/2021\/12\/image-3-768x306.png 768w, https:\/\/autodeclaro.es\/wp-content\/uploads\/2021\/12\/image-3-100x40.png 100w, https:\/\/autodeclaro.es\/wp-content\/uploads\/2021\/12\/image-3-1000x398.png 1000w, https:\/\/autodeclaro.es\/wp-content\/uploads\/2021\/12\/image-3.png 1413w\" sizes=\"(max-width: 1024px) 100vw, 1024px\" \/><\/figure>\n\n\n<div class=\"wp-block-image\">\n<figure class=\"aligncenter size-full\"><img decoding=\"async\" width=\"896\" height=\"467\" src=\"https:\/\/autodeclaro.es\/wp-content\/uploads\/2021\/12\/image-4.png\" alt=\"Connectez-vous \u00e0 la plateforme avec vos identifiants et allez dans &quot;IMPORT DATA&quot; --&gt; &quot;Declarations&quot; --&gt; &quot;From file&quot;.\" class=\"wp-image-2489\" srcset=\"https:\/\/autodeclaro.es\/wp-content\/uploads\/2021\/12\/image-4.png 896w, https:\/\/autodeclaro.es\/wp-content\/uploads\/2021\/12\/image-4-300x156.png 300w, https:\/\/autodeclaro.es\/wp-content\/uploads\/2021\/12\/image-4-768x400.png 768w, https:\/\/autodeclaro.es\/wp-content\/uploads\/2021\/12\/image-4-100x52.png 100w\" sizes=\"(max-width: 896px) 100vw, 896px\" \/><\/figure>\n<\/div>\n\n\n<ol start=\"4\" class=\"wp-block-list\">\n<li>Dans cette \u00e9tape, vous pouvez maintenant importer le formulaire 720 compl\u00e9t\u00e9 que vous avez obtenu par \"Auto-720\". Vous pouvez l'importer dans l'option <strong>\"S\u00e9lectionnez le fichier que vous souhaitez importer.<\/strong><\/li>\n<\/ol>\n\n\n\n<figure class=\"wp-block-image size-large\"><img decoding=\"async\" width=\"1024\" height=\"544\" src=\"https:\/\/autodeclaro.es\/wp-content\/uploads\/2022\/04\/Captura-de-pantalla-2022-04-07-a-las-13.41.07-1024x544.png\" alt=\"Dans cette \u00e9tape, vous pouvez maintenant importer le formulaire 720 compl\u00e9t\u00e9 que vous avez obtenu par &quot;Auto-720&quot;. Vous pouvez l&#039;importer dans l&#039;option &quot;S\u00e9lectionnez le fichier \u00e0 importer&quot;.\" class=\"wp-image-4130\" srcset=\"https:\/\/autodeclaro.es\/wp-content\/uploads\/2022\/04\/Captura-de-pantalla-2022-04-07-a-las-13.41.07-1024x544.png 1024w, https:\/\/autodeclaro.es\/wp-content\/uploads\/2022\/04\/Captura-de-pantalla-2022-04-07-a-las-13.41.07-300x159.png 300w, https:\/\/autodeclaro.es\/wp-content\/uploads\/2022\/04\/Captura-de-pantalla-2022-04-07-a-las-13.41.07-768x408.png 768w, https:\/\/autodeclaro.es\/wp-content\/uploads\/2022\/04\/Captura-de-pantalla-2022-04-07-a-las-13.41.07-100x53.png 100w, https:\/\/autodeclaro.es\/wp-content\/uploads\/2022\/04\/Captura-de-pantalla-2022-04-07-a-las-13.41.07-1000x531.png 1000w, https:\/\/autodeclaro.es\/wp-content\/uploads\/2022\/04\/Captura-de-pantalla-2022-04-07-a-las-13.41.07.png 1244w\" sizes=\"(max-width: 1024px) 100vw, 1024px\" \/><\/figure>\n\n\n\n<ol start=\"5\" class=\"wp-block-list\">\n<li>Une fois import\u00e9e, vous pouvez s\u00e9lectionner la d\u00e9claration \u00e0 importer dans l'outil Zergabidea et passer \u00e0 l'\u00e9tape suivante.<\/li>\n<\/ol>\n\n\n\n<figure class=\"wp-block-image size-large\"><img decoding=\"async\" width=\"1024\" height=\"633\" src=\"https:\/\/autodeclaro.es\/wp-content\/uploads\/2021\/12\/image-7-1024x633.png\" alt=\"Une fois import\u00e9e, vous pouvez s\u00e9lectionner la d\u00e9claration \u00e0 importer dans l&#039;outil Zergabidea et passer \u00e0 l&#039;\u00e9tape suivante.\" class=\"wp-image-2492\" srcset=\"https:\/\/autodeclaro.es\/wp-content\/uploads\/2021\/12\/image-7-1024x633.png 1024w, https:\/\/autodeclaro.es\/wp-content\/uploads\/2021\/12\/image-7-300x185.png 300w, https:\/\/autodeclaro.es\/wp-content\/uploads\/2021\/12\/image-7-768x475.png 768w, https:\/\/autodeclaro.es\/wp-content\/uploads\/2021\/12\/image-7-100x62.png 100w, https:\/\/autodeclaro.es\/wp-content\/uploads\/2021\/12\/image-7-1000x618.png 1000w, https:\/\/autodeclaro.es\/wp-content\/uploads\/2021\/12\/image-7.png 1419w\" sizes=\"(max-width: 1024px) 100vw, 1024px\" \/><\/figure>\n\n\n\n<ol start=\"6\" class=\"wp-block-list\">\n<li> Vous recevrez ensuite une confirmation de l'importation du mod\u00e8le 720. <\/li>\n<\/ol>\n\n\n\n<figure class=\"wp-block-image size-large\"><img decoding=\"async\" width=\"1024\" height=\"566\" src=\"https:\/\/autodeclaro.es\/wp-content\/uploads\/2021\/12\/image-8-1024x566.png\" alt=\"Vous recevrez ensuite une confirmation de l&#039;importation du mod\u00e8le 720. \" class=\"wp-image-2493\" srcset=\"https:\/\/autodeclaro.es\/wp-content\/uploads\/2021\/12\/image-8-1024x566.png 1024w, https:\/\/autodeclaro.es\/wp-content\/uploads\/2021\/12\/image-8-300x166.png 300w, https:\/\/autodeclaro.es\/wp-content\/uploads\/2021\/12\/image-8-768x425.png 768w, https:\/\/autodeclaro.es\/wp-content\/uploads\/2021\/12\/image-8-100x55.png 100w, https:\/\/autodeclaro.es\/wp-content\/uploads\/2021\/12\/image-8-1000x553.png 1000w, https:\/\/autodeclaro.es\/wp-content\/uploads\/2021\/12\/image-8.png 1410w\" sizes=\"(max-width: 1024px) 100vw, 1024px\" \/><\/figure>\n\n\n\n<ol start=\"7\" class=\"wp-block-list\">\n<li> Enfin, ces donn\u00e9es seront disponibles sous la forme de d\u00e9clarations r\u00e9centes.<\/li>\n<\/ol>\n\n\n\n<figure class=\"wp-block-image size-large\"><img decoding=\"async\" width=\"1024\" height=\"477\" src=\"https:\/\/autodeclaro.es\/wp-content\/uploads\/2022\/04\/Captura-de-pantalla-2022-04-07-a-las-13.29.38-1024x477.png\" alt=\"Enfin, ces donn\u00e9es seront disponibles sous la forme de d\u00e9clarations r\u00e9centes.\" class=\"wp-image-4127\" srcset=\"https:\/\/autodeclaro.es\/wp-content\/uploads\/2022\/04\/Captura-de-pantalla-2022-04-07-a-las-13.29.38-1024x477.png 1024w, https:\/\/autodeclaro.es\/wp-content\/uploads\/2022\/04\/Captura-de-pantalla-2022-04-07-a-las-13.29.38-300x140.png 300w, https:\/\/autodeclaro.es\/wp-content\/uploads\/2022\/04\/Captura-de-pantalla-2022-04-07-a-las-13.29.38-768x357.png 768w, https:\/\/autodeclaro.es\/wp-content\/uploads\/2022\/04\/Captura-de-pantalla-2022-04-07-a-las-13.29.38-100x47.png 100w, https:\/\/autodeclaro.es\/wp-content\/uploads\/2022\/04\/Captura-de-pantalla-2022-04-07-a-las-13.29.38-1000x465.png 1000w, https:\/\/autodeclaro.es\/wp-content\/uploads\/2022\/04\/Captura-de-pantalla-2022-04-07-a-las-13.29.38.png 1244w\" sizes=\"(max-width: 1024px) 100vw, 1024px\" \/><\/figure>\n\n\n\n<ol start=\"8\" class=\"wp-block-list\">\n<li>Une fois l'importation effectu\u00e9e, nous constatons qu'une NIF 00000000T appara\u00eet. Il s'agit d'un NIF g\u00e9n\u00e9rique qui indique Autodeclaro, mais nous pouvons dupliquer ce formulaire 720 pour notre d\u00e9clarant. Pour cela, il faut aller sur l'ic\u00f4ne <strong>\u2018+\u2019<\/strong> puis s\u00e9lectionnez l'option <strong>Duplicata<\/strong>. Une fen\u00eatre similaire \u00e0 celle ci-dessous s'affiche, dans laquelle vous pouvez s\u00e9lectionner votre d\u00e9clarant. Si nous n'avons pas de d\u00e9clarant avec notre DNI, nous devons aller dans le menu sup\u00e9rieur et cr\u00e9er un d\u00e9clarant avec notre DNI et notre nom complet. <\/li>\n<\/ol>\n\n\n\n<figure class=\"wp-block-image size-full\"><img decoding=\"async\" width=\"900\" height=\"222\" src=\"https:\/\/autodeclaro.es\/wp-content\/uploads\/2022\/04\/Captura-de-pantalla-2022-04-07-a-las-13.34.08.png\" alt=\"Une fois l&#039;importation effectu\u00e9e, nous constatons qu&#039;une NIF 00000000T appara\u00eet. Il s&#039;agit d&#039;un formulaire g\u00e9n\u00e9rique qui indique Autodeclaro, mais nous pouvons dupliquer ce formulaire 720 pour notre d\u00e9clarant. Pour ce faire, cliquez sur l&#039;ic\u00f4ne &quot;+&quot; et s\u00e9lectionnez l&#039;option &quot;Dupliquer&quot;. Une fen\u00eatre similaire \u00e0 celle ci-dessous appara\u00eet, s\u00e9lectionnez votre d\u00e9clarant. Si nous n&#039;avons pas de d\u00e9clarant avec notre DNI, nous devons aller dans le menu sup\u00e9rieur et cr\u00e9er un d\u00e9clarant avec notre DNI et notre nom complet. \" class=\"wp-image-4129\" srcset=\"https:\/\/autodeclaro.es\/wp-content\/uploads\/2022\/04\/Captura-de-pantalla-2022-04-07-a-las-13.34.08.png 900w, https:\/\/autodeclaro.es\/wp-content\/uploads\/2022\/04\/Captura-de-pantalla-2022-04-07-a-las-13.34.08-300x74.png 300w, https:\/\/autodeclaro.es\/wp-content\/uploads\/2022\/04\/Captura-de-pantalla-2022-04-07-a-las-13.34.08-768x189.png 768w, https:\/\/autodeclaro.es\/wp-content\/uploads\/2022\/04\/Captura-de-pantalla-2022-04-07-a-las-13.34.08-100x25.png 100w\" sizes=\"(max-width: 900px) 100vw, 900px\" \/><\/figure>\n\n\n\n<ol start=\"8\" class=\"wp-block-list\">\n<li>De plus, si vous allez sur l'ic\u00f4ne <strong>crayon<\/strong>Si vous passez en mode d'\u00e9dition de la d\u00e9claration, vous pourrez voir le contenu qui a \u00e9t\u00e9 finalement import\u00e9.<\/li>\n<\/ol>\n\n\n\n<figure class=\"wp-block-image size-large\"><img decoding=\"async\" width=\"1024\" height=\"676\" src=\"https:\/\/autodeclaro.es\/wp-content\/uploads\/2021\/12\/image-12-1024x676.png\" alt=\"De plus, si vous allez sur l&#039;ic\u00f4ne &quot;crayon&quot;, entrez dans le mode d&#039;\u00e9dition de la d\u00e9claration, vous pourrez voir le contenu qui a finalement \u00e9t\u00e9 import\u00e9.\" class=\"wp-image-2497\" srcset=\"https:\/\/autodeclaro.es\/wp-content\/uploads\/2021\/12\/image-12-1024x676.png 1024w, https:\/\/autodeclaro.es\/wp-content\/uploads\/2021\/12\/image-12-300x198.png 300w, https:\/\/autodeclaro.es\/wp-content\/uploads\/2021\/12\/image-12-768x507.png 768w, https:\/\/autodeclaro.es\/wp-content\/uploads\/2021\/12\/image-12-100x66.png 100w, https:\/\/autodeclaro.es\/wp-content\/uploads\/2021\/12\/image-12-1000x660.png 1000w, https:\/\/autodeclaro.es\/wp-content\/uploads\/2021\/12\/image-12.png 1396w\" sizes=\"(max-width: 1024px) 100vw, 1024px\" \/><\/figure>\n\n\n\n<figure class=\"wp-block-image size-large\"><img decoding=\"async\" width=\"1024\" height=\"629\" src=\"https:\/\/autodeclaro.es\/wp-content\/uploads\/2021\/12\/image-11-1024x629.png\" alt=\"De plus, si vous allez sur l&#039;ic\u00f4ne &quot;crayon&quot;, entrez dans le mode d&#039;\u00e9dition de la d\u00e9claration, vous pourrez voir le contenu qui a finalement \u00e9t\u00e9 import\u00e9.\" class=\"wp-image-2496\" srcset=\"https:\/\/autodeclaro.es\/wp-content\/uploads\/2021\/12\/image-11-1024x629.png 1024w, https:\/\/autodeclaro.es\/wp-content\/uploads\/2021\/12\/image-11-300x184.png 300w, https:\/\/autodeclaro.es\/wp-content\/uploads\/2021\/12\/image-11-768x472.png 768w, https:\/\/autodeclaro.es\/wp-content\/uploads\/2021\/12\/image-11-100x61.png 100w, https:\/\/autodeclaro.es\/wp-content\/uploads\/2021\/12\/image-11-1000x614.png 1000w, https:\/\/autodeclaro.es\/wp-content\/uploads\/2021\/12\/image-11.png 1404w\" sizes=\"(max-width: 1024px) 100vw, 1024px\" \/><\/figure>\n\n\n\n<p><\/p>\n\n\n\n<p><strong>Enregistrements de type \"Origine du bien ou du droit\" de type \"C\".<\/strong><\/p>\n\n\n\n<p>Si vous avez des enregistrements de type \"C\", il s'agit de titres \u00e9teints (ils ont \u00e9t\u00e9 d\u00e9clar\u00e9s dans votre pr\u00e9c\u00e9dente d\u00e9claration Mod\u00e8le 720 mais vous ne les d\u00e9tenez plus en portefeuille). La valorisation indiqu\u00e9e par Autodeclaro est celle que vous aviez dans votre pr\u00e9c\u00e9dente d\u00e9claration Mod\u00e8le 720, il conviendrait donc de la mettre \u00e0 jour avec la valeur de vente du titre en question ce jour-l\u00e0. <\/p>\n\n\n\n<p>Les fichiers CSV ne contiennent pas la date de la vente ni sa valeur, il n'est donc pas possible de les remplir automatiquement.<\/p>\n\n\n\n<p>En outre, ces <strong>les enregistrements de type \"C\" \u00e9tant des valeurs disparues<\/strong>appara\u00eetre <strong>\u00e0 la valeur totale du mod\u00e8le 720<\/strong>. C'est pourquoi <strong>il est possible que la somme de la valeur totale qui appara\u00eet dans le formulaire 720 soit sup\u00e9rieure \u00e0 sa valeur au 31 d\u00e9cembre, telle qu'indiqu\u00e9e par le courtier.<\/strong><\/p>\n\n\n\n<h3 class=\"gb-headline gb-headline-b559a96d gb-headline-text\" id=\"diputacion-foral-bizkaia\"><strong>Conseil provincial de Bizkaia<\/strong> <\/h3>\n\n\n\n<p>La page d'information sur le formulaire 720 en Biscaye est la suivante : <a href=\"https:\/\/www.bizkaia.eus\/ogasuna\/guregida\/fitxabisorea.asp?Tem_Codigo=7884&amp;Idioma=CA&amp;IdPublicoMostrar=1267\" target=\"_blank\" rel=\"noopener\">https:\/\/www.bizkaia.eus\/ogasuna\/guregida\/fitxabisorea.asp?Tem_Codigo=7884&amp;Idioma=CA&amp;IdPublicoMostrar=1267<\/a><\/p>\n\n\n\n<p>Toutefois, le formulaire 720 peut \u00eatre rempli \u00e0 l'aide du programme\/logiciel appel\u00e9 Bila. Vous pouvez le t\u00e9l\u00e9charger \u00e0 l'adresse suivante <a href=\"https:\/\/www.bizkaia.eus\/Ogasuna\/software\/descargar_instalar.asp?Idioma=CA&amp;Tem_Codigo=10260&amp;dpto_biz=5\" target=\"_blank\" rel=\"noreferrer noopener\">https:\/\/www.bizkaia.eus\/Ogasuna\/software\/descargar_instalar.asp?Idioma=CA&amp;Tem_Codigo=10260&amp;dpto_biz=5<\/a><\/p>\n\n\n\n<p><strong>Remarque :<\/strong> Si BILA a d\u00e9j\u00e0 \u00e9t\u00e9 install\u00e9, il se peut que vous obteniez un message d'erreur <strong>\"Il est n\u00e9cessaire de mettre \u00e0 jour la plateforme en tant que mod\u00e8le pour pouvoir mettre en \u0153uvre l'action.<\/strong><\/p>\n\n\n<div class=\"wp-block-image\">\n<figure class=\"aligncenter size-full\"><img decoding=\"async\" width=\"788\" height=\"422\" src=\"https:\/\/autodeclaro.es\/wp-content\/uploads\/2023\/01\/error_BILA.png\" alt=\"Note : Si BILA a d\u00e9j\u00e0 \u00e9t\u00e9 install\u00e9 auparavant, vous pouvez obtenir une erreur &quot;Vous devez mettre \u00e0 jour la plateforme en tant que mod\u00e8le pour pouvoir ex\u00e9cuter l&#039;action&quot;.\" class=\"wp-image-7023\" srcset=\"https:\/\/autodeclaro.es\/wp-content\/uploads\/2023\/01\/error_BILA.png 788w, https:\/\/autodeclaro.es\/wp-content\/uploads\/2023\/01\/error_BILA-300x161.png 300w, https:\/\/autodeclaro.es\/wp-content\/uploads\/2023\/01\/error_BILA-768x411.png 768w, https:\/\/autodeclaro.es\/wp-content\/uploads\/2023\/01\/error_BILA-100x54.png 100w\" sizes=\"(max-width: 788px) 100vw, 788px\" \/><\/figure>\n<\/div>\n\n\n<p>Le programme BILA doit donc \u00eatre mis \u00e0 jour. Rendez-vous sur le site <strong>\"outils\"<\/strong> ou le texte rouge de <strong>\"Mises \u00e0 jour critiques\".<\/strong><\/p>\n\n\n\n<figure class=\"wp-block-image size-large\"><img decoding=\"async\" width=\"1024\" height=\"270\" src=\"https:\/\/autodeclaro.es\/wp-content\/uploads\/2023\/01\/actualizar_BILA-1024x270.png\" alt=\"Vous devez donc mettre \u00e0 jour le programme BILA. Allez sur l&#039;ic\u00f4ne &quot;outils&quot; ou sur le texte rouge &quot;Mises \u00e0 jour critiques&quot;.\" class=\"wp-image-7024\" srcset=\"https:\/\/autodeclaro.es\/wp-content\/uploads\/2023\/01\/actualizar_BILA-1024x270.png 1024w, https:\/\/autodeclaro.es\/wp-content\/uploads\/2023\/01\/actualizar_BILA-300x79.png 300w, https:\/\/autodeclaro.es\/wp-content\/uploads\/2023\/01\/actualizar_BILA-768x203.png 768w, https:\/\/autodeclaro.es\/wp-content\/uploads\/2023\/01\/actualizar_BILA-100x26.png 100w, https:\/\/autodeclaro.es\/wp-content\/uploads\/2023\/01\/actualizar_BILA-1000x264.png 1000w, https:\/\/autodeclaro.es\/wp-content\/uploads\/2023\/01\/actualizar_BILA.png 1278w\" sizes=\"(max-width: 1024px) 100vw, 1024px\" \/><\/figure>\n\n\n\n<p>Une fois que les mises \u00e0 jour en attente apparaissent, s\u00e9lectionnez et cliquez sur le bouton <strong>\"Installation \/ mise \u00e0 niveau\".<\/strong><\/p>\n\n\n\n<figure class=\"wp-block-image size-large\"><img decoding=\"async\" width=\"1024\" height=\"611\" src=\"https:\/\/autodeclaro.es\/wp-content\/uploads\/2024\/01\/Captura-de-pantalla-2024-01-22-a-las-11.27.27-1024x611.png\" alt=\"\" class=\"wp-image-13069\" srcset=\"https:\/\/autodeclaro.es\/wp-content\/uploads\/2024\/01\/Captura-de-pantalla-2024-01-22-a-las-11.27.27-1024x611.png 1024w, https:\/\/autodeclaro.es\/wp-content\/uploads\/2024\/01\/Captura-de-pantalla-2024-01-22-a-las-11.27.27-300x179.png 300w, https:\/\/autodeclaro.es\/wp-content\/uploads\/2024\/01\/Captura-de-pantalla-2024-01-22-a-las-11.27.27-768x459.png 768w, https:\/\/autodeclaro.es\/wp-content\/uploads\/2024\/01\/Captura-de-pantalla-2024-01-22-a-las-11.27.27-18x12.png 18w, https:\/\/autodeclaro.es\/wp-content\/uploads\/2024\/01\/Captura-de-pantalla-2024-01-22-a-las-11.27.27-100x60.png 100w, https:\/\/autodeclaro.es\/wp-content\/uploads\/2024\/01\/Captura-de-pantalla-2024-01-22-a-las-11.27.27-1000x597.png 1000w, https:\/\/autodeclaro.es\/wp-content\/uploads\/2024\/01\/Captura-de-pantalla-2024-01-22-a-las-11.27.27.png 1278w\" sizes=\"(max-width: 1024px) 100vw, 1024px\" \/><\/figure>\n\n\n\n<p>Dans le cas o\u00f9<strong> le Modelo 720 n'appara\u00eet pas<\/strong> install\u00e9, vous devez vous rendre sur le site <strong>onglet <\/strong>de <strong>\u201cPas install\u00e9\u201d<\/strong> et rechercher le mod\u00e8le 720<\/p>\n\n\n\n<figure class=\"wp-block-image size-full\"><img decoding=\"async\" width=\"958\" height=\"336\" src=\"https:\/\/autodeclaro.es\/wp-content\/uploads\/2026\/01\/image-23.png\" alt=\"\" class=\"wp-image-31456\" srcset=\"https:\/\/autodeclaro.es\/wp-content\/uploads\/2026\/01\/image-23.png 958w, https:\/\/autodeclaro.es\/wp-content\/uploads\/2026\/01\/image-23-300x105.png 300w, https:\/\/autodeclaro.es\/wp-content\/uploads\/2026\/01\/image-23-768x269.png 768w, https:\/\/autodeclaro.es\/wp-content\/uploads\/2026\/01\/image-23-18x6.png 18w, https:\/\/autodeclaro.es\/wp-content\/uploads\/2026\/01\/image-23-100x35.png 100w\" sizes=\"(max-width: 958px) 100vw, 958px\" \/><\/figure>\n\n\n\n<p><\/p>\n\n\n\n<p>Pour importer le fichier du formulaire 720 qui a \u00e9t\u00e9 compl\u00e9t\u00e9 dans Autodeclaro, suivez les \u00e9tapes ci-dessous :<\/p>\n\n\n\n<p><strong>1\/<\/strong> Une fois install\u00e9, ouvrez le programme BILA et une fois qu'il est ouvert, allez dans le menu <strong>\"Utilitaires\"<\/strong> -&gt; <strong>\"Importer des fichiers au format officiel\".<\/strong><\/p>\n\n\n\n<figure class=\"wp-block-image size-large\"><img decoding=\"async\" width=\"1024\" height=\"408\" src=\"https:\/\/autodeclaro.es\/wp-content\/uploads\/2022\/02\/Captura-de-pantalla-2022-02-12-a-las-18.11.03-1024x408.png\" alt=\"Une fois install\u00e9, ouvrez le programme BILA et une fois ouvert, allez dans le menu &quot;Utilitaires&quot; -&gt; &quot;Importer des fichiers au format officiel&quot;.\" class=\"wp-image-3200\" srcset=\"https:\/\/autodeclaro.es\/wp-content\/uploads\/2022\/02\/Captura-de-pantalla-2022-02-12-a-las-18.11.03-1024x408.png 1024w, https:\/\/autodeclaro.es\/wp-content\/uploads\/2022\/02\/Captura-de-pantalla-2022-02-12-a-las-18.11.03-300x120.png 300w, https:\/\/autodeclaro.es\/wp-content\/uploads\/2022\/02\/Captura-de-pantalla-2022-02-12-a-las-18.11.03-768x306.png 768w, https:\/\/autodeclaro.es\/wp-content\/uploads\/2022\/02\/Captura-de-pantalla-2022-02-12-a-las-18.11.03-100x40.png 100w, https:\/\/autodeclaro.es\/wp-content\/uploads\/2022\/02\/Captura-de-pantalla-2022-02-12-a-las-18.11.03-1000x399.png 1000w, https:\/\/autodeclaro.es\/wp-content\/uploads\/2022\/02\/Captura-de-pantalla-2022-02-12-a-las-18.11.03.png 1038w\" sizes=\"(max-width: 1024px) 100vw, 1024px\" \/><\/figure>\n\n\n\n<p><\/p>\n\n\n\n<p><strong>2\/<\/strong> S\u00e9lectionnez l'option <strong>Fichier .720 <\/strong>que vous avez obtenu par Autodeclaro, et indiquez l'exercice financier que vous souhaitez d\u00e9poser.  Cliquez sur <strong>\"Suivant\"<\/strong>.<\/p>\n\n\n\n<figure class=\"wp-block-image size-full\"><img decoding=\"async\" width=\"778\" height=\"279\" src=\"https:\/\/autodeclaro.es\/wp-content\/uploads\/2024\/01\/Captura-de-pantalla-2024-01-22-a-las-15.35.03.png\" alt=\"\" class=\"wp-image-13070\" srcset=\"https:\/\/autodeclaro.es\/wp-content\/uploads\/2024\/01\/Captura-de-pantalla-2024-01-22-a-las-15.35.03.png 778w, https:\/\/autodeclaro.es\/wp-content\/uploads\/2024\/01\/Captura-de-pantalla-2024-01-22-a-las-15.35.03-300x108.png 300w, https:\/\/autodeclaro.es\/wp-content\/uploads\/2024\/01\/Captura-de-pantalla-2024-01-22-a-las-15.35.03-768x275.png 768w, https:\/\/autodeclaro.es\/wp-content\/uploads\/2024\/01\/Captura-de-pantalla-2024-01-22-a-las-15.35.03-18x6.png 18w, https:\/\/autodeclaro.es\/wp-content\/uploads\/2024\/01\/Captura-de-pantalla-2024-01-22-a-las-15.35.03-100x36.png 100w\" sizes=\"(max-width: 778px) 100vw, 778px\" \/><\/figure>\n\n\n\n<p><strong>3\/ <\/strong>Le r\u00e9sultat de l'importation s'affiche. <\/p>\n\n\n\n<p><strong>Remarque : <\/strong>L'erreur d\u00e9tect\u00e9e est due au fait que le d\u00e9clarant n'a pas d'adresse \u00e9lectronique. Nous verrons plus loin comment l'indiquer. <\/p>\n\n\n\n<figure class=\"wp-block-image size-full\"><img decoding=\"async\" width=\"1025\" height=\"722\" src=\"https:\/\/autodeclaro.es\/wp-content\/uploads\/2022\/02\/Captura-de-pantalla-2022-02-12-a-las-18.13.43.png\" alt=\"Note : L&#039;erreur d\u00e9tect\u00e9e est due au fait que le d\u00e9clarant n&#039;a pas d&#039;adresse e-mail. Nous verrons plus loin comment l&#039;indiquer. \" class=\"wp-image-3202\" srcset=\"https:\/\/autodeclaro.es\/wp-content\/uploads\/2022\/02\/Captura-de-pantalla-2022-02-12-a-las-18.13.43.png 1025w, https:\/\/autodeclaro.es\/wp-content\/uploads\/2022\/02\/Captura-de-pantalla-2022-02-12-a-las-18.13.43-300x211.png 300w, https:\/\/autodeclaro.es\/wp-content\/uploads\/2022\/02\/Captura-de-pantalla-2022-02-12-a-las-18.13.43-768x541.png 768w, https:\/\/autodeclaro.es\/wp-content\/uploads\/2022\/02\/Captura-de-pantalla-2022-02-12-a-las-18.13.43-100x70.png 100w, https:\/\/autodeclaro.es\/wp-content\/uploads\/2022\/02\/Captura-de-pantalla-2022-02-12-a-las-18.13.43-1000x704.png 1000w\" sizes=\"(max-width: 1025px) 100vw, 1025px\" \/><\/figure>\n\n\n\n<p><strong>4\/<\/strong> Accepter sur l'\u00e9cran suivant<\/p>\n\n\n\n<figure class=\"wp-block-image size-full\"><img decoding=\"async\" width=\"601\" height=\"220\" src=\"https:\/\/autodeclaro.es\/wp-content\/uploads\/2022\/02\/Captura-de-pantalla-2022-02-12-a-las-18.14.45.png\" alt=\"Accepter sur l&#039;\u00e9cran suivant\" class=\"wp-image-3203\" srcset=\"https:\/\/autodeclaro.es\/wp-content\/uploads\/2022\/02\/Captura-de-pantalla-2022-02-12-a-las-18.14.45.png 601w, https:\/\/autodeclaro.es\/wp-content\/uploads\/2022\/02\/Captura-de-pantalla-2022-02-12-a-las-18.14.45-300x110.png 300w, https:\/\/autodeclaro.es\/wp-content\/uploads\/2022\/02\/Captura-de-pantalla-2022-02-12-a-las-18.14.45-100x37.png 100w\" sizes=\"(max-width: 601px) 100vw, 601px\" \/><\/figure>\n\n\n\n<p><strong>5\/<\/strong> Allez dans la section \"Gestion des d\u00e9clarations\" -&gt; \"D\u00e9clarants\".<\/p>\n\n\n\n<figure class=\"wp-block-image size-full\"><img decoding=\"async\" width=\"1003\" height=\"424\" src=\"https:\/\/autodeclaro.es\/wp-content\/uploads\/2022\/02\/Captura-de-pantalla-2022-02-12-a-las-18.15.20.png\" alt=\"Allez \u00e0 la section &quot;Gestion des d\u00e9clarations&quot; --&gt; &quot;D\u00e9clarants&quot;.\" class=\"wp-image-3204\" srcset=\"https:\/\/autodeclaro.es\/wp-content\/uploads\/2022\/02\/Captura-de-pantalla-2022-02-12-a-las-18.15.20.png 1003w, https:\/\/autodeclaro.es\/wp-content\/uploads\/2022\/02\/Captura-de-pantalla-2022-02-12-a-las-18.15.20-300x127.png 300w, https:\/\/autodeclaro.es\/wp-content\/uploads\/2022\/02\/Captura-de-pantalla-2022-02-12-a-las-18.15.20-768x325.png 768w, https:\/\/autodeclaro.es\/wp-content\/uploads\/2022\/02\/Captura-de-pantalla-2022-02-12-a-las-18.15.20-100x42.png 100w, https:\/\/autodeclaro.es\/wp-content\/uploads\/2022\/02\/Captura-de-pantalla-2022-02-12-a-las-18.15.20-1000x423.png 1000w\" sizes=\"(max-width: 1003px) 100vw, 1003px\" \/><\/figure>\n\n\n\n<p><\/p>\n\n\n\n<p><strong>6\/<\/strong> Ici, vous pouvez modifier le NIF. Par d\u00e9faut, le fichier g\u00e9n\u00e9r\u00e9 par Autodeclaro a le NIF 00000000T. <\/p>\n\n\n\n<ul class=\"wp-block-list\">\n<li>Cliquez sur le bouton ci-dessous <strong>\u201cModifier le FNI\u201d.\u201d<\/strong>.<\/li>\n<\/ul>\n\n\n\n<p><strong>Remarque : <\/strong>Si le NIF que vous allez saisir est d\u00e9j\u00e0 dans la base de donn\u00e9es, l'application ne vous permettra pas de le saisir. <strong><a href=\"#existeDNI\">Aller \u00e0 l'\u00e9tape 13<\/a><\/strong><\/p>\n\n\n\n<figure class=\"wp-block-image size-large\"><img decoding=\"async\" width=\"1024\" height=\"735\" src=\"https:\/\/autodeclaro.es\/wp-content\/uploads\/2022\/02\/Captura-de-pantalla-2022-02-12-a-las-18.15.49-1024x735.png\" alt=\"Remarque : si le NIF que vous \u00eates sur le point d&#039;introduire est d\u00e9j\u00e0 dans la base de donn\u00e9es, l&#039;application ne vous permettra pas de l&#039;introduire. Passez \u00e0 l&#039;\u00e9tape 13\" class=\"wp-image-3205\" srcset=\"https:\/\/autodeclaro.es\/wp-content\/uploads\/2022\/02\/Captura-de-pantalla-2022-02-12-a-las-18.15.49-1024x735.png 1024w, https:\/\/autodeclaro.es\/wp-content\/uploads\/2022\/02\/Captura-de-pantalla-2022-02-12-a-las-18.15.49-300x215.png 300w, https:\/\/autodeclaro.es\/wp-content\/uploads\/2022\/02\/Captura-de-pantalla-2022-02-12-a-las-18.15.49-768x551.png 768w, https:\/\/autodeclaro.es\/wp-content\/uploads\/2022\/02\/Captura-de-pantalla-2022-02-12-a-las-18.15.49-100x72.png 100w, https:\/\/autodeclaro.es\/wp-content\/uploads\/2022\/02\/Captura-de-pantalla-2022-02-12-a-las-18.15.49-1000x717.png 1000w, https:\/\/autodeclaro.es\/wp-content\/uploads\/2022\/02\/Captura-de-pantalla-2022-02-12-a-las-18.15.49.png 1030w\" sizes=\"(max-width: 1024px) 100vw, 1024px\" \/><\/figure>\n\n\n\n<p><strong>7\/<\/strong> J'ai remplac\u00e9 le FNI par le v\u00f4tre et j'ai cliqu\u00e9 sur \"Accepter\".<\/p>\n\n\n\n<figure class=\"wp-block-image size-full\"><img decoding=\"async\" width=\"496\" height=\"204\" src=\"https:\/\/autodeclaro.es\/wp-content\/uploads\/2022\/02\/Captura-de-pantalla-2022-02-12-a-las-18.16.32.png\" alt=\"J&#039;ai remplac\u00e9 le FNI par le v\u00f4tre et j&#039;ai cliqu\u00e9 sur &quot;Accepter&quot;.\" class=\"wp-image-3206\" srcset=\"https:\/\/autodeclaro.es\/wp-content\/uploads\/2022\/02\/Captura-de-pantalla-2022-02-12-a-las-18.16.32.png 496w, https:\/\/autodeclaro.es\/wp-content\/uploads\/2022\/02\/Captura-de-pantalla-2022-02-12-a-las-18.16.32-300x123.png 300w, https:\/\/autodeclaro.es\/wp-content\/uploads\/2022\/02\/Captura-de-pantalla-2022-02-12-a-las-18.16.32-100x41.png 100w\" sizes=\"(max-width: 496px) 100vw, 496px\" \/><\/figure>\n\n\n\n<p><\/p>\n\n\n\n<p><strong>NIF\/DNI n'existe pas dans la liste des d\u00e9clarants de la base de donn\u00e9es du programme Bila.<\/strong><\/p>\n\n\n\n<p><strong>8\/<\/strong> En double-cliquant sur les d\u00e9tails du d\u00e9clarant, vous pouvez modifier tous les d\u00e9tails du d\u00e9clarant. Vous devez ajouter l'adresse \u00e9lectronique et la d\u00e9finir comme adresse par d\u00e9faut. Cliquez sur \"Accepter\".<\/p>\n\n\n\n<figure class=\"wp-block-image size-full\"><img decoding=\"async\" width=\"1010\" height=\"457\" src=\"https:\/\/autodeclaro.es\/wp-content\/uploads\/2022\/02\/Captura-de-pantalla-2022-02-12-a-las-18.17.45.png\" alt=\"En double-cliquant sur les d\u00e9tails du d\u00e9clarant, vous pouvez modifier tous les d\u00e9tails du d\u00e9clarant. Vous devez ajouter l&#039;adresse \u00e9lectronique et la d\u00e9finir comme adresse par d\u00e9faut. Cliquez sur &quot;Accepter&quot;.\" class=\"wp-image-3207\" srcset=\"https:\/\/autodeclaro.es\/wp-content\/uploads\/2022\/02\/Captura-de-pantalla-2022-02-12-a-las-18.17.45.png 1010w, https:\/\/autodeclaro.es\/wp-content\/uploads\/2022\/02\/Captura-de-pantalla-2022-02-12-a-las-18.17.45-300x136.png 300w, https:\/\/autodeclaro.es\/wp-content\/uploads\/2022\/02\/Captura-de-pantalla-2022-02-12-a-las-18.17.45-768x348.png 768w, https:\/\/autodeclaro.es\/wp-content\/uploads\/2022\/02\/Captura-de-pantalla-2022-02-12-a-las-18.17.45-100x45.png 100w, https:\/\/autodeclaro.es\/wp-content\/uploads\/2022\/02\/Captura-de-pantalla-2022-02-12-a-las-18.17.45-1000x452.png 1000w\" sizes=\"(max-width: 1010px) 100vw, 1010px\" \/><\/figure>\n\n\n\n<p><strong>9\/ <\/strong>Pour visualiser la d\u00e9claration import\u00e9e, allez \u00e0 l'\u00e9cran <strong>\"Liste des d\u00e9clarants\" -&gt; \"Liste des d\u00e9clarations\".<\/strong> (Lorsque vous \u00eates dans la \"Liste des d\u00e9clarants\", vous verrez l'ic\u00f4ne \"D\u00e9clarations\" en bas \u00e0 droite. <\/p>\n\n\n\n<p>Lorsque l'image ci-dessous appara\u00eet, vous pouvez voir ce qui a \u00e9t\u00e9 import\u00e9 en double-cliquant sur la d\u00e9claration dans le tableau ci-dessous. <\/p>\n\n\n\n<p>Si vous souhaitez le soumettre, l'ic\u00f4ne de la date de soumission se trouve au bas de l'\u00e9cran.<\/p>\n\n\n\n<figure class=\"wp-block-image size-large\"><img decoding=\"async\" width=\"1024\" height=\"351\" src=\"https:\/\/autodeclaro.es\/wp-content\/uploads\/2022\/02\/Captura-de-pantalla-2022-02-12-a-las-18.18.45-1024x351.png\" alt=\"Si vous souhaitez le soumettre, l&#039;ic\u00f4ne de la date de soumission se trouve au bas de l&#039;\u00e9cran.\" class=\"wp-image-3208\" srcset=\"https:\/\/autodeclaro.es\/wp-content\/uploads\/2022\/02\/Captura-de-pantalla-2022-02-12-a-las-18.18.45-1024x351.png 1024w, https:\/\/autodeclaro.es\/wp-content\/uploads\/2022\/02\/Captura-de-pantalla-2022-02-12-a-las-18.18.45-300x103.png 300w, https:\/\/autodeclaro.es\/wp-content\/uploads\/2022\/02\/Captura-de-pantalla-2022-02-12-a-las-18.18.45-768x263.png 768w, https:\/\/autodeclaro.es\/wp-content\/uploads\/2022\/02\/Captura-de-pantalla-2022-02-12-a-las-18.18.45-100x34.png 100w, https:\/\/autodeclaro.es\/wp-content\/uploads\/2022\/02\/Captura-de-pantalla-2022-02-12-a-las-18.18.45-1000x342.png 1000w, https:\/\/autodeclaro.es\/wp-content\/uploads\/2022\/02\/Captura-de-pantalla-2022-02-12-a-las-18.18.45.png 1037w\" sizes=\"(max-width: 1024px) 100vw, 1024px\" \/><\/figure>\n\n\n\n<p><\/p>\n\n\n\n<p><strong>10\/<\/strong> Une fois que vous avez double-cliqu\u00e9 sur le tableau ci-dessus, vous pouvez voir le r\u00e9sum\u00e9, et si vous allez sur l'ic\u00f4ne \"crayon\", vous pouvez entrer pour voir tous les actifs et les droits. <\/p>\n\n\n\n<p>Si, en revanche, vous souhaitez le soumettre, vous disposez de l'ic\u00f4ne avec la fl\u00e8che \"Soumettre\". <\/p>\n\n\n\n<figure class=\"wp-block-image size-large\"><img decoding=\"async\" width=\"1024\" height=\"416\" src=\"https:\/\/autodeclaro.es\/wp-content\/uploads\/2022\/02\/Captura-de-pantalla-2022-02-12-a-las-18.18.57-1024x416.png\" alt=\"Si, en revanche, vous souhaitez le soumettre, vous disposez de l&#039;ic\u00f4ne avec la fl\u00e8che &quot;Soumettre&quot;. \" class=\"wp-image-3209\" srcset=\"https:\/\/autodeclaro.es\/wp-content\/uploads\/2022\/02\/Captura-de-pantalla-2022-02-12-a-las-18.18.57-1024x416.png 1024w, https:\/\/autodeclaro.es\/wp-content\/uploads\/2022\/02\/Captura-de-pantalla-2022-02-12-a-las-18.18.57-300x122.png 300w, https:\/\/autodeclaro.es\/wp-content\/uploads\/2022\/02\/Captura-de-pantalla-2022-02-12-a-las-18.18.57-768x312.png 768w, https:\/\/autodeclaro.es\/wp-content\/uploads\/2022\/02\/Captura-de-pantalla-2022-02-12-a-las-18.18.57-100x41.png 100w, https:\/\/autodeclaro.es\/wp-content\/uploads\/2022\/02\/Captura-de-pantalla-2022-02-12-a-las-18.18.57-1000x406.png 1000w, https:\/\/autodeclaro.es\/wp-content\/uploads\/2022\/02\/Captura-de-pantalla-2022-02-12-a-las-18.18.57.png 1035w\" sizes=\"(max-width: 1024px) 100vw, 1024px\" \/><\/figure>\n\n\n\n<p><strong>11\/ <\/strong>La liste des biens est pr\u00e9sent\u00e9e ci-dessous. Pour afficher les d\u00e9tails, double-cliquez sur le bien pour lequel vous souhaitez obtenir plus d'informations.<\/p>\n\n\n\n<figure class=\"wp-block-image size-large\"><img decoding=\"async\" width=\"1024\" height=\"361\" src=\"https:\/\/autodeclaro.es\/wp-content\/uploads\/2022\/02\/Captura-de-pantalla-2022-02-12-a-las-18.19.23-1024x361.png\" alt=\" La liste des biens est pr\u00e9sent\u00e9e ci-dessous. Pour afficher les d\u00e9tails, double-cliquez sur le bien pour lequel vous souhaitez obtenir plus d&#039;informations.\" class=\"wp-image-3210\" srcset=\"https:\/\/autodeclaro.es\/wp-content\/uploads\/2022\/02\/Captura-de-pantalla-2022-02-12-a-las-18.19.23-1024x361.png 1024w, https:\/\/autodeclaro.es\/wp-content\/uploads\/2022\/02\/Captura-de-pantalla-2022-02-12-a-las-18.19.23-300x106.png 300w, https:\/\/autodeclaro.es\/wp-content\/uploads\/2022\/02\/Captura-de-pantalla-2022-02-12-a-las-18.19.23-768x271.png 768w, https:\/\/autodeclaro.es\/wp-content\/uploads\/2022\/02\/Captura-de-pantalla-2022-02-12-a-las-18.19.23-100x35.png 100w, https:\/\/autodeclaro.es\/wp-content\/uploads\/2022\/02\/Captura-de-pantalla-2022-02-12-a-las-18.19.23-1000x352.png 1000w, https:\/\/autodeclaro.es\/wp-content\/uploads\/2022\/02\/Captura-de-pantalla-2022-02-12-a-las-18.19.23.png 1033w\" sizes=\"(max-width: 1024px) 100vw, 1024px\" \/><\/figure>\n\n\n\n<p><strong>12\/ <\/strong>C'est l\u00e0 que vous pourrez apporter les modifications ou les ajustements n\u00e9cessaires.<\/p>\n\n\n\n<figure class=\"wp-block-image size-large\"><img decoding=\"async\" width=\"1024\" height=\"713\" src=\"https:\/\/autodeclaro.es\/wp-content\/uploads\/2022\/02\/Captura-de-pantalla-2022-02-12-a-las-18.19.40-1024x713.png\" alt=\" C&#039;est l\u00e0 que vous pourrez apporter les modifications ou les ajustements n\u00e9cessaires.\" class=\"wp-image-3211\" srcset=\"https:\/\/autodeclaro.es\/wp-content\/uploads\/2022\/02\/Captura-de-pantalla-2022-02-12-a-las-18.19.40-1024x713.png 1024w, https:\/\/autodeclaro.es\/wp-content\/uploads\/2022\/02\/Captura-de-pantalla-2022-02-12-a-las-18.19.40-300x209.png 300w, https:\/\/autodeclaro.es\/wp-content\/uploads\/2022\/02\/Captura-de-pantalla-2022-02-12-a-las-18.19.40-768x535.png 768w, https:\/\/autodeclaro.es\/wp-content\/uploads\/2022\/02\/Captura-de-pantalla-2022-02-12-a-las-18.19.40-100x70.png 100w, https:\/\/autodeclaro.es\/wp-content\/uploads\/2022\/02\/Captura-de-pantalla-2022-02-12-a-las-18.19.40-1000x696.png 1000w, https:\/\/autodeclaro.es\/wp-content\/uploads\/2022\/02\/Captura-de-pantalla-2022-02-12-a-las-18.19.40.png 1037w\" sizes=\"(max-width: 1024px) 100vw, 1024px\" \/><\/figure>\n\n\n\n<p>Il n'y a pas d'autres \u00e9tapes \u00e0 suivre. <\/p>\n\n\n\n<p><strong>Vous avez la possibilit\u00e9<\/strong> de <strong>d\u00e9poser le formulaire 720<\/strong> comme indiqu\u00e9 \u00e0 la fin de la <strong><a href=\"#presentacionBizkaia\">\u00e9tapes 17<\/a><\/strong>.<\/p>\n\n\n\n<p><strong>Remarque :<\/strong> <strong>Le type \"Origine\" enregistre le type \"C\".<\/strong><\/p>\n\n\n\n<p>Si vous avez des enregistrements de type \"C\", il s'agit de titres \u00e9teints (ils ont \u00e9t\u00e9 d\u00e9clar\u00e9s dans votre pr\u00e9c\u00e9dente d\u00e9claration Mod\u00e8le 720 mais vous ne les d\u00e9tenez plus en portefeuille). La valorisation indiqu\u00e9e par Autodeclaro est celle que vous aviez dans votre pr\u00e9c\u00e9dente d\u00e9claration Mod\u00e8le 720, il conviendrait donc de la mettre \u00e0 jour avec la valeur de vente du titre en question ce jour-l\u00e0. <\/p>\n\n\n\n<p>Les fichiers CSV ne contiennent pas la date de la vente ni sa valeur, il n'est donc pas possible de les remplir automatiquement.<\/p>\n\n\n\n<p>En outre, ces <strong>les enregistrements de type \"C\" \u00e9tant des valeurs disparues<\/strong>appara\u00eetre <strong>\u00e0 la valeur totale du mod\u00e8le 720<\/strong>. C'est pourquoi <strong>il est possible que la somme de la valeur totale qui appara\u00eet dans le formulaire 720 soit sup\u00e9rieure \u00e0 sa valeur au 31 d\u00e9cembre, telle qu'indiqu\u00e9e par le courtier.<\/strong><\/p>\n\n\n\n<p id=\"existeDNI\"><strong>Marche \u00e0 suivre si votre FNI\/DNI existe d\u00e9j\u00e0 dans la liste des d\u00e9clarants de la base de donn\u00e9es Bila<\/strong><\/p>\n\n\n\n<p><strong>13\/<\/strong>  Cr\u00e9ez une nouvelle d\u00e9claration mod\u00e8le 720 pour l'ann\u00e9e 2021 sous votre NIF\/DNI et ne saisissez aucun actif.<\/p>\n\n\n\n<p>13.1\/ Pour ce faire, allez dans \"Liste des d\u00e9clarants\" -&gt; \"D\u00e9clarations\".<\/p>\n\n\n\n<figure class=\"wp-block-image size-large\"><img decoding=\"async\" width=\"1024\" height=\"581\" src=\"https:\/\/autodeclaro.es\/wp-content\/uploads\/2024\/01\/Captura-de-pantalla-2024-01-22-a-las-15.39.02-1024x581.png\" alt=\"\" class=\"wp-image-13072\" srcset=\"https:\/\/autodeclaro.es\/wp-content\/uploads\/2024\/01\/Captura-de-pantalla-2024-01-22-a-las-15.39.02-1024x581.png 1024w, https:\/\/autodeclaro.es\/wp-content\/uploads\/2024\/01\/Captura-de-pantalla-2024-01-22-a-las-15.39.02-300x170.png 300w, https:\/\/autodeclaro.es\/wp-content\/uploads\/2024\/01\/Captura-de-pantalla-2024-01-22-a-las-15.39.02-768x436.png 768w, https:\/\/autodeclaro.es\/wp-content\/uploads\/2024\/01\/Captura-de-pantalla-2024-01-22-a-las-15.39.02-18x10.png 18w, https:\/\/autodeclaro.es\/wp-content\/uploads\/2024\/01\/Captura-de-pantalla-2024-01-22-a-las-15.39.02-100x57.png 100w, https:\/\/autodeclaro.es\/wp-content\/uploads\/2024\/01\/Captura-de-pantalla-2024-01-22-a-las-15.39.02-1000x568.png 1000w, https:\/\/autodeclaro.es\/wp-content\/uploads\/2024\/01\/Captura-de-pantalla-2024-01-22-a-las-15.39.02.png 1265w\" sizes=\"(max-width: 1024px) 100vw, 1024px\" \/><\/figure>\n\n\n\n<p>13.2 Une fois sur le site, cliquez sur le bouton \"Nouveau\" et cr\u00e9ez une d\u00e9claration mod\u00e8le 720 pour l'ann\u00e9e 2023.<\/p>\n\n\n\n<figure class=\"wp-block-image size-large\"><img decoding=\"async\" width=\"1024\" height=\"703\" src=\"https:\/\/autodeclaro.es\/wp-content\/uploads\/2024\/01\/Captura-de-pantalla-2024-01-22-a-las-15.41.32-1024x703.png\" alt=\"\" class=\"wp-image-13073\" srcset=\"https:\/\/autodeclaro.es\/wp-content\/uploads\/2024\/01\/Captura-de-pantalla-2024-01-22-a-las-15.41.32-1024x703.png 1024w, https:\/\/autodeclaro.es\/wp-content\/uploads\/2024\/01\/Captura-de-pantalla-2024-01-22-a-las-15.41.32-300x206.png 300w, https:\/\/autodeclaro.es\/wp-content\/uploads\/2024\/01\/Captura-de-pantalla-2024-01-22-a-las-15.41.32-768x527.png 768w, https:\/\/autodeclaro.es\/wp-content\/uploads\/2024\/01\/Captura-de-pantalla-2024-01-22-a-las-15.41.32-18x12.png 18w, https:\/\/autodeclaro.es\/wp-content\/uploads\/2024\/01\/Captura-de-pantalla-2024-01-22-a-las-15.41.32-100x69.png 100w, https:\/\/autodeclaro.es\/wp-content\/uploads\/2024\/01\/Captura-de-pantalla-2024-01-22-a-las-15.41.32-1000x687.png 1000w, https:\/\/autodeclaro.es\/wp-content\/uploads\/2024\/01\/Captura-de-pantalla-2024-01-22-a-las-15.41.32.png 1069w\" sizes=\"(max-width: 1024px) 100vw, 1024px\" \/><\/figure>\n\n\n\n<p>Remplissez les champs correspondant au formulaire 720 pour l'ann\u00e9e 2023 et cliquez sur accepter.<\/p>\n\n\n\n<figure class=\"wp-block-image size-full\"><img decoding=\"async\" width=\"767\" height=\"577\" src=\"https:\/\/autodeclaro.es\/wp-content\/uploads\/2024\/01\/Captura-de-pantalla-2024-01-22-a-las-15.43.29.png\" alt=\"\" class=\"wp-image-13074\" srcset=\"https:\/\/autodeclaro.es\/wp-content\/uploads\/2024\/01\/Captura-de-pantalla-2024-01-22-a-las-15.43.29.png 767w, https:\/\/autodeclaro.es\/wp-content\/uploads\/2024\/01\/Captura-de-pantalla-2024-01-22-a-las-15.43.29-300x226.png 300w, https:\/\/autodeclaro.es\/wp-content\/uploads\/2024\/01\/Captura-de-pantalla-2024-01-22-a-las-15.43.29-16x12.png 16w, https:\/\/autodeclaro.es\/wp-content\/uploads\/2024\/01\/Captura-de-pantalla-2024-01-22-a-las-15.43.29-100x75.png 100w\" sizes=\"(max-width: 767px) 100vw, 767px\" \/><\/figure>\n\n\n\n<p>Le nouveau formulaire 720 de d\u00e9claration pour 2023 appara\u00eetra dans la liste des d\u00e9clarations.<\/p>\n\n\n\n<figure class=\"wp-block-image size-full\"><img decoding=\"async\" width=\"922\" height=\"315\" src=\"https:\/\/autodeclaro.es\/wp-content\/uploads\/2024\/01\/Captura-de-pantalla-2024-01-22-a-las-15.45.26.png\" alt=\"\" class=\"wp-image-13075\" srcset=\"https:\/\/autodeclaro.es\/wp-content\/uploads\/2024\/01\/Captura-de-pantalla-2024-01-22-a-las-15.45.26.png 922w, https:\/\/autodeclaro.es\/wp-content\/uploads\/2024\/01\/Captura-de-pantalla-2024-01-22-a-las-15.45.26-300x102.png 300w, https:\/\/autodeclaro.es\/wp-content\/uploads\/2024\/01\/Captura-de-pantalla-2024-01-22-a-las-15.45.26-768x262.png 768w, https:\/\/autodeclaro.es\/wp-content\/uploads\/2024\/01\/Captura-de-pantalla-2024-01-22-a-las-15.45.26-18x6.png 18w, https:\/\/autodeclaro.es\/wp-content\/uploads\/2024\/01\/Captura-de-pantalla-2024-01-22-a-las-15.45.26-100x34.png 100w\" sizes=\"(max-width: 922px) 100vw, 922px\" \/><\/figure>\n\n\n\n<p><strong>14\/<\/strong> Allez dans la liste des d\u00e9clarants, choisissez le d\u00e9clarant avec le NIF 00000000T et ouvrez la d\u00e9claration du mod\u00e8le 720 pour l'ann\u00e9e 2023 (en double-cliquant sur la d\u00e9claration) qui a \u00e9t\u00e9 import\u00e9e pr\u00e9c\u00e9demment. <\/p>\n\n\n\n<figure class=\"wp-block-image size-full\"><img decoding=\"async\" width=\"924\" height=\"292\" src=\"https:\/\/autodeclaro.es\/wp-content\/uploads\/2024\/01\/Captura-de-pantalla-2024-01-22-a-las-15.47.36.png\" alt=\"\" class=\"wp-image-13076\" srcset=\"https:\/\/autodeclaro.es\/wp-content\/uploads\/2024\/01\/Captura-de-pantalla-2024-01-22-a-las-15.47.36.png 924w, https:\/\/autodeclaro.es\/wp-content\/uploads\/2024\/01\/Captura-de-pantalla-2024-01-22-a-las-15.47.36-300x95.png 300w, https:\/\/autodeclaro.es\/wp-content\/uploads\/2024\/01\/Captura-de-pantalla-2024-01-22-a-las-15.47.36-768x243.png 768w, https:\/\/autodeclaro.es\/wp-content\/uploads\/2024\/01\/Captura-de-pantalla-2024-01-22-a-las-15.47.36-18x6.png 18w, https:\/\/autodeclaro.es\/wp-content\/uploads\/2024\/01\/Captura-de-pantalla-2024-01-22-a-las-15.47.36-100x32.png 100w\" sizes=\"(max-width: 924px) 100vw, 924px\" \/><\/figure>\n\n\n\n<p>14.1\/ Une fois ouvert, choisissez l'option \"Copier B et D\". Une fen\u00eatre pop-up s'ouvre pour le d\u00e9clarant destinataire o\u00f9 cette d\u00e9claration sera copi\u00e9e \u00e0 partir du formulaire 2023 720 pr\u00e9c\u00e9demment import\u00e9.<\/p>\n\n\n\n<figure class=\"wp-block-image size-large\"><img decoding=\"async\" width=\"1024\" height=\"538\" src=\"https:\/\/autodeclaro.es\/wp-content\/uploads\/2024\/01\/Captura-de-pantalla-2024-01-22-a-las-15.48.32-1024x538.png\" alt=\"\" class=\"wp-image-13077\" srcset=\"https:\/\/autodeclaro.es\/wp-content\/uploads\/2024\/01\/Captura-de-pantalla-2024-01-22-a-las-15.48.32-1024x538.png 1024w, https:\/\/autodeclaro.es\/wp-content\/uploads\/2024\/01\/Captura-de-pantalla-2024-01-22-a-las-15.48.32-300x158.png 300w, https:\/\/autodeclaro.es\/wp-content\/uploads\/2024\/01\/Captura-de-pantalla-2024-01-22-a-las-15.48.32-768x404.png 768w, https:\/\/autodeclaro.es\/wp-content\/uploads\/2024\/01\/Captura-de-pantalla-2024-01-22-a-las-15.48.32-18x9.png 18w, https:\/\/autodeclaro.es\/wp-content\/uploads\/2024\/01\/Captura-de-pantalla-2024-01-22-a-las-15.48.32-100x53.png 100w, https:\/\/autodeclaro.es\/wp-content\/uploads\/2024\/01\/Captura-de-pantalla-2024-01-22-a-las-15.48.32-1000x526.png 1000w, https:\/\/autodeclaro.es\/wp-content\/uploads\/2024\/01\/Captura-de-pantalla-2024-01-22-a-las-15.48.32.png 1168w\" sizes=\"(max-width: 1024px) 100vw, 1024px\" \/><\/figure>\n\n\n\n<p><strong>15\/<\/strong> Si vous avez d\u00e9j\u00e0 cr\u00e9\u00e9 la d\u00e9claration mod\u00e8le 720 sous le d\u00e9clarant avec votre FNI\/DNI, cochez la case et cliquez sur le bouton ci-dessous. <strong>\"Coller B et D\".<\/strong><\/p>\n\n\n\n<figure class=\"wp-block-image size-full\"><img decoding=\"async\" width=\"508\" height=\"535\" src=\"https:\/\/autodeclaro.es\/wp-content\/uploads\/2022\/02\/Captura-de-pantalla-2022-02-12-a-las-19.49.51.png\" alt=\"Si vous avez d\u00e9j\u00e0 cr\u00e9\u00e9 la d\u00e9claration mod\u00e8le 720 sous le d\u00e9clarant avec votre FNI\/DNI, cochez la case et cliquez sur le bouton ci-dessous &quot;Coller B et D&quot;.\" class=\"wp-image-3225\" srcset=\"https:\/\/autodeclaro.es\/wp-content\/uploads\/2022\/02\/Captura-de-pantalla-2022-02-12-a-las-19.49.51.png 508w, https:\/\/autodeclaro.es\/wp-content\/uploads\/2022\/02\/Captura-de-pantalla-2022-02-12-a-las-19.49.51-285x300.png 285w, https:\/\/autodeclaro.es\/wp-content\/uploads\/2022\/02\/Captura-de-pantalla-2022-02-12-a-las-19.49.51-100x105.png 100w\" sizes=\"(max-width: 508px) 100vw, 508px\" \/><\/figure>\n\n\n\n<p><strong>16\/<\/strong> Les \u00e9l\u00e9ments suivants <strong>confirmer le \"collage\" des actifs et des droits<\/strong> dans le d\u00e9clarant de destination. <\/p>\n\n\n\n<p>Si vous avez des biens et des droits dans votre d\u00e9claration formulaire 720, vous aurez la possibilit\u00e9 d'ajouter des biens et des droits aux biens et droits existants ou de remplacer les biens et droits existants.<\/p>\n\n\n\n<figure class=\"wp-block-image size-full\"><img decoding=\"async\" width=\"509\" height=\"416\" src=\"https:\/\/autodeclaro.es\/wp-content\/uploads\/2022\/02\/Captura-de-pantalla-2022-02-12-a-las-19.54.09.png\" alt=\"Si vous avez des biens et des droits dans votre d\u00e9claration formulaire 720, vous aurez la possibilit\u00e9 d&#039;ajouter des biens et des droits aux biens et droits existants ou de remplacer les biens et droits existants.\" class=\"wp-image-3226\" srcset=\"https:\/\/autodeclaro.es\/wp-content\/uploads\/2022\/02\/Captura-de-pantalla-2022-02-12-a-las-19.54.09.png 509w, https:\/\/autodeclaro.es\/wp-content\/uploads\/2022\/02\/Captura-de-pantalla-2022-02-12-a-las-19.54.09-300x245.png 300w, https:\/\/autodeclaro.es\/wp-content\/uploads\/2022\/02\/Captura-de-pantalla-2022-02-12-a-las-19.54.09-100x82.png 100w\" sizes=\"(max-width: 509px) 100vw, 509px\" \/><\/figure>\n\n\n\n<p><strong>Remarque :<\/strong> <strong>Le type \"Origine\" enregistre le type \"C\".<\/strong><\/p>\n\n\n\n<p>Si vous avez des enregistrements de type \"C\", il s'agit de titres \u00e9teints (ils ont \u00e9t\u00e9 d\u00e9clar\u00e9s dans votre pr\u00e9c\u00e9dente d\u00e9claration Mod\u00e8le 720 mais vous ne les d\u00e9tenez plus en portefeuille). La valorisation indiqu\u00e9e par Autodeclaro est celle que vous aviez dans votre pr\u00e9c\u00e9dente d\u00e9claration Mod\u00e8le 720, il conviendrait donc de la mettre \u00e0 jour avec la valeur de vente du titre en question ce jour-l\u00e0. <\/p>\n\n\n\n<p>Les fichiers CSV ne contiennent pas la date de la vente ni sa valeur, il n'est donc pas possible de les remplir automatiquement.<\/p>\n\n\n\n<p>En outre, ces <strong>les enregistrements de type \"C\" \u00e9tant des valeurs disparues<\/strong>appara\u00eetre <strong>\u00e0 la valeur totale du mod\u00e8le 720<\/strong>. C'est pourquoi <strong>il est possible que la somme de la valeur totale qui appara\u00eet dans le formulaire 720 soit sup\u00e9rieure \u00e0 sa valeur au 31 d\u00e9cembre, telle qu'indiqu\u00e9e par le courtier.<\/strong><\/p>\n\n\n\n<p id=\"presentacionBizkaia\"><strong>Remplir le formulaire 720 dans BILA<\/strong><\/p>\n\n\n\n<p><strong>17\/ <\/strong>Une fois que vous figurez sur la liste de d\u00e9claration, vous devez remplir le formulaire 720. <\/p>\n\n\n\n<ul class=\"wp-block-list\">\n<li>S\u00e9lectionnez la d\u00e9claration et cliquez sur le bouton \u201csoumettre\u201d.\u201d<\/li>\n<\/ul>\n\n\n\n<figure class=\"wp-block-image size-large\"><img decoding=\"async\" width=\"1024\" height=\"756\" src=\"https:\/\/autodeclaro.es\/wp-content\/uploads\/2026\/01\/image-26-1024x756.png\" alt=\"\" class=\"wp-image-31514\" srcset=\"https:\/\/autodeclaro.es\/wp-content\/uploads\/2026\/01\/image-26-1024x756.png 1024w, https:\/\/autodeclaro.es\/wp-content\/uploads\/2026\/01\/image-26-300x221.png 300w, https:\/\/autodeclaro.es\/wp-content\/uploads\/2026\/01\/image-26-768x567.png 768w, https:\/\/autodeclaro.es\/wp-content\/uploads\/2026\/01\/image-26-16x12.png 16w, https:\/\/autodeclaro.es\/wp-content\/uploads\/2026\/01\/image-26-100x74.png 100w, https:\/\/autodeclaro.es\/wp-content\/uploads\/2026\/01\/image-26-1000x738.png 1000w, https:\/\/autodeclaro.es\/wp-content\/uploads\/2026\/01\/image-26.png 1028w\" sizes=\"(max-width: 1024px) 100vw, 1024px\" \/><\/figure>\n\n\n\n<p><\/p>\n\n\n\n<ul class=\"wp-block-list\">\n<li>S\u00e9lectionnez \u201cEnvoyer directement \u00e0 e-Office\u201d.\u201d<\/li>\n<\/ul>\n\n\n\n<figure class=\"wp-block-image size-full\"><img decoding=\"async\" width=\"1018\" height=\"744\" src=\"https:\/\/autodeclaro.es\/wp-content\/uploads\/2026\/01\/image-27.png\" alt=\"\" class=\"wp-image-31515\" srcset=\"https:\/\/autodeclaro.es\/wp-content\/uploads\/2026\/01\/image-27.png 1018w, https:\/\/autodeclaro.es\/wp-content\/uploads\/2026\/01\/image-27-300x219.png 300w, https:\/\/autodeclaro.es\/wp-content\/uploads\/2026\/01\/image-27-768x561.png 768w, https:\/\/autodeclaro.es\/wp-content\/uploads\/2026\/01\/image-27-16x12.png 16w, https:\/\/autodeclaro.es\/wp-content\/uploads\/2026\/01\/image-27-100x73.png 100w, https:\/\/autodeclaro.es\/wp-content\/uploads\/2026\/01\/image-27-1000x731.png 1000w\" sizes=\"(max-width: 1018px) 100vw, 1018px\" \/><\/figure>\n\n\n\n<p><\/p>\n\n\n\n<ul class=\"wp-block-list\">\n<li>Le navigateur web s'ouvrira pour poursuivre les \u00e9tapes qui vous seront indiqu\u00e9es afin de vous authentifier aupr\u00e8s de l'administration r\u00e9gionale pour d\u00e9poser le formulaire 720. <\/li>\n<\/ul>\n\n\n\n<h3 class=\"gb-headline gb-headline-95ed992a gb-headline-text\" id=\"diputacion-foral-alava\"><strong>Conseil provincial de l'Alava<\/strong> <\/h3>\n\n\n\n<p>Vous pouvez consulter ici les informations relatives au formulaire 720 de la Diputaci\u00f3n Provincial de \u00c1lava : <a href=\"https:\/\/egoitza.araba.eus\/es\/-\/modelo-720\" target=\"_blank\" rel=\"noopener\">https:\/\/egoitza.araba.eus\/es\/-\/modelo-720<\/a><\/p>\n\n\n\n<p><strong>NOUVELLES INSTRUCTIONS (2025)<\/strong><\/p>\n\n\n\n<p>Nous devons proc\u00e9der en deux temps :<\/p>\n\n\n\n<ul class=\"wp-block-list\">\n<li><a href=\"#revisionAraba\">1\/ Examiner le fichier .720 <\/a><\/li>\n\n\n\n<li><a href=\"#validacionAraba\">2\/ Valider le dossier et le d\u00e9p\u00f4t<\/a><\/li>\n<\/ul>\n\n\n\n<h4 class=\"gb-headline gb-headline-8eada9d7 gb-headline-text\" id=\"revisionAraba\"><strong>1\/ Examiner le fichier .720<\/strong><\/h4>\n\n\n\n<p><strong>Remarque :<\/strong> Si vous souhaitez voir le contenu du fichier, vous pouvez le consulter dans le r\u00e9sum\u00e9 Excel que vous avez re\u00e7u par courrier ou vous pouvez l'importer dans le logiciel <a href=\"#agencia-tributaria\"><strong>Agence fiscale (AEAT)<\/strong><\/a>, Il n'y aura pas de pr\u00e9sentation, mais vous pourrez visualiser le contenu, y apporter des modifications et l'exporter pour l'utiliser dans l'outil de travail. <strong><a href=\"#validacionAraba\">\u00e9tape 2 Validation du dossier et de la soumission<\/a><\/strong> d'Araba<\/p>\n\n\n\n<p>Si vous ne modifiez pas le nom dans le <a href=\"#agencia-tributaria\">Agence des imp\u00f4ts<\/a> et de l'exporter, la premi\u00e8re chose \u00e0 faire est d'adapter le fichier mod\u00e8le 720 compl\u00e9t\u00e9 par Autodeclaro. Il est livr\u00e9 avec un DNI\/NIF g\u00e9n\u00e9rique, qui est <strong>00000000T<\/strong>, mais pour les autorit\u00e9s fiscales d'\u00c1lava, vous devez avoir le DNI\/NIF du titulaire qui va le pr\u00e9senter. N'oubliez pas que :<\/p>\n\n\n\n<ul class=\"wp-block-list\">\n<li><strong>DNI<\/strong>doit comporter 8 chiffres + une lettre <\/li>\n\n\n\n<li><strong>NIE<\/strong>lettre + 7 chiffres + lettre<\/li>\n<\/ul>\n\n\n\n<p>Un pr\u00e9nom et un nom g\u00e9n\u00e9riques sont \u00e9galement indiqu\u00e9s. <strong>INDIQUEZ VOTRE NOM<\/strong>Nous pourrons \u00e9galement le remplacer, bien que cela ne soit pas obligatoire d'apr\u00e8s ce que nous ont dit d'autres clients.<\/p>\n\n\n\n<p>Pour ce faire, suivez les \u00e9tapes suivantes :<\/p>\n\n\n\n<ol class=\"wp-block-list\">\n<li>Ouvrez le fichier .720 g\u00e9n\u00e9r\u00e9 par Autodeclaro et re\u00e7u par courriel avec le Bloc-notes de Windows (si vous utilisez Mac, vous pouvez ouvrir 'TextEdit').<\/li>\n\n\n\n<li>Remplacer le DNI\/NIF <strong>00000000T<\/strong> avec votre carte d'identit\u00e9. N'oubliez pas d'avoir 9 chiffres au total. Si votre DNI doit \u00eatre pr\u00e9c\u00e9d\u00e9 de 0, veuillez les saisir.\n<ul class=\"wp-block-list\">\n<li>Aller \u00e0 la page <strong>Menu \"Editer<\/strong> et s\u00e9lectionnez <strong>\"Remplacer\" ou \"Remplacer\".<\/strong>. Apr\u00e8s avoir indiqu\u00e9 les textes, s\u00e9lectionnez <strong>\"Remplacer tout<\/strong>.<\/li>\n<\/ul>\n<\/li>\n<\/ol>\n\n\n<div class=\"wp-block-image\">\n<figure class=\"aligncenter size-full\"><img decoding=\"async\" width=\"745\" height=\"411\" src=\"https:\/\/autodeclaro.es\/wp-content\/uploads\/2023\/02\/image-8.png\" alt=\"Allez dans le menu &quot;Edition&quot; et s\u00e9lectionnez &quot;Remplacer&quot;. Apr\u00e8s avoir indiqu\u00e9 les textes, s\u00e9lectionnez &quot;Remplacer tout&quot;.\" class=\"wp-image-7614\" srcset=\"https:\/\/autodeclaro.es\/wp-content\/uploads\/2023\/02\/image-8.png 745w, https:\/\/autodeclaro.es\/wp-content\/uploads\/2023\/02\/image-8-300x166.png 300w, https:\/\/autodeclaro.es\/wp-content\/uploads\/2023\/02\/image-8-100x55.png 100w\" sizes=\"(max-width: 745px) 100vw, 745px\" \/><\/figure>\n<\/div>\n\n\n<ol start=\"3\" class=\"wp-block-list\">\n<li>Certains clients n'ont pas effectu\u00e9 cette \u00e9tape et n'ont rencontr\u00e9 aucun probl\u00e8me pour remplir le formulaire 720. Nous vous indiquons n\u00e9anmoins comment l'adapter si vous souhaitez le faire. \n<ul class=\"wp-block-list\">\n<li>Remplacer le pr\u00e9nom et le nom. Dans ce cas, il est n\u00e9cessaire de s\u00e9lectionner l'option <strong>40 caract\u00e8res<\/strong> du champ pr\u00e9nom et nom :\n<ul class=\"wp-block-list\">\n<li>Texte \u00e0 remplacer : \"INDICATE YOUR NAME\" (40 caract\u00e8res)<\/li>\n\n\n\n<li>Nouveau nom. Exemple : \"JOSE PABLO MARTIN TORRES\" (40 caract\u00e8res, ajouter les espaces)<\/li>\n<\/ul>\n<\/li>\n\n\n\n<li>Aller \u00e0 la page <strong>Menu \"Editer<\/strong> et s\u00e9lectionnez <strong>\"Remplacer\" ou \"Remplacer\".<\/strong>. Apr\u00e8s avoir indiqu\u00e9 les textes, s\u00e9lectionnez <strong>\"Remplacer tout<\/strong>.<\/li>\n<\/ul>\n<\/li>\n<\/ol>\n\n\n<div class=\"wp-block-image\">\n<figure class=\"aligncenter size-full is-resized\"><img decoding=\"async\" width=\"869\" height=\"408\" src=\"https:\/\/autodeclaro.es\/wp-content\/uploads\/2023\/02\/image-10.png\" alt=\"Allez dans le menu &quot;Edition&quot; et s\u00e9lectionnez &quot;Remplacer&quot;. Apr\u00e8s avoir indiqu\u00e9 les textes, s\u00e9lectionnez &quot;Remplacer tout&quot;.\" class=\"wp-image-7619\" style=\"width:755px;height:355px\" srcset=\"https:\/\/autodeclaro.es\/wp-content\/uploads\/2023\/02\/image-10.png 869w, https:\/\/autodeclaro.es\/wp-content\/uploads\/2023\/02\/image-10-300x141.png 300w, https:\/\/autodeclaro.es\/wp-content\/uploads\/2023\/02\/image-10-768x361.png 768w, https:\/\/autodeclaro.es\/wp-content\/uploads\/2023\/02\/image-10-100x47.png 100w\" sizes=\"(max-width: 869px) 100vw, 869px\" \/><\/figure>\n<\/div>\n\n\n<ol start=\"4\" class=\"wp-block-list\">\n<li>Une fois les modifications effectu\u00e9es, <strong>enregistrer le fichier avec l'extension .TXT<\/strong> et vous pourrez soumettre le fichier en suivant les \u00e9tapes ci-dessous.<\/li>\n<\/ol>\n\n\n\n<p id=\"validacionAraba\"><strong>2\/ Validation du fichier .720 et soumission<\/strong><\/p>\n\n\n\n<ol class=\"wp-block-list\">\n<li>T\u00e9l\u00e9charger le validateur de mod\u00e8le<\/li>\n<\/ol>\n\n\n\n<p><a href=\"https:\/\/web.araba.eus\/es\/hacienda\/programa-de-ayuda-de-modelos-fiscales\" target=\"_blank\" rel=\"noopener\">https:\/\/web.araba.eus\/es\/hacienda\/programa-de-ayuda-de-modelos-fiscales<\/a><\/p>\n\n\n\n<figure class=\"wp-block-image size-large\"><img decoding=\"async\" width=\"1024\" height=\"518\" src=\"https:\/\/autodeclaro.es\/wp-content\/uploads\/2025\/03\/image-9-1024x518.png\" alt=\"\" class=\"wp-image-22406\" srcset=\"https:\/\/autodeclaro.es\/wp-content\/uploads\/2025\/03\/image-9-1024x518.png 1024w, https:\/\/autodeclaro.es\/wp-content\/uploads\/2025\/03\/image-9-300x152.png 300w, https:\/\/autodeclaro.es\/wp-content\/uploads\/2025\/03\/image-9-768x389.png 768w, https:\/\/autodeclaro.es\/wp-content\/uploads\/2025\/03\/image-9-18x9.png 18w, https:\/\/autodeclaro.es\/wp-content\/uploads\/2025\/03\/image-9-100x51.png 100w, https:\/\/autodeclaro.es\/wp-content\/uploads\/2025\/03\/image-9-1000x506.png 1000w, https:\/\/autodeclaro.es\/wp-content\/uploads\/2025\/03\/image-9.png 1537w\" sizes=\"(max-width: 1024px) 100vw, 1024px\" \/><\/figure>\n\n\n\n<ol start=\"2\" class=\"wp-block-list\">\n<li>Ouvrez le programme install\u00e9 \u00e0 l'\u00e9tape 1 \u201cmodel validator\u201d. Cliquez sur le signe + vert et s\u00e9lectionnez le formulaire 720 ainsi que l'ann\u00e9e que vous souhaitez d\u00e9poser. S\u00e9lectionnez \u00e9galement le fichier .TXT pr\u00e9alablement modifi\u00e9 avec votre DNI et votre nom.<\/li>\n\n\n\n<li>Vous pouvez cliquer sur l'ic\u00f4ne de droite qui repr\u00e9sente un dossier avec une croix verte.<\/li>\n<\/ol>\n\n\n<div class=\"gb-container gb-container-4d12137c\">\n<div class=\"gb-container gb-container-9376fbfe\">\n\n<figure class=\"wp-block-image size-full\"><img decoding=\"async\" width=\"1010\" height=\"288\" src=\"https:\/\/autodeclaro.es\/wp-content\/uploads\/2025\/03\/Captura-de-pantalla-2025-03-06-a-las-12.43.10.png\" alt=\"\" class=\"wp-image-22393\" srcset=\"https:\/\/autodeclaro.es\/wp-content\/uploads\/2025\/03\/Captura-de-pantalla-2025-03-06-a-las-12.43.10.png 1010w, https:\/\/autodeclaro.es\/wp-content\/uploads\/2025\/03\/Captura-de-pantalla-2025-03-06-a-las-12.43.10-300x86.png 300w, https:\/\/autodeclaro.es\/wp-content\/uploads\/2025\/03\/Captura-de-pantalla-2025-03-06-a-las-12.43.10-768x219.png 768w, https:\/\/autodeclaro.es\/wp-content\/uploads\/2025\/03\/Captura-de-pantalla-2025-03-06-a-las-12.43.10-18x5.png 18w, https:\/\/autodeclaro.es\/wp-content\/uploads\/2025\/03\/Captura-de-pantalla-2025-03-06-a-las-12.43.10-100x29.png 100w, https:\/\/autodeclaro.es\/wp-content\/uploads\/2025\/03\/Captura-de-pantalla-2025-03-06-a-las-12.43.10-1000x285.png 1000w\" sizes=\"(max-width: 1010px) 100vw, 1010px\" \/><\/figure>\n\n\n\n<p><\/p>\n\n\n\n<ol start=\"4\" class=\"wp-block-list\">\n<li>Une fois que l'on a cliqu\u00e9 sur le bouton de droite, le fichier est valid\u00e9 et le r\u00e9sultat est indiqu\u00e9 ci-dessous. Un fichier ZIP sera cr\u00e9\u00e9 dans le chemin d'acc\u00e8s sp\u00e9cifi\u00e9 dans \u201cConfiguration\u201d.\u201d<\/li>\n<\/ol>\n\n\n\n<figure class=\"wp-block-image size-full\"><img decoding=\"async\" width=\"1002\" height=\"756\" src=\"https:\/\/autodeclaro.es\/wp-content\/uploads\/2025\/03\/image-8.png\" alt=\"\" class=\"wp-image-22394\" srcset=\"https:\/\/autodeclaro.es\/wp-content\/uploads\/2025\/03\/image-8.png 1002w, https:\/\/autodeclaro.es\/wp-content\/uploads\/2025\/03\/image-8-300x226.png 300w, https:\/\/autodeclaro.es\/wp-content\/uploads\/2025\/03\/image-8-768x579.png 768w, https:\/\/autodeclaro.es\/wp-content\/uploads\/2025\/03\/image-8-16x12.png 16w, https:\/\/autodeclaro.es\/wp-content\/uploads\/2025\/03\/image-8-100x75.png 100w, https:\/\/autodeclaro.es\/wp-content\/uploads\/2025\/03\/image-8-1000x754.png 1000w\" sizes=\"(max-width: 1002px) 100vw, 1002px\" \/><\/figure>\n\n\n\n<ol start=\"5\" class=\"wp-block-list\">\n<li>Vous pouvez cliquer sur sede electr\u00f3nica. Une fois que vous vous \u00eates authentifi\u00e9 dans le bureau \u00e9lectronique, vous pouvez choisir l'option \u201c<strong>Pr\u00e9sentation des d\u00e9clarations<\/strong> <strong>- Individus<\/strong>\u201c<\/li>\n<\/ol>\n\n\n\n<figure class=\"wp-block-image size-full\"><img decoding=\"async\" width=\"969\" height=\"532\" src=\"https:\/\/autodeclaro.es\/wp-content\/uploads\/2025\/03\/Captura-de-pantalla-2025-03-06-a-las-12.54.12.png\" alt=\"\" class=\"wp-image-22396\" srcset=\"https:\/\/autodeclaro.es\/wp-content\/uploads\/2025\/03\/Captura-de-pantalla-2025-03-06-a-las-12.54.12.png 969w, https:\/\/autodeclaro.es\/wp-content\/uploads\/2025\/03\/Captura-de-pantalla-2025-03-06-a-las-12.54.12-300x165.png 300w, https:\/\/autodeclaro.es\/wp-content\/uploads\/2025\/03\/Captura-de-pantalla-2025-03-06-a-las-12.54.12-768x422.png 768w, https:\/\/autodeclaro.es\/wp-content\/uploads\/2025\/03\/Captura-de-pantalla-2025-03-06-a-las-12.54.12-18x10.png 18w, https:\/\/autodeclaro.es\/wp-content\/uploads\/2025\/03\/Captura-de-pantalla-2025-03-06-a-las-12.54.12-100x55.png 100w\" sizes=\"(max-width: 969px) 100vw, 969px\" \/><\/figure>\n\n\n\n<ol start=\"6\" class=\"wp-block-list\">\n<li>Aller \u00e0<strong> \u201cG\u00e9n\u00e9rer et envoyer\u201d<\/strong> et s\u00e9lectionnez le formulaire 720 ainsi que l'ann\u00e9e fiscale. En bas \u00e0 gauche, vous pourrez s\u00e9lectionner le fichier .ZIP g\u00e9n\u00e9r\u00e9 par le programme de validation des mod\u00e8les. <\/li>\n<\/ol>\n\n\n\n<figure class=\"wp-block-image size-full\"><img decoding=\"async\" width=\"984\" height=\"645\" src=\"https:\/\/autodeclaro.es\/wp-content\/uploads\/2025\/03\/Captura-de-pantalla-2025-03-06-a-las-12.57.33.png\" alt=\"\" class=\"wp-image-22398\" srcset=\"https:\/\/autodeclaro.es\/wp-content\/uploads\/2025\/03\/Captura-de-pantalla-2025-03-06-a-las-12.57.33.png 984w, https:\/\/autodeclaro.es\/wp-content\/uploads\/2025\/03\/Captura-de-pantalla-2025-03-06-a-las-12.57.33-300x197.png 300w, https:\/\/autodeclaro.es\/wp-content\/uploads\/2025\/03\/Captura-de-pantalla-2025-03-06-a-las-12.57.33-768x503.png 768w, https:\/\/autodeclaro.es\/wp-content\/uploads\/2025\/03\/Captura-de-pantalla-2025-03-06-a-las-12.57.33-18x12.png 18w, https:\/\/autodeclaro.es\/wp-content\/uploads\/2025\/03\/Captura-de-pantalla-2025-03-06-a-las-12.57.33-100x66.png 100w\" sizes=\"(max-width: 984px) 100vw, 984px\" \/><\/figure>\n\n\n\n<ol start=\"7\" class=\"wp-block-list\">\n<li>Il ne reste plus qu'\u00e0 se rendre \u00e0 <strong>\u201cJe veux envoyer mon mod\u00e8le\u201d.\u201d<\/strong> o\u00f9 le formulaire 720 sera envoy\u00e9 et o\u00f9 vous obtiendrez la preuve de d\u00e9p\u00f4t.<\/li>\n<\/ol>\n\n<\/div>\n<\/div>\n\n\n<p><\/p>\n\n\n\n<p><strong>INSTRUCTIONS AVANT 2024 -  <mark style=\"background-color:rgba(0, 0, 0, 0);color:#f01212\" class=\"has-inline-color\">NE PAS POURSUIVRE CES INSTRUCTIONS SI VOUS AVEZ D\u00c9J\u00c0 EFFECTU\u00c9 LES NOUVELLES INSTRUCTIONS CI-DESSUS. <\/mark><\/strong><\/p>\n\n\n\n<p>CES INSTRUCTIONS SONT UTILES <strong>POUR V\u00c9RIFIER LE CONTENU DU FICHIER, MAIS ILS DEMANDENT DES CHAMPS QUI NE SONT PAS OBLIGATOIRES<\/strong> <strong>ET PRENDRAIT TROP DE TEMPS \u00c0 EXAMINER ET \u00c0 COMPL\u00c9TER.<\/strong>, IL EST DONC PR\u00c9F\u00c9RABLE DE DONNER LES NOUVELLES INSTRUCTIONS 2025 PLUS T\u00d4T.<\/p>\n\n\n\n<p>Pour d\u00e9poser le formulaire 720 aupr\u00e8s de la Diputaci\u00f3n Foral de \u00c1lava, vous avez besoin du \"Programa de ayuda para modelos fiscales\", un logiciel exclusivement pour Windows. Il peut \u00eatre t\u00e9l\u00e9charg\u00e9 ici : h<a href=\"\/\/web.araba.eus\/es\/hacienda\/programa-de-ayuda-de-modelos-fiscales\" target=\"_blank\" rel=\"noreferrer noopener\">ttps:\/\/web.araba.eus\/es\/hacienda\/programa-de-ayuda-de-modelos-fiscales<\/a><\/p>\n\n\n\n<p><strong>1\/ <\/strong>Une fois que vous avez t\u00e9l\u00e9charg\u00e9 le formulaire 720 g\u00e9n\u00e9r\u00e9 par Autodeclaro. Vous devez changer l'extension <strong>.720<\/strong> par <strong>.txt<\/strong>. Le programme n'accepte que l'importation de ce format.<\/p>\n\n\n\n<p><strong>Voici les \u00e9tapes d\u00e9taill\u00e9es de l'importation du formulaire 720<\/strong> g\u00e9n\u00e9r\u00e9 par Autodeclaro dans le cadre du \"Programa de ayuda para modelos fiscales\" de la Diputaci\u00f3n Foral de \u00c1lava.<\/p>\n\n\n\n<figure class=\"wp-block-image size-full\"><img decoding=\"async\" width=\"538\" height=\"79\" src=\"https:\/\/autodeclaro.es\/wp-content\/uploads\/2022\/03\/Captura-de-pantalla-2022-03-10-a-las-15.35.08.png\" alt=\"Une fois que vous avez t\u00e9l\u00e9charg\u00e9 le formulaire 720 g\u00e9n\u00e9r\u00e9 par Autodeclaro. Vous devez changer l&#039;extension .720 en .txt. Le programme n&#039;accepte que l&#039;importation de ce format.\" class=\"wp-image-3511\" srcset=\"https:\/\/autodeclaro.es\/wp-content\/uploads\/2022\/03\/Captura-de-pantalla-2022-03-10-a-las-15.35.08.png 538w, https:\/\/autodeclaro.es\/wp-content\/uploads\/2022\/03\/Captura-de-pantalla-2022-03-10-a-las-15.35.08-300x44.png 300w, https:\/\/autodeclaro.es\/wp-content\/uploads\/2022\/03\/Captura-de-pantalla-2022-03-10-a-las-15.35.08-100x15.png 100w\" sizes=\"(max-width: 538px) 100vw, 538px\" \/><\/figure>\n\n\n\n<p><strong>2\/<\/strong> Une fois le programme ouvert, choisissez l'exercice que vous souhaitez soumettre et cliquez sur le bouton <strong>\"import\"<\/strong>.<\/p>\n\n\n\n<figure class=\"wp-block-image size-full\"><img decoding=\"async\" width=\"1023\" height=\"627\" src=\"https:\/\/autodeclaro.es\/wp-content\/uploads\/2022\/03\/Captura-de-pantalla-2022-03-10-a-las-15.33.24.jpg\" alt=\"Une fois le programme ouvert, choisissez l&#039;exercice que vous souhaitez soumettre et cliquez sur l&#039;ic\u00f4ne &quot;importation&quot;.\" class=\"wp-image-3512\" srcset=\"https:\/\/autodeclaro.es\/wp-content\/uploads\/2022\/03\/Captura-de-pantalla-2022-03-10-a-las-15.33.24.jpg 1023w, https:\/\/autodeclaro.es\/wp-content\/uploads\/2022\/03\/Captura-de-pantalla-2022-03-10-a-las-15.33.24-300x184.jpg 300w, https:\/\/autodeclaro.es\/wp-content\/uploads\/2022\/03\/Captura-de-pantalla-2022-03-10-a-las-15.33.24-768x471.jpg 768w, https:\/\/autodeclaro.es\/wp-content\/uploads\/2022\/03\/Captura-de-pantalla-2022-03-10-a-las-15.33.24-18x12.jpg 18w, https:\/\/autodeclaro.es\/wp-content\/uploads\/2022\/03\/Captura-de-pantalla-2022-03-10-a-las-15.33.24-100x61.jpg 100w, https:\/\/autodeclaro.es\/wp-content\/uploads\/2022\/03\/Captura-de-pantalla-2022-03-10-a-las-15.33.24-1000x613.jpg 1000w\" sizes=\"(max-width: 1023px) 100vw, 1023px\" \/><\/figure>\n\n\n\n<p><\/p>\n\n\n\n<p><strong>3\/<\/strong> Dans la fen\u00eatre pop-up, s\u00e9lectionnez l'ann\u00e9e fiscale, le mod\u00e8le, la p\u00e9riode et enfin choisissez le fichier \u00e0 importer (le fichier g\u00e9n\u00e9r\u00e9 par Autodeclaro que). <strong>Nous avons pr\u00e9c\u00e9demment modifi\u00e9 son extension de .720 \u00e0 .txt.<\/strong>)<\/p>\n\n\n\n<p>Enfin, cliquez sur l'ic\u00f4ne verte.<\/p>\n\n\n\n<figure class=\"wp-block-image size-full\"><img decoding=\"async\" width=\"831\" height=\"507\" src=\"https:\/\/autodeclaro.es\/wp-content\/uploads\/2022\/03\/Captura-de-pantalla-2022-03-10-a-las-15.35.50.png\" alt=\"Enfin, cliquez sur l&#039;ic\u00f4ne verte.\" class=\"wp-image-3513\" srcset=\"https:\/\/autodeclaro.es\/wp-content\/uploads\/2022\/03\/Captura-de-pantalla-2022-03-10-a-las-15.35.50.png 831w, https:\/\/autodeclaro.es\/wp-content\/uploads\/2022\/03\/Captura-de-pantalla-2022-03-10-a-las-15.35.50-300x183.png 300w, https:\/\/autodeclaro.es\/wp-content\/uploads\/2022\/03\/Captura-de-pantalla-2022-03-10-a-las-15.35.50-768x469.png 768w, https:\/\/autodeclaro.es\/wp-content\/uploads\/2022\/03\/Captura-de-pantalla-2022-03-10-a-las-15.35.50-100x61.png 100w\" sizes=\"(max-width: 831px) 100vw, 831px\" \/><\/figure>\n\n\n\n<p><\/p>\n\n\n\n<p>4\/ Vous verrez ensuite le rapport d'importation. En tant que contribuable, vous verrez les donn\u00e9es par d\u00e9faut qu'Autodeclaro a remplies, mais nous verrons plus tard comment les modifier.<\/p>\n\n\n\n<p>Cliquez sur l'ic\u00f4ne du document avec l'ic\u00f4ne verte.<\/p>\n\n\n\n<figure class=\"wp-block-image size-full\"><img decoding=\"async\" width=\"809\" height=\"516\" src=\"https:\/\/autodeclaro.es\/wp-content\/uploads\/2022\/03\/Captura-de-pantalla-2022-03-10-a-las-15.36.33.png\" alt=\"Cliquez sur l&#039;ic\u00f4ne du document avec l&#039;ic\u00f4ne verte.\" class=\"wp-image-3514\" srcset=\"https:\/\/autodeclaro.es\/wp-content\/uploads\/2022\/03\/Captura-de-pantalla-2022-03-10-a-las-15.36.33.png 809w, https:\/\/autodeclaro.es\/wp-content\/uploads\/2022\/03\/Captura-de-pantalla-2022-03-10-a-las-15.36.33-300x191.png 300w, https:\/\/autodeclaro.es\/wp-content\/uploads\/2022\/03\/Captura-de-pantalla-2022-03-10-a-las-15.36.33-768x490.png 768w, https:\/\/autodeclaro.es\/wp-content\/uploads\/2022\/03\/Captura-de-pantalla-2022-03-10-a-las-15.36.33-100x64.png 100w\" sizes=\"(max-width: 809px) 100vw, 809px\" \/><\/figure>\n\n\n\n<p><\/p>\n\n\n\n<p><strong>5\/ <\/strong>Les validations d'importation sont pr\u00e9sent\u00e9es ci-dessous. Nous verrons plus tard quelles erreurs nous devons corriger. <\/p>\n\n\n\n<p>Fermez cette fen\u00eatre et toutes celles qui sont ouvertes.<\/p>\n\n\n\n<figure class=\"wp-block-image size-full\"><img decoding=\"async\" width=\"791\" height=\"456\" src=\"https:\/\/autodeclaro.es\/wp-content\/uploads\/2022\/03\/Captura-de-pantalla-2022-03-10-a-las-15.37.07.png\" alt=\"Fermez cette fen\u00eatre et toutes celles qui sont ouvertes.\" class=\"wp-image-3515\" srcset=\"https:\/\/autodeclaro.es\/wp-content\/uploads\/2022\/03\/Captura-de-pantalla-2022-03-10-a-las-15.37.07.png 791w, https:\/\/autodeclaro.es\/wp-content\/uploads\/2022\/03\/Captura-de-pantalla-2022-03-10-a-las-15.37.07-300x173.png 300w, https:\/\/autodeclaro.es\/wp-content\/uploads\/2022\/03\/Captura-de-pantalla-2022-03-10-a-las-15.37.07-768x443.png 768w, https:\/\/autodeclaro.es\/wp-content\/uploads\/2022\/03\/Captura-de-pantalla-2022-03-10-a-las-15.37.07-100x58.png 100w\" sizes=\"(max-width: 791px) 100vw, 791px\" \/><\/figure>\n\n\n\n<p><\/p>\n\n\n\n<p><strong>6\/<\/strong> Nous verrons que vous avez cr\u00e9\u00e9 un contribuable avec le DNI 00000000T, qui contient le formulaire 720 nouvellement import\u00e9. <\/p>\n\n\n\n<p>Double-cliquez sur le mod\u00e8le \"Remboursement_annuel_XX\/XX\/XX\/XXXX\".<\/p>\n\n\n\n<figure class=\"wp-block-image size-full\"><img decoding=\"async\" width=\"813\" height=\"548\" src=\"https:\/\/autodeclaro.es\/wp-content\/uploads\/2022\/03\/Captura-de-pantalla-2022-03-10-a-las-15.37.59.jpg\" alt=\"Double-cliquez sur le mod\u00e8le &quot;Remboursement_annuel_XX\/XX\/XX\/XXXX&quot;.\" class=\"wp-image-3517\" srcset=\"https:\/\/autodeclaro.es\/wp-content\/uploads\/2022\/03\/Captura-de-pantalla-2022-03-10-a-las-15.37.59.jpg 813w, https:\/\/autodeclaro.es\/wp-content\/uploads\/2022\/03\/Captura-de-pantalla-2022-03-10-a-las-15.37.59-300x202.jpg 300w, https:\/\/autodeclaro.es\/wp-content\/uploads\/2022\/03\/Captura-de-pantalla-2022-03-10-a-las-15.37.59-768x518.jpg 768w, https:\/\/autodeclaro.es\/wp-content\/uploads\/2022\/03\/Captura-de-pantalla-2022-03-10-a-las-15.37.59-18x12.jpg 18w, https:\/\/autodeclaro.es\/wp-content\/uploads\/2022\/03\/Captura-de-pantalla-2022-03-10-a-las-15.37.59-100x67.jpg 100w\" sizes=\"(max-width: 813px) 100vw, 813px\" \/><\/figure>\n\n\n\n<p><\/p>\n\n\n\n<p><strong>7\/ <\/strong>Vous verrez le contenu de la premi\u00e8re page. Si vous cliquez sur le bouton enregistrer, vous pourrez voir en d\u00e9tail les erreurs \u00e0 corriger.<\/p>\n\n\n\n<figure class=\"wp-block-image size-large\"><img decoding=\"async\" width=\"1024\" height=\"642\" src=\"https:\/\/autodeclaro.es\/wp-content\/uploads\/2022\/03\/Captura-de-pantalla-2022-03-10-a-las-15.40.46-1024x642.png\" alt=\"Vous verrez le contenu de la premi\u00e8re page. Si vous cliquez sur le bouton enregistrer, vous pourrez voir en d\u00e9tail les erreurs \u00e0 corriger.\" class=\"wp-image-3518\" srcset=\"https:\/\/autodeclaro.es\/wp-content\/uploads\/2022\/03\/Captura-de-pantalla-2022-03-10-a-las-15.40.46-1024x642.png 1024w, https:\/\/autodeclaro.es\/wp-content\/uploads\/2022\/03\/Captura-de-pantalla-2022-03-10-a-las-15.40.46-300x188.png 300w, https:\/\/autodeclaro.es\/wp-content\/uploads\/2022\/03\/Captura-de-pantalla-2022-03-10-a-las-15.40.46-768x481.png 768w, https:\/\/autodeclaro.es\/wp-content\/uploads\/2022\/03\/Captura-de-pantalla-2022-03-10-a-las-15.40.46-100x63.png 100w, https:\/\/autodeclaro.es\/wp-content\/uploads\/2022\/03\/Captura-de-pantalla-2022-03-10-a-las-15.40.46-1000x627.png 1000w, https:\/\/autodeclaro.es\/wp-content\/uploads\/2022\/03\/Captura-de-pantalla-2022-03-10-a-las-15.40.46.png 1064w\" sizes=\"(max-width: 1024px) 100vw, 1024px\" \/><\/figure>\n\n\n\n<p><strong>8\/ <\/strong>Les erreurs se r\u00e9f\u00e8rent \u00e0 :<\/p>\n\n\n\n<ul class=\"wp-block-list\">\n<li>Num\u00e9ro d'identification dans le pays de r\u00e9sidence fiscale<\/li>\n\n\n\n<li>Nom de la rue et num\u00e9ro de la maison<\/li>\n\n\n\n<li>Ville<\/li>\n\n\n\n<li>Province\/R\u00e9gion\/\u00c9tat<\/li>\n\n\n\n<li>Code postal<\/li>\n\n\n\n<li>Date de constitution<\/li>\n<\/ul>\n\n\n\n<figure class=\"wp-block-image size-full\"><img decoding=\"async\" width=\"810\" height=\"552\" src=\"https:\/\/autodeclaro.es\/wp-content\/uploads\/2022\/03\/Captura-de-pantalla-2022-03-10-a-las-15.42.01.png\" alt=\"Les erreurs concernent\" class=\"wp-image-3519\" srcset=\"https:\/\/autodeclaro.es\/wp-content\/uploads\/2022\/03\/Captura-de-pantalla-2022-03-10-a-las-15.42.01.png 810w, https:\/\/autodeclaro.es\/wp-content\/uploads\/2022\/03\/Captura-de-pantalla-2022-03-10-a-las-15.42.01-300x204.png 300w, https:\/\/autodeclaro.es\/wp-content\/uploads\/2022\/03\/Captura-de-pantalla-2022-03-10-a-las-15.42.01-768x523.png 768w, https:\/\/autodeclaro.es\/wp-content\/uploads\/2022\/03\/Captura-de-pantalla-2022-03-10-a-las-15.42.01-100x68.png 100w\" sizes=\"(max-width: 810px) 100vw, 810px\" \/><\/figure>\n\n\n\n<p><strong>Remarque :<\/strong> Ces erreurs n'apparaissent pas dans l'AEAT, les Conseils provinciaux de Bizkaia, Gipuzkoa ou le Tr\u00e9sor de Navarre. Seulement dans la Diputaci\u00f3n Provincial de Alava. <\/p>\n\n\n\n<p><strong>9\/ <\/strong>Fermer la fen\u00eatre pr\u00e9c\u00e9dente. <\/p>\n\n\n\n<p>Allez dans \"Pages\" et cliquez sur la fl\u00e8che droite pour afficher l'\u00e9cran ci-dessous. <\/p>\n\n\n\n<p>Cliquez sur les lignes du tableau ci-dessus et vous verrez le contenu de chaque poste.<\/p>\n\n\n\n<p>Les champs obligatoires sont signal\u00e9s par un point d'exclamation rouge.<\/p>\n\n\n\n<figure class=\"wp-block-image size-full\"><img decoding=\"async\" width=\"873\" height=\"732\" src=\"https:\/\/autodeclaro.es\/wp-content\/uploads\/2022\/03\/Captura-de-pantalla-2022-03-10-a-las-15.43.42.jpg\" alt=\"Fermer la fen\u00eatre pr\u00e9c\u00e9dente. \" class=\"wp-image-3520\" srcset=\"https:\/\/autodeclaro.es\/wp-content\/uploads\/2022\/03\/Captura-de-pantalla-2022-03-10-a-las-15.43.42.jpg 873w, https:\/\/autodeclaro.es\/wp-content\/uploads\/2022\/03\/Captura-de-pantalla-2022-03-10-a-las-15.43.42-300x252.jpg 300w, https:\/\/autodeclaro.es\/wp-content\/uploads\/2022\/03\/Captura-de-pantalla-2022-03-10-a-las-15.43.42-768x644.jpg 768w, https:\/\/autodeclaro.es\/wp-content\/uploads\/2022\/03\/Captura-de-pantalla-2022-03-10-a-las-15.43.42-14x12.jpg 14w, https:\/\/autodeclaro.es\/wp-content\/uploads\/2022\/03\/Captura-de-pantalla-2022-03-10-a-las-15.43.42-100x84.jpg 100w\" sizes=\"(max-width: 873px) 100vw, 873px\" \/><\/figure>\n\n\n\n<p><\/p>\n\n\n\n<p><strong>Remarque :<\/strong> <strong>Registres de type \"Bien ou droit originaire\" de type \"C\".<\/strong><\/p>\n\n\n\n<p>Si vous avez des enregistrements de type \"C\", il s'agit de titres \u00e9teints (ils ont \u00e9t\u00e9 d\u00e9clar\u00e9s dans votre pr\u00e9c\u00e9dente d\u00e9claration Mod\u00e8le 720 mais vous ne les d\u00e9tenez plus en portefeuille). La valorisation indiqu\u00e9e par Autodeclaro est celle que vous aviez dans votre pr\u00e9c\u00e9dente d\u00e9claration Mod\u00e8le 720, il conviendrait donc de la mettre \u00e0 jour avec la valeur de vente du titre en question ce jour-l\u00e0. <\/p>\n\n\n\n<p>Les fichiers CSV ne contiennent pas la date de la vente ni sa valeur, il n'est donc pas possible de les remplir automatiquement.<\/p>\n\n\n\n<p>En outre, ces <strong>les enregistrements de type \"C\" \u00e9tant des valeurs disparues<\/strong>appara\u00eetre <strong>\u00e0 la valeur totale du mod\u00e8le 720<\/strong>. C'est pourquoi <strong>il est possible que la somme de la valeur totale qui appara\u00eet dans le formulaire 720 soit sup\u00e9rieure \u00e0 sa valeur au 31 d\u00e9cembre, telle qu'indiqu\u00e9e par le courtier.<\/strong><\/p>\n\n\n\n<p><strong>10\/ <\/strong>Pour remplir l'adresse, nous pouvons la rechercher dans Yahoo Finance, ci-dessous l'adresse de l'exemple pr\u00e9c\u00e9dent \"SDI GROUP PLC\" et aussi l'adresse de \"Facebook\". <\/p>\n\n\n\n<p><a href=\"https:\/\/es.finance.yahoo.com\/quote\/SDI.L\/profile?p=SDI.L&amp;.tsrc=fin-srch\" target=\"_blank\" rel=\"noopener\">https:\/\/es.finance.yahoo.com\/quote\/SDI.L\/profile?p=SDI.L&amp;.tsrc=fin-srch<\/a><\/p>\n\n\n\n<p><a href=\"https:\/\/es.finance.yahoo.com\/quote\/FB\/profile?p=FB\" target=\"_blank\" rel=\"noopener\">https:\/\/es.finance.yahoo.com\/quote\/FB\/profile?p=FB<\/a><\/p>\n\n\n\n<p><strong>Remarque :<\/strong> Nous regrettons de ne pas pouvoir fournir cette information, car elle ne figure pas dans les CSV que vous nous fournissez. Dans le reste des tr\u00e9soreries r\u00e9gionales et m\u00eame \u00e0 l'Agence fiscale, il s'agit d'une valeur qui n'est pas obligatoire.<\/p>\n\n\n\n<p><strong>11\/<\/strong> Pour les <strong>num\u00e9ro d'identification fiscale<\/strong>est un peu plus compliqu\u00e9. En r\u00e8gle g\u00e9n\u00e9rale, en Espagne, il s'agit du CIF de l'entreprise, mais pour les entreprises \u00e9trang\u00e8res, on peut chercher sur Google \"num\u00e9ro d'identification fiscale + nom de l'entreprise\".<\/p>\n\n\n\n<p><strong>12\/<\/strong> Enfin, si nous voulons changer le DNI 00000000T pour le n\u00f4tre, nous avons deux options :<\/p>\n\n\n\n<p><strong>a\/ <\/strong>Copier la d\u00e9claration du mod\u00e8le 720 du d\u00e9clarant 0000000T vers notre d\u00e9clarant avec notre DNI (si nous l'avons d\u00e9j\u00e0 cr\u00e9\u00e9).<\/p>\n\n\n\n<figure class=\"wp-block-image size-full\"><img decoding=\"async\" width=\"833\" height=\"668\" src=\"https:\/\/autodeclaro.es\/wp-content\/uploads\/2022\/03\/Captura-de-pantalla-2022-03-10-a-las-16.21.11.jpg\" alt=\"Copier la d\u00e9claration du mod\u00e8le 720 du d\u00e9clarant 0000000T vers notre d\u00e9clarant avec notre DNI (si nous l&#039;avons d\u00e9j\u00e0 cr\u00e9\u00e9).\" class=\"wp-image-3523\" srcset=\"https:\/\/autodeclaro.es\/wp-content\/uploads\/2022\/03\/Captura-de-pantalla-2022-03-10-a-las-16.21.11.jpg 833w, https:\/\/autodeclaro.es\/wp-content\/uploads\/2022\/03\/Captura-de-pantalla-2022-03-10-a-las-16.21.11-300x241.jpg 300w, https:\/\/autodeclaro.es\/wp-content\/uploads\/2022\/03\/Captura-de-pantalla-2022-03-10-a-las-16.21.11-768x616.jpg 768w, https:\/\/autodeclaro.es\/wp-content\/uploads\/2022\/03\/Captura-de-pantalla-2022-03-10-a-las-16.21.11-15x12.jpg 15w, https:\/\/autodeclaro.es\/wp-content\/uploads\/2022\/03\/Captura-de-pantalla-2022-03-10-a-las-16.21.11-100x80.jpg 100w\" sizes=\"(max-width: 833px) 100vw, 833px\" \/><\/figure>\n\n\n\n<p><\/p>\n\n\n\n<p><strong>b\/ <\/strong>Si nous n'avons pas notre DNI comme d\u00e9clarant dans le programme, nous pouvons simplement remplacer le DNI 00000000T par notre DNI comme suit :<\/p>\n\n\n\n<figure class=\"wp-block-image size-full\"><img decoding=\"async\" width=\"1006\" height=\"581\" src=\"https:\/\/autodeclaro.es\/wp-content\/uploads\/2022\/03\/Captura-de-pantalla-2022-03-10-a-las-16.21.45.jpg\" alt=\"Si nous n&#039;avons pas notre DNI comme d\u00e9clarant dans le programme, nous pouvons simplement remplacer le DNI 00000000T par notre DNI comme suit :\" class=\"wp-image-3524\" srcset=\"https:\/\/autodeclaro.es\/wp-content\/uploads\/2022\/03\/Captura-de-pantalla-2022-03-10-a-las-16.21.45.jpg 1006w, https:\/\/autodeclaro.es\/wp-content\/uploads\/2022\/03\/Captura-de-pantalla-2022-03-10-a-las-16.21.45-300x173.jpg 300w, https:\/\/autodeclaro.es\/wp-content\/uploads\/2022\/03\/Captura-de-pantalla-2022-03-10-a-las-16.21.45-768x444.jpg 768w, https:\/\/autodeclaro.es\/wp-content\/uploads\/2022\/03\/Captura-de-pantalla-2022-03-10-a-las-16.21.45-18x10.jpg 18w, https:\/\/autodeclaro.es\/wp-content\/uploads\/2022\/03\/Captura-de-pantalla-2022-03-10-a-las-16.21.45-100x58.jpg 100w, https:\/\/autodeclaro.es\/wp-content\/uploads\/2022\/03\/Captura-de-pantalla-2022-03-10-a-las-16.21.45-1000x578.jpg 1000w\" sizes=\"(max-width: 1006px) 100vw, 1006px\" \/><\/figure>\n\n\n\n<p><\/p>\n\n\n\n<h3 class=\"gb-headline gb-headline-53b558d0 gb-headline-text\" id=\"hacienda-navarra\"><strong>Tr\u00e9sor de Navarre<\/strong> <\/h3>\n\n\n\n<h4 class=\"gb-headline gb-headline-8fe03f19 gb-headline-text\" id=\"hacienda-navarra\"><strong>R\u00e9vision du fichier .720<\/strong><\/h4>\n\n\n\n<p>La premi\u00e8re chose \u00e0 faire est d'adapter le fichier du mod\u00e8le 720 rempli par Autodeclaro. Il est accompagn\u00e9 d'un num\u00e9ro DNI\/NIF g\u00e9n\u00e9rique, qui est le suivant <strong>00000000T<\/strong>mais pour le bureau des imp\u00f4ts de Navarre, vous devez avoir le DNI\/NIF du titulaire qui va le pr\u00e9senter. N'oubliez pas que :<\/p>\n\n\n\n<ul class=\"wp-block-list\">\n<li><strong>DNI<\/strong>doit comporter 8 chiffres + une lettre <\/li>\n\n\n\n<li><strong>NIE<\/strong>lettre + 7 chiffres + lettre<\/li>\n<\/ul>\n\n\n\n<p>Pour ce faire, suivez les \u00e9tapes suivantes :<\/p>\n\n\n\n<ol class=\"wp-block-list\">\n<li>Ouvrez le fichier .720 g\u00e9n\u00e9r\u00e9 par Autodeclaro et re\u00e7u par courriel avec le Bloc-notes de Windows (si vous utilisez Mac, vous pouvez ouvrir 'TextEdit').<\/li>\n\n\n\n<li>Remplacer le DNI\/NIF <strong>00000000T<\/strong> avec votre carte d'identit\u00e9. N'oubliez pas d'avoir 9 chiffres au total. Si votre DNI doit \u00eatre pr\u00e9c\u00e9d\u00e9 de 0, veuillez les saisir.\n<ul class=\"wp-block-list\">\n<li>Aller \u00e0 la page <strong>Menu \"Editer<\/strong> et s\u00e9lectionnez <strong>\"Remplacer\" ou \"Remplacer\".<\/strong>. Apr\u00e8s avoir indiqu\u00e9 les textes, s\u00e9lectionnez <strong>\"Remplacer tout<\/strong>.<\/li>\n<\/ul>\n<\/li>\n<\/ol>\n\n\n<div class=\"wp-block-image\">\n<figure class=\"aligncenter size-full\"><img decoding=\"async\" width=\"745\" height=\"411\" src=\"https:\/\/autodeclaro.es\/wp-content\/uploads\/2023\/02\/image-8.png\" alt=\"Allez dans le menu &quot;Edition&quot; et s\u00e9lectionnez &quot;Remplacer&quot;. Apr\u00e8s avoir indiqu\u00e9 les textes, s\u00e9lectionnez &quot;Remplacer tout&quot;.\" class=\"wp-image-7614\" srcset=\"https:\/\/autodeclaro.es\/wp-content\/uploads\/2023\/02\/image-8.png 745w, https:\/\/autodeclaro.es\/wp-content\/uploads\/2023\/02\/image-8-300x166.png 300w, https:\/\/autodeclaro.es\/wp-content\/uploads\/2023\/02\/image-8-100x55.png 100w\" sizes=\"(max-width: 745px) 100vw, 745px\" \/><\/figure>\n<\/div>\n\n\n<h4 class=\"gb-headline gb-headline-30c43c3e gb-headline-text\" id=\"hacienda-navarra\"><strong>Pr\u00e9sentation du formulaire 720<\/strong><\/h4>\n\n\n\n<ol class=\"wp-block-list\">\n<li>Vous pouvez consulter le formulaire 720 sur le site web de l'administration fiscale de Navarre.\n<ul class=\"wp-block-list\">\n<li><a href=\"https:\/\/www.navarra.es\/es\/tramites\/on\/-\/line\/Declaracion-informativa-sobre-bienes-y-derechos-situados-en-el-extranjero-Modelo-720\" target=\"_blank\" rel=\"noreferrer noopener\">Formulaire 720<\/a>.<\/li>\n<\/ul>\n<\/li>\n\n\n\n<li>Aller \u00e0 <strong>\"TRAITEMENT\".<\/strong> et aller sur le bouton \u201c<strong>TRAMIT<\/strong>\u201c<\/li>\n<\/ol>\n\n\n<div class=\"wp-block-image\">\n<figure class=\"aligncenter size-full is-resized\"><img decoding=\"async\" width=\"951\" height=\"762\" src=\"https:\/\/autodeclaro.es\/wp-content\/uploads\/2026\/01\/image-18.png\" alt=\"\" class=\"wp-image-31426\" style=\"width:572px;height:auto\" srcset=\"https:\/\/autodeclaro.es\/wp-content\/uploads\/2026\/01\/image-18.png 951w, https:\/\/autodeclaro.es\/wp-content\/uploads\/2026\/01\/image-18-300x240.png 300w, https:\/\/autodeclaro.es\/wp-content\/uploads\/2026\/01\/image-18-768x615.png 768w, https:\/\/autodeclaro.es\/wp-content\/uploads\/2026\/01\/image-18-15x12.png 15w, https:\/\/autodeclaro.es\/wp-content\/uploads\/2026\/01\/image-18-100x80.png 100w\" sizes=\"(max-width: 951px) 100vw, 951px\" \/><\/figure>\n<\/div>\n\n\n<ol start=\"3\" class=\"wp-block-list\">\n<li>Sur l'\u00e9cran suivant, vous devez indiquer : \u201c<strong>EXERCICE<\/strong>\u201c, \u201c<strong>FNI<\/strong>\" y \"<strong>NOM, PR\u00c9NOM<\/strong>\u201c. Allez ensuite \u00e0 \u201c<strong>Cr\u00e9er une d\u00e9claration<\/strong>\u201c.<\/li>\n<\/ol>\n\n\n<div class=\"wp-block-image\">\n<figure class=\"aligncenter size-large is-resized\"><img decoding=\"async\" width=\"1024\" height=\"368\" src=\"https:\/\/autodeclaro.es\/wp-content\/uploads\/2026\/01\/image-19-1024x368.png\" alt=\"\" class=\"wp-image-31427\" style=\"width:856px;height:auto\" srcset=\"https:\/\/autodeclaro.es\/wp-content\/uploads\/2026\/01\/image-19-1024x368.png 1024w, https:\/\/autodeclaro.es\/wp-content\/uploads\/2026\/01\/image-19-300x108.png 300w, https:\/\/autodeclaro.es\/wp-content\/uploads\/2026\/01\/image-19-768x276.png 768w, https:\/\/autodeclaro.es\/wp-content\/uploads\/2026\/01\/image-19-18x6.png 18w, https:\/\/autodeclaro.es\/wp-content\/uploads\/2026\/01\/image-19-100x36.png 100w, https:\/\/autodeclaro.es\/wp-content\/uploads\/2026\/01\/image-19-1000x359.png 1000w, https:\/\/autodeclaro.es\/wp-content\/uploads\/2026\/01\/image-19.png 1244w\" sizes=\"(max-width: 1024px) 100vw, 1024px\" \/><\/figure>\n<\/div>\n\n\n<ol start=\"4\" class=\"wp-block-list\">\n<li>Vous pourrez alors importer votre Modelo 720. S\u00e9lectionnez le fichier en cliquant sur l'ic\u00f4ne \u201c<strong>joindre le fichier<\/strong>\u201det ensuite aller \u00e0 \u201c<strong>l'importation<\/strong>\u201c<\/li>\n<\/ol>\n\n\n\n<p><\/p>\n\n\n\n<p>Note : Rappelez-vous que votre fichier re\u00e7u par Autodeclaro doit avoir votre NIF comme indiqu\u00e9 ci-dessus. <a href=\"#hacienda-navarra\">expliqu\u00e9 pr\u00e9c\u00e9demment<\/a>.<\/p>\n\n\n<div class=\"wp-block-image\">\n<figure class=\"aligncenter size-large is-resized\"><img decoding=\"async\" width=\"1024\" height=\"443\" src=\"https:\/\/autodeclaro.es\/wp-content\/uploads\/2026\/01\/image-21-1024x443.png\" alt=\"\" class=\"wp-image-31429\" style=\"width:821px;height:auto\" srcset=\"https:\/\/autodeclaro.es\/wp-content\/uploads\/2026\/01\/image-21-1024x443.png 1024w, https:\/\/autodeclaro.es\/wp-content\/uploads\/2026\/01\/image-21-300x130.png 300w, https:\/\/autodeclaro.es\/wp-content\/uploads\/2026\/01\/image-21-768x332.png 768w, https:\/\/autodeclaro.es\/wp-content\/uploads\/2026\/01\/image-21-18x8.png 18w, https:\/\/autodeclaro.es\/wp-content\/uploads\/2026\/01\/image-21-100x43.png 100w, https:\/\/autodeclaro.es\/wp-content\/uploads\/2026\/01\/image-21-1000x432.png 1000w, https:\/\/autodeclaro.es\/wp-content\/uploads\/2026\/01\/image-21.png 1237w\" sizes=\"(max-width: 1024px) 100vw, 1024px\" \/><\/figure>\n<\/div>\n\n\n<ol start=\"5\" class=\"wp-block-list\">\n<li>Une fois l'importation effectu\u00e9e, vous pourrez consulter le r\u00e9sum\u00e9 de votre d\u00e9claration et la liste des marchandises import\u00e9es.<\/li>\n<\/ol>\n\n\n<div class=\"wp-block-image\">\n<figure class=\"aligncenter size-full\"><img decoding=\"async\" width=\"792\" height=\"847\" src=\"https:\/\/autodeclaro.es\/wp-content\/uploads\/2026\/01\/image-22.png\" alt=\"\" class=\"wp-image-31432\" srcset=\"https:\/\/autodeclaro.es\/wp-content\/uploads\/2026\/01\/image-22.png 792w, https:\/\/autodeclaro.es\/wp-content\/uploads\/2026\/01\/image-22-281x300.png 281w, https:\/\/autodeclaro.es\/wp-content\/uploads\/2026\/01\/image-22-768x821.png 768w, https:\/\/autodeclaro.es\/wp-content\/uploads\/2026\/01\/image-22-11x12.png 11w, https:\/\/autodeclaro.es\/wp-content\/uploads\/2026\/01\/image-22-100x107.png 100w\" sizes=\"(max-width: 792px) 100vw, 792px\" \/><\/figure>\n<\/div>\n\n\n<ol start=\"6\" class=\"wp-block-list\">\n<li>Vous pouvez passer en revue chaque actif en cliquant sur le bouton \u201c<strong>ic\u00f4ne d'\u00e9dition<\/strong>\u201c, \u201c<strong>cr\u00e9er un nouveau<\/strong>\u201d o \u201c<strong>Processus<\/strong>\u201dsi vous \u00eates d'accord avec ce qui a \u00e9t\u00e9 import\u00e9<\/li>\n<\/ol>\n\n\n\n<p><\/p>\n\n\n\n<p id=\"formatoNavarra\"><strong><a href=\"#formatoNavarra\" data-type=\"internal\" data-id=\"#formatoNavarra\">R\u00e9solution des erreurs qui peuvent survenir dans la Tr\u00e9sorerie de Navarre :<\/a><\/strong><\/p>\n\n\n\n<p>Actuellement, les cases suivantes sont obligatoires pour l'administration fiscale de Navarre<\/p>\n\n\n\n<ul class=\"wp-block-list\">\n<li>Le num\u00e9ro d'identification fiscale dans le pays de r\u00e9sidence fiscale est obligatoire (encadr\u00e9 25) : <\/li>\n\n\n\n<li>Date de constitution (case 32).<\/li>\n\n\n\n<li>Adresse de la propri\u00e9t\u00e9 Casillas (26,27, 28, 29, 30).<\/li>\n<\/ul>\n\n\n\n<p>Autodeclaro peut ne pas disposer de toutes les donn\u00e9es, mais pour \u00e9viter ces erreurs, une case \u00e0 cocher est pr\u00e9vue \u00e0 la fin de la commande. <strong>\u201cJe suis un contribuable de l'administration fiscale de&nbsp;<strong>Navarre<\/strong>&nbsp;\u201c<\/strong> de sorte que le mod\u00e8le 720 g\u00e9n\u00e9r\u00e9 ne doive pas \u00eatre compl\u00e9t\u00e9 du tout. <strong>Comment cela se passe-t-il ?<\/strong><\/p>\n\n\n\n<ul class=\"wp-block-list\">\n<li>Num\u00e9ro d'identification fiscale dans le pays de r\u00e9sidence fiscale obligatoire (case 25) : Si nous ne disposons pas de la donn\u00e9e dans notre base de donn\u00e9es, nous indiquerons par d\u00e9faut la valeur \u201c...\".\u201c<strong>ISIN<\/strong>\u201c.<\/li>\n\n\n\n<li>Date de constitution (case 32). <strong>La valeur par d\u00e9faut est le 1er janvier 2025.<\/strong> (ann\u00e9e en cours moins 1)<\/li>\n\n\n\n<li>Adresse du bien Bo\u00eetes (26, 27, 28, 29, 30). Si nous ne disposons pas des donn\u00e9es dans notre base de donn\u00e9es, nous indiquerons l'adresse par d\u00e9faut : <strong> \u201c-\u201c<\/strong>.<\/li>\n<\/ul>\n\n\n\n<p>Vous pouvez modifier ces informations manuellement \u00e0 tout moment apr\u00e8s l'importation du fichier.<\/p>\n\n\n\n<p>Vous pouvez \u00e9galement ne pas pr\u00e9senter de demande <\/p>\n\n\n\n<p><strong>Remarque :<\/strong> <strong>Type d'enregistrement \"Origine de la marchandise\" type \"C\".<\/strong><\/p>\n\n\n\n<p>Si vous avez des enregistrements de type \u201cC\u201d, il s'agit de titres \u00e9teints (ils ont \u00e9t\u00e9 d\u00e9clar\u00e9s dans votre pr\u00e9c\u00e9dente d\u00e9claration mod\u00e8le 720 mais vous ne les d\u00e9tenez plus dans votre portefeuille). <\/p>\n\n\n\n<p>Si vous avez utilis\u00e9 le CSV de votre courtier et joint les transactions, le montant et la date de la vente des enregistrements de type \u201cC\u201d sont automatiquement remplis. Le montant et la date de vente des enregistrements de type \"C\" sont automatiquement renseign\u00e9s.<\/p>\n\n\n\n<p>En outre, ces <strong>les enregistrements de type \"C\" \u00e9tant des valeurs disparues<\/strong>appara\u00eetre <strong>\u00e0 la valeur totale du mod\u00e8le 720<\/strong>. C'est pourquoi <strong>il est possible que la somme de la valeur totale indiqu\u00e9e sur le formulaire 720 soit sup\u00e9rieure \u00e0 sa valeur au 31 d\u00e9cembre telle qu'indiqu\u00e9e par le courtier ou sa plateforme d'investissement. <\/strong><\/p>\n\n\n\n<h2 class=\"gb-headline gb-headline-aad03357 gb-headline-text\" id=\"cuenta-efectivo\">D\u00e9clarer le compte en esp\u00e8ces de votre courtier<\/h2>\n\n\n\n<p>Si vous avez besoin <strong>d\u00e9clarer le compte en esp\u00e8ces de votre courtier<\/strong>, <a href=\"https:\/\/autodeclaro.es\/fr\/declarer-largent-liquide-de-votre-courtier-en-720\/\">Voici les instructions<\/a><\/p>\n\n<\/div><\/div>\n<\/div><\/div>\n\n<div class=\"gb-container gb-container-dec1d26e\"><div class=\"gb-inside-container\">\n<div class=\"gb-container gb-container-392bdfa1\"><div class=\"gb-inside-container\">\n<div class=\"gb-grid-wrapper gb-grid-wrapper-3bd61556\">\n<div class=\"gb-grid-column gb-grid-column-4ed7e94d\"><div class=\"gb-container gb-container-4ed7e94d\"><div class=\"gb-inside-container\">\n\n<h2 class=\"gb-headline gb-headline-857db351 gb-headline-text\">Aide<\/h2>\n\n\n<div class=\"gb-button-wrapper gb-button-wrapper-5233a7a8\">\n\n<a class=\"gb-button gb-button-84968700 gb-button-text\" href=\"https:\/\/autodeclaro.es\/fr\/contact\/\"><strong>CONTACT<\/strong><\/a>\n\n\n\n<a class=\"gb-button gb-button-47af23a3 gb-button-text\" href=\"https:\/\/autodeclaro.es\/fr\/securite\/\" target=\"_blank\" rel=\"noopener noreferrer\"><strong>S\u00c9CURIT\u00c9<\/strong><\/a>\n\n\n\n<a class=\"gb-button gb-button-908f69d2 gb-button-text\" href=\"https:\/\/autodeclaro.es\/fr\/a-propos-de\/\" target=\"_blank\" rel=\"noopener noreferrer\"><strong>A propos de moi<\/strong><\/a>\n\n\n\n<a class=\"gb-button gb-button-26ce780f gb-button-text\" href=\"https:\/\/modelorenta.com\" target=\"_blank\" rel=\"noopener noreferrer\"><strong>MOD\u00c8LE DE REVENU<\/strong><\/a>\n\n<\/div>\n<\/div><\/div><\/div>\n\n<div class=\"gb-grid-column gb-grid-column-02729e6c\"><div class=\"gb-container gb-container-02729e6c\"><div class=\"gb-inside-container\">\n\n<h2 class=\"gb-headline gb-headline-cf7354d8 gb-headline-text\">Navigation<\/h2>\n\n\n<div class=\"gb-button-wrapper gb-button-wrapper-efa19db8\">\n\n<a class=\"gb-button gb-button-23858bbd gb-button-text\" href=\"https:\/\/autodeclaro.es\/fr\/\"><strong>AUTODECLARO.ES<\/strong><\/a>\n\n\n\n<a class=\"gb-button gb-button-70a90825 gb-button-text\" href=\"https:\/\/autodeclaro.es\/fr\/comment-obtenir-les-extraits\/\"><strong>INSTRUCTIONS<\/strong><\/a>\n\n\n\n<a class=\"gb-button gb-button-79e93945 gb-button-text\" href=\"https:\/\/autodeclaro.es\/fr\/location-dautomobiles\/\"><strong>mod\u00e8le 100<\/strong><\/a>\n\n\n\n<a class=\"gb-button gb-button-3935bfe8 gb-button-text\" href=\"https:\/\/autodeclaro.es\/fr\/location-dautomobiles-2\/\"><strong>CRIPTOMONEDAS<\/strong><\/a>\n\n\n\n<a class=\"gb-button gb-button-1530f8e0 gb-button-text\" href=\"https:\/\/autodeclaro.es\/fr\/auto-720\/\"><strong>mod\u00e8le 720<\/strong><\/a>\n\n\n\n<a class=\"gb-button gb-button-a7800d52 gb-button-text\" href=\"https:\/\/autodeclaro.es\/fr\/voiture-721\/\"><strong>mod\u00e8le 721<\/strong><\/a>\n\n\n\n<a class=\"gb-button gb-button-86e6e154 gb-button-text\" href=\"https:\/\/autodeclaro.es\/fr\/auto-210\/\" target=\"_blank\" rel=\"noopener noreferrer\"><strong>MOD\u00c8LE 210<\/strong><\/a>\n\n\n\n<a class=\"gb-button gb-button-99c10d57 gb-button-text\" href=\"https:\/\/autodeclaro.es\/fr\/caracteristiques-3\/\"><strong>caract\u00e9ristiques<\/strong><\/a>\n\n\n\n<a class=\"gb-button gb-button-702d9b27 gb-button-text\" href=\"https:\/\/autodeclaro.es\/fr\/parler-de-nous\/\"><strong>PARLEZ DE NOUS<\/strong><\/a>\n\n\n\n<a class=\"gb-button gb-button-133699ef gb-button-text\" href=\"https:\/\/autodeclaro.es\/fr\/la-tarification\/\"><strong>TAUX<\/strong><\/a>\n\n<\/div>\n<\/div><\/div><\/div>\n\n<div class=\"gb-grid-column gb-grid-column-e97c2f8a\"><div class=\"gb-container gb-container-e97c2f8a\"><div class=\"gb-inside-container\">\n\n<h2 class=\"gb-headline gb-headline-9d7b1b26 gb-headline-text\">Juridique<\/h2>\n\n\n<div class=\"gb-button-wrapper gb-button-wrapper-da2420ec\">\n\n<a class=\"gb-button gb-button-364f54fc gb-button-text\" href=\"https:\/\/autodeclaro.es\/fr\/avis-juridique\/\">AVIS <strong>juridique<\/strong><\/a>\n\n\n\n<a class=\"gb-button gb-button-b2a6a2fc gb-button-text\" href=\"https:\/\/autodeclaro.es\/fr\/politique-de-confidentialite\/\"><strong>POLITIQUE DE CONFIDENTIALIT\u00c9<\/strong><\/a>\n\n\n\n<a class=\"gb-button gb-button-eb678b04 gb-button-text\" href=\"https:\/\/autodeclaro.es\/fr\/politique-en-matiere-de-cookies\/\"><strong>COOKIES<\/strong><\/a>\n\n\n\n<a class=\"gb-button gb-button-8850486f gb-button-text\" href=\"https:\/\/autodeclaro.es\/fr\/conditions-demploi\/\"><strong>CONDITIONS D'EMPLOI<\/strong><\/a>\n\n\n\n<a class=\"gb-button gb-button-88b4c17c gb-button-text\" href=\"https:\/\/autodeclaro.es\/fr\/programme-daffiliation\/\" target=\"_blank\" rel=\"noopener noreferrer\">DEVENIR AFFILI\u00c9<\/a>\n\n\n\n<a class=\"gb-button gb-button-12381714 gb-button-text\" href=\"\/fr\/#gdpr_cookie_modal\"><strong>pr\u00e9f\u00e9rence en mati\u00e8re de cookies<\/strong><\/a>\n\n<\/div>\n<\/div><\/div><\/div>\n\n<div class=\"gb-grid-column gb-grid-column-ca367b27\"><div class=\"gb-container gb-container-ca367b27\"><div class=\"gb-inside-container\">\n\n<h2 class=\"gb-headline gb-headline-65e0fe6e gb-headline-text\">Suivez-nous sur<\/h2>\n\n\n<div class=\"gb-button-wrapper gb-button-wrapper-7a42ce51\">\n\n<a class=\"gb-button gb-button-da71ac4d\" href=\"https:\/\/twitter.com\/autodeclaro\" target=\"_blank\" rel=\"nofollow noopener noreferrer\"><span class=\"gb-icon\"><svg width=\"1200\" height=\"1227\" viewbox=\"0 0 1200 1227\" fill=\"none\" xmlns=\"http:\/\/www.w3.org\/2000\/svg\"> <path d=\"M714.163 519.284L1160.89 0H1055.03L667.137 450.887L357.328 0H0L468.492 681.821L0 1226.37H105.866L515.491 750.218L842.672 1226.37H1200L714.137 519.284H714.163ZM569.165 687.828L521.697 619.934L144.011 79.6944H306.615L611.412 515.685L658.88 583.579L1055.08 1150.3H892.476L569.165 687.854V687.828Z\" fill=\"white\"><\/path><\/svg><\/span><\/a>\n\n\n\n<a class=\"gb-button gb-button-f531bb1b\" href=\"https:\/\/www.youtube.com\/channel\/UC47sIi2BOg2v8-IKUX5PVtg\" target=\"_blank\" rel=\"nofollow noopener noreferrer\"><span class=\"gb-icon\"><svg aria-hidden=\"true\" role=\"img\" height=\"1em\" width=\"1em\" viewbox=\"0 0 576 512\" xmlns=\"http:\/\/www.w3.org\/2000\/svg\"><path fill=\"currentColor\" d=\"M549.655 124.083c-6.281-23.65-24.787-42.276-48.284-48.597C458.781 64 288 64 288 64S117.22 64 74.629 75.486c-23.497 6.322-42.003 24.947-48.284 48.597-11.412 42.867-11.412 132.305-11.412 132.305s0 89.438 11.412 132.305c6.281 23.65 24.787 41.5 48.284 47.821C117.22 448 288 448 288 448s170.78 0 213.371-11.486c23.497-6.321 42.003-24.171 48.284-47.821 11.412-42.867 11.412-132.305 11.412-132.305s0-89.438-11.412-132.305zm-317.51 213.508V175.185l142.739 81.205-142.739 81.201z\"><\/path><\/svg><\/span><\/a>\n\n\n\n<a class=\"gb-button gb-button-b9a9c37c\" href=\"https:\/\/www.facebook.com\/autodeclaro\" target=\"_blank\" rel=\"nofollow noopener noreferrer\"><span class=\"gb-icon\"><svg xmlns=\"http:\/\/www.w3.org\/2000\/svg\" viewbox=\"0 0 320 512\" width=\"1em\" height=\"1em\" aria-hidden=\"true\"><path d=\"M279.14 288l14.22-92.66h-88.91v-60.13c0-25.35 12.42-50.06 52.24-50.06h40.42V6.26S260.43 0 225.36 0c-73.22 0-121.08 44.38-121.08 124.72v70.62H22.89V288h81.39v224h100.17V288z\" fill=\"currentColor\"><\/path><\/svg><\/span><\/a>\n\n\n\n<a class=\"gb-button gb-button-76c47084\" href=\"https:\/\/www.linkedin.com\/company\/autodeclaro\" target=\"_blank\" rel=\"nofollow noopener noreferrer\"><span class=\"gb-icon\"><svg xmlns=\"http:\/\/www.w3.org\/2000\/svg\" viewbox=\"0 0 448 512\" width=\"1em\" height=\"1em\" aria-hidden=\"true\"><path d=\"M100.28 448H7.4V148.9h92.88zM53.79 108.1C24.09 108.1 0 83.5 0 53.8a53.79 53.79 0 0 1 107.58 0c0 29.7-24.1 54.3-53.79 54.3zM447.9 448h-92.68V302.4c0-34.7-.7-79.2-48.29-79.2-48.29 0-55.69 37.7-55.69 76.7V448h-92.78V148.9h89.08v40.8h1.3c12.4-23.5 42.69-48.3 87.88-48.3 94 0 111.28 61.9 111.28 142.3V448z\" fill=\"currentColor\"><\/path><\/svg><\/span><\/a>\n\n\n\n<a class=\"gb-button gb-button-682f573a\" href=\"https:\/\/www.instagram.com\/autodeclaro\" target=\"_blank\" rel=\"nofollow noopener noreferrer\"><span class=\"gb-icon\"><svg xmlns=\"http:\/\/www.w3.org\/2000\/svg\" viewbox=\"0 0 448 512\" width=\"1em\" height=\"1em\" aria-hidden=\"true\"><path d=\"M224.1 141c-63.6 0-114.9 51.3-114.9 114.9s51.3 114.9 114.9 114.9S339 319.5 339 255.9 287.7 141 224.1 141zm0 189.6c-41.1 0-74.7-33.5-74.7-74.7s33.5-74.7 74.7-74.7 74.7 33.5 74.7 74.7-33.6 74.7-74.7 74.7zm146.4-194.3c0 14.9-12 26.8-26.8 26.8-14.9 0-26.8-12-26.8-26.8s12-26.8 26.8-26.8 26.8 12 26.8 26.8zm76.1 27.2c-1.7-35.9-9.9-67.7-36.2-93.9-26.2-26.2-58-34.4-93.9-36.2-37-2.1-147.9-2.1-184.9 0-35.8 1.7-67.6 9.9-93.9 36.1s-34.4 58-36.2 93.9c-2.1 37-2.1 147.9 0 184.9 1.7 35.9 9.9 67.7 36.2 93.9s58 34.4 93.9 36.2c37 2.1 147.9 2.1 184.9 0 35.9-1.7 67.7-9.9 93.9-36.2 26.2-26.2 34.4-58 36.2-93.9 2.1-37 2.1-147.8 0-184.8zM398.8 388c-7.8 19.6-22.9 34.7-42.6 42.6-29.5 11.7-99.5 9-132.1 9s-102.7 2.6-132.1-9c-19.6-7.8-34.7-22.9-42.6-42.6-11.7-29.5-9-99.5-9-132.1s-2.6-102.7 9-132.1c7.8-19.6 22.9-34.7 42.6-42.6 29.5-11.7 99.5-9 132.1-9s102.7-2.6 132.1 9c19.6 7.8 34.7 22.9 42.6 42.6 11.7 29.5 9 99.5 9 132.1s2.7 102.7-9 132.1z\" fill=\"currentColor\"><\/path><\/svg><\/span><\/a>\n\n<\/div>\n\n<div class=\"gb-container gb-container-2f03eff6\"><div class=\"gb-inside-container\">\n\n<p class=\"has-text-align-center\">Voir nos commentaires sur : <\/p>\n\n\n\n<figure class=\"gb-block-image gb-block-image-0990da93\"><a href=\"https:\/\/www.google.com\/maps\/place\/AutoDeclaro.es+-+Modelo+720,+Renta,+FIFO,+Dividendos,+Modelo+210\/@35.3392253,-15.8095226,5z\/data=!3m1!4b1!4m5!3m4!1s0x8f7b7a9c88ed2599:0x421c5f5b95409684!8m2!3d35.67445!4d-6.8143?shorturl=1\" target=\"_blank\" rel=\"noopener noreferrer\"><img decoding=\"async\" width=\"158\" height=\"64\" class=\"gb-image gb-image-0990da93\" src=\"https:\/\/autodeclaro.es\/wp-content\/uploads\/2021\/11\/google_review.png\" alt=\"\" title=\"google_review\" srcset=\"https:\/\/autodeclaro.es\/wp-content\/uploads\/2021\/11\/google_review.png 158w, https:\/\/autodeclaro.es\/wp-content\/uploads\/2021\/11\/google_review-18x7.png 18w, https:\/\/autodeclaro.es\/wp-content\/uploads\/2021\/11\/google_review-100x41.png 100w\" sizes=\"(max-width: 158px) 100vw, 158px\" \/><\/a><\/figure>\n\n\n\n<!-- TrustBox widget - Review Collector -->\n<div class=\"trustpilot-widget\" data-locale=\"en-US\" data-template-id=\"56278e9abfbbba0bdcd568bc\" data-businessunit-id=\"617722afa2f7e91d566495f3\" data-style-height=\"52px\" data-style-width=\"100%\" data-token=\"0cd00547-f94d-4057-ae20-b0d4838bdedb\">\n  <a href=\"https:\/\/www.trustpilot.com\/review\/autodeclaro.es\" target=\"_blank\" rel=\"noopener\">Trustpilot<\/a>\n<\/div>\n<!-- End TrustBox widget -->\n\n<\/div><\/div>\n<\/div><\/div><\/div>\n<\/div>\n<\/div><\/div>\n\n<div class=\"gb-grid-wrapper gb-grid-wrapper-8d2f1c2d\">\n<div class=\"gb-grid-column gb-grid-column-143d0181\"><div class=\"gb-container gb-container-143d0181\"><div class=\"gb-inside-container\">\n\n<p class=\"gb-headline gb-headline-1d654ec7 gb-headline-text\">\u00a9 2021 AUTODECLARO.ES - Tous droits r\u00e9serv\u00e9s<\/p>\n\n<\/div><\/div><\/div>\n\n<div class=\"gb-grid-column gb-grid-column-9df10302\"><div class=\"gb-container gb-container-9df10302\"><div class=\"gb-inside-container\">\n\n<p class=\"gb-headline gb-headline-e92cec68 gb-headline-text\"> LOGICIEL D\u00c9VELOPP\u00c9 EN ESPAGNE<\/p>\n\n<\/div><\/div><\/div>\n<\/div>\n<\/div><\/div>","protected":false},"excerpt":{"rendered":"<p>Instrucciones Modelo 720 Aviso:&nbsp;Autodeclaro no es una asesor\u00eda, ni tampoco somos expertos fiscales. Simplemente automatizamos la cumplimentaci\u00f3n del Modelo 720 a partir de los archivos que aportas usando la plantilla Excel, extractos de tu broker o plataforms crowdlending, cuentas y dep\u00f3sitos como Raisin. No nos hacemos responsables del uso que hagas de la informaci\u00f3n aqu\u00ed &#8230; <a title=\"Instructions pour le formulaire 720\" class=\"read-more\" href=\"https:\/\/autodeclaro.es\/fr\/instructions-auto-720\/\" aria-label=\"En savoir plus sur Instructions Mod\u00e8le 720\">Lire la suite<\/a><\/p>","protected":false},"author":1,"featured_media":0,"parent":0,"menu_order":0,"comment_status":"closed","ping_status":"closed","template":"","meta":{"footnotes":"[]"},"class_list":["post-6887","page","type-page","status-publish"],"_links":{"self":[{"href":"https:\/\/autodeclaro.es\/fr\/wp-json\/wp\/v2\/pages\/6887","targetHints":{"allow":["GET"]}}],"collection":[{"href":"https:\/\/autodeclaro.es\/fr\/wp-json\/wp\/v2\/pages"}],"about":[{"href":"https:\/\/autodeclaro.es\/fr\/wp-json\/wp\/v2\/types\/page"}],"author":[{"embeddable":true,"href":"https:\/\/autodeclaro.es\/fr\/wp-json\/wp\/v2\/users\/1"}],"replies":[{"embeddable":true,"href":"https:\/\/autodeclaro.es\/fr\/wp-json\/wp\/v2\/comments?post=6887"}],"version-history":[{"count":73,"href":"https:\/\/autodeclaro.es\/fr\/wp-json\/wp\/v2\/pages\/6887\/revisions"}],"predecessor-version":[{"id":35184,"href":"https:\/\/autodeclaro.es\/fr\/wp-json\/wp\/v2\/pages\/6887\/revisions\/35184"}],"wp:attachment":[{"href":"https:\/\/autodeclaro.es\/fr\/wp-json\/wp\/v2\/media?parent=6887"}],"curies":[{"name":"wp","href":"https:\/\/api.w.org\/{rel}","templated":true}]}}