{"id":4229,"date":"2022-04-14T12:57:21","date_gmt":"2022-04-14T10:57:21","guid":{"rendered":"https:\/\/autodeclaro.es\/?page_id=4229"},"modified":"2026-04-30T11:53:57","modified_gmt":"2026-04-30T09:53:57","slug":"anweisungen-zur-selbstanstellung","status":"publish","type":"page","link":"https:\/\/autodeclaro.es\/de\/anweisungen-zur-selbstanstellung\/","title":{"rendered":"Anleitung Auto Renta"},"content":{"rendered":"<div class=\"gb-container gb-container-7856c198\"><div class=\"gb-inside-container\">\n<div class=\"gb-container gb-container-5586d971\"><div class=\"gb-inside-container\">\n\n<h1 class=\"gb-headline gb-headline-5dabdb8f gb-headline-text\"><strong>Anleitung zur Selbstvermietung<\/strong><\/h1>\n\n\n\n<blockquote class=\"wp-block-quote is-layout-flow wp-block-quote-is-layout-flow\">\n<p><strong>Das ist wichtig:<\/strong> <strong><mark style=\"background-color:rgba(0, 0, 0, 0);color:#f30808\" class=\"has-inline-color\">Bitte beachten Sie, dass wir von Samstag, den 23. Mai, bis Mittwoch, den 3. Juni, nicht erreichbar sein werden.<\/mark><\/strong>. W\u00e4hrend dieser Zeit sind Verz\u00f6gerungen in jeder Art von Anfrage per E-Mail oder Whatsapp erwartet, sorry f\u00fcr die Unannehmlichkeiten.<\/p>\n<\/blockquote>\n\n\n\n<p><em><strong><span style=\"text-decoration: underline;\">Hinweis:<\/span> Autodeclaro ist kein Beratungsunternehmen und wir sind auch keine Steuerexperten. Wir automatisieren lediglich die Gewinn- und Verlustberechnung auf der Grundlage der Ausz\u00fcge, die Sie von Ihrem Broker erhalten.<\/strong><\/em><\/p>\n\n\n\n<p><em><strong>Wir sind nicht verantwortlich f\u00fcr die Verwendung der hier beschriebenen Informationen. Es liegt in Ihrer Verantwortung, die hier gegebenen Informationen oder Anweisungen mit einem Steuerberater zu \u00fcberpr\u00fcfen.<\/strong><\/em><\/p>\n\n\n\n<p><em><strong>Sie sind letztendlich und allein f\u00fcr Ihre Erkl\u00e4rung verantwortlich.&nbsp;<\/strong><\/em><\/p>\n\n\n\n<p>Sobald wir unseren Gewinn- und Verlustbericht, den Auto-Renta erstellt hat, erhalten haben, besteht der n\u00e4chste Schritt darin, die Betr\u00e4ge in unsere Steuererkl\u00e4rung zu \u00fcbertragen.<\/p>\n\n\n\n<p>Wenn Sie ihn noch nicht haben, k\u00f6nnen Sie ihn unter folgender Adresse generieren:<\/p>\n\n\n<div class=\"gb-button-wrapper gb-button-wrapper-b45f919b\">\n\n<a class=\"gb-button gb-button-01dfcec3 gb-button-text\" href=\"https:\/\/autodeclaro.es\/de\/produkt\/autovermietung\/\">Einkommensbericht<\/a>\n\n<\/div>\n\n\n<p>Die Anweisungen sind f\u00fcr die Agencia Tributaria AEAT verf\u00fcgbar, werden aber auch f\u00fcr die \u00fcbrigen Steuerbeh\u00f6rden des Baskenlandes und Navarras verf\u00fcgbar sein.<\/p>\n\n\n\n<ul class=\"wp-block-list\">\n<li><a href=\"#AEAT\">Steueragentur AEAT<\/a><\/li>\n\n\n\n<li><a href=\"#Araba\">Provinzialrat Araba<\/a><\/li>\n\n\n\n<li><a href=\"#Bizkaia\">Provinzialrat von Bizkaia<\/a><\/li>\n\n\n\n<li><a href=\"#Gipuzkoa\">Provinzialrat von Gipuzkoa<\/a><\/li>\n\n\n\n<li><a href=\"#Navarra\">Schatzkammer von Navarra<\/a> <\/li>\n<\/ul>\n\n\n\n<h2 class=\"gb-headline gb-headline-bf8932b7 gb-headline-text\" id=\"AEAT\"><strong>Steueragentur AEAT<\/strong><\/h2>\n\n\n\n<p>Den Zugang zur Renta de la AEAT finden Sie hier: <a href=\"https:\/\/sede.agenciatributaria.gob.es\/Sede\/Renta.html\" target=\"_blank\" rel=\"noreferrer noopener\">https:\/\/sede.agenciatributaria.gob.es\/Sede\/Renta.html<\/a><\/p>\n\n\n\n<p>In dem von autodeclaro erstellten Gewinn- und Verlustbericht gibt es mehrere Arten von Werten:<\/p>\n\n\n\n<ul class=\"wp-block-list\">\n<li><a href=\"#stocksAEAT\" data-type=\"internal\">Best\u00e4nde (Aktien)<\/a><\/li>\n\n\n\n<li><a href=\"#etfAEAT\">ETFs (neu 2026)<\/a><\/li>\n\n\n\n<li><a href=\"#opcionesAEAT\">Optionen, Futures, CFDs und Bargeld (Forex)<\/a><\/li>\n\n\n\n<li><a href=\"#dividendosAEAT\" data-type=\"internal\">Dividenden<\/a><\/li>\n<\/ul>\n\n\n\n<p>&nbsp;<\/p>\n\n\n\n<p><\/p>\n\n\n\n<figure class=\"wp-block-image size-large\"><img decoding=\"async\" width=\"1024\" height=\"477\" src=\"https:\/\/autodeclaro.es\/wp-content\/uploads\/2024\/04\/image-10-1024x477.png\" alt=\"\" class=\"wp-image-16170\" srcset=\"https:\/\/autodeclaro.es\/wp-content\/uploads\/2024\/04\/image-10-1024x477.png 1024w, https:\/\/autodeclaro.es\/wp-content\/uploads\/2024\/04\/image-10-300x140.png 300w, https:\/\/autodeclaro.es\/wp-content\/uploads\/2024\/04\/image-10-768x358.png 768w, https:\/\/autodeclaro.es\/wp-content\/uploads\/2024\/04\/image-10-1536x716.png 1536w, https:\/\/autodeclaro.es\/wp-content\/uploads\/2024\/04\/image-10-18x8.png 18w, https:\/\/autodeclaro.es\/wp-content\/uploads\/2024\/04\/image-10-100x47.png 100w, https:\/\/autodeclaro.es\/wp-content\/uploads\/2024\/04\/image-10-1000x466.png 1000w, https:\/\/autodeclaro.es\/wp-content\/uploads\/2024\/04\/image-10.png 1893w\" sizes=\"(max-width: 1024px) 100vw, 1024px\" \/><\/figure>\n\n\n\n<p>Im Bericht haben wir die Gewinne und Verluste nach Wertpapieren aufgeschl\u00fcsselt und dann nach Wertpapierarten gruppiert, so dass Sie schlie\u00dflich in der Renta die Werte angeben m\u00fcssen, die unterstrichen sind:<\/p>\n\n\n\n<ul class=\"wp-block-list\">\n<li><strong>Zwischensumme-STK - Abschnitt \u201cBest\u00e4nde (Aktien)<\/strong><\/li>\n\n\n\n<li><strong>Zwischensumme-OPT - Abschnitt \u201cOptionen\u201d<\/strong><\/li>\n\n\n\n<li>Es kann mehr Zwischensummen geben<\/li>\n<\/ul>\n\n\n\n<p>Ber\u00fccksichtigen Sie die Spalten von:<\/p>\n\n\n\n<ul class=\"wp-block-list\">\n<li>Gewinn<\/li>\n\n\n\n<li>Anrechenbarer Verlust<\/li>\n\n\n\n<li>Nicht anrechenbarer Verlust (2-Monats-Regel)<\/li>\n<\/ul>\n\n\n\n<p>Die Spalte <strong>\"Nicht blockierte Verluste aus anderen Jahren\".<\/strong> informativ ist, ist sie bereits in der Spalte <strong>\"Verlust, wenn er zugerechnet werden kann\".<\/strong>.<\/p>\n\n\n\n<h3 class=\"gb-headline gb-headline-d5514ec8 gb-headline-text\" id=\"stocksAEAT\"><strong>Best\u00e4nde (Aktien)<\/strong> - <strong>AEAT<\/strong><\/h3>\n\n\n\n<p>Weiter zur Seite <strong>16\/53<\/strong><\/p>\n\n\n\n<p><strong>F2. Kapitalgewinne und -verluste aus der \u00dcbertragung von Verm\u00f6genswerten (die in die Bemessungsgrundlage f\u00fcr die Zinsbesteuerung einzubeziehen sind) (Fortsetzung)<\/strong>Unterabschnitt&nbsp;<strong>Kapitalgewinne und -verluste aus der \u00dcbertragung von gehandelten Aktien<\/strong><\/p>\n\n\n\n<p>In diesem Abschnitt haben wir die&nbsp;<strong>Feld 0328, Gesamtbetrag der \u00dcbertragungen im Jahr 2025<\/strong>.<\/p>\n\n\n\n<p><strong>Anmerkung: <\/strong>In diesem Jahr 2026 gibt es neben dem Abschnitt \u201cGehandelte Aktien\u201d auch einen Abschnitt \u00fcber \u201cB\u00f6rsengehandelte Fonds (ETFs)\u201d. Die Zwischensumme der Gewinne und Verluste von ETFs wird wie folgt erl\u00e4utert <a href=\"#etfAEAT\">hier<\/a>, aber es wird auf \u00e4hnliche Weise wie bei Aktien gehandelt. <\/p>\n\n\n\n<p>Klicken Sie auf das Bleistift-Symbol und Sie sehen das folgende Fenster:<\/p>\n\n\n\n<figure class=\"wp-block-image size-full\"><img decoding=\"async\" width=\"972\" height=\"664\" src=\"https:\/\/autodeclaro.es\/wp-content\/uploads\/2022\/04\/f2_ventana.png\" alt=\"Klicken Sie auf das Bleistift-Symbol und es erscheint das folgende Fenster\" class=\"wp-image-4237\" srcset=\"https:\/\/autodeclaro.es\/wp-content\/uploads\/2022\/04\/f2_ventana.png 972w, https:\/\/autodeclaro.es\/wp-content\/uploads\/2022\/04\/f2_ventana-300x205.png 300w, https:\/\/autodeclaro.es\/wp-content\/uploads\/2022\/04\/f2_ventana-768x525.png 768w, https:\/\/autodeclaro.es\/wp-content\/uploads\/2022\/04\/f2_ventana-100x68.png 100w\" sizes=\"(max-width: 972px) 100vw, 972px\" \/><\/figure>\n\n\n\n<p>&nbsp;<\/p>\n\n\n\n<p>Vier Felder sind hier wichtig:<\/p>\n\n\n\n<ul class=\"wp-block-list\">\n<li>Ausstellende Stelle<\/li>\n\n\n\n<li>\u00dcbertragungswert<\/li>\n\n\n\n<li>Anschaffungswert<\/li>\n\n\n\n<li>Nichtzuweisung von Verlusten aus dem R\u00fcckkauf von homogenen Wertpapieren<\/li>\n<\/ul>\n\n\n\n<p>&nbsp;<\/p>\n\n\n\n<p>Anhand des Berichts k\u00f6nnen wir ihn wie folgt ausf\u00fcllen:<\/p>\n\n\n\n<ul class=\"wp-block-list\">\n<li>Ausstellende Stelle: <strong><mark class=\"has-inline-color has-contrast-color\" style=\"background-color: #e2f70f;\">\"Name des\/der Makler(s)<\/mark><\/strong><\/li>\n\n\n\n<li>\u00dcbertragungswert: <strong><mark style=\"background-color: #e2f70f;\" class=\"has-inline-color\">305.46<\/mark><\/strong><\/li>\n\n\n\n<li>Anschaffungswert: <strong><mark style=\"background-color: #e2f70f;\" class=\"has-inline-color\">121.69<\/mark><\/strong> (ohne negatives Vorzeichen)<\/li>\n\n\n\n<li>Nichtzuweisung von Verlusten aus dem R\u00fcckkauf von homogenen Wertpapieren: <mark style=\"background-color: #e2f70f;\" class=\"has-inline-color\"><strong>Kreuzen Sie dieses Feld nicht an, wenn Sie den anrechenbaren Gewinn oder Verlust melden.<\/strong><\/mark><\/li>\n<\/ul>\n\n\n\n<p><strong>Anmerkung:<\/strong> Wenn Sie einen Verlust haben, der nicht angerechnet werden kann, m\u00fcssen Sie <a href=\"#perdidaNoImputable\">einen neuen Datensatz anlegen<\/a><\/p>\n\n\n\n<p>&nbsp;<\/p>\n\n\n\n<figure class=\"wp-block-image size-large\"><img decoding=\"async\" width=\"1024\" height=\"477\" src=\"https:\/\/autodeclaro.es\/wp-content\/uploads\/2024\/04\/image-9-1024x477.png\" alt=\"\" class=\"wp-image-16169\" srcset=\"https:\/\/autodeclaro.es\/wp-content\/uploads\/2024\/04\/image-9-1024x477.png 1024w, https:\/\/autodeclaro.es\/wp-content\/uploads\/2024\/04\/image-9-300x140.png 300w, https:\/\/autodeclaro.es\/wp-content\/uploads\/2024\/04\/image-9-768x358.png 768w, https:\/\/autodeclaro.es\/wp-content\/uploads\/2024\/04\/image-9-1536x716.png 1536w, https:\/\/autodeclaro.es\/wp-content\/uploads\/2024\/04\/image-9-18x8.png 18w, https:\/\/autodeclaro.es\/wp-content\/uploads\/2024\/04\/image-9-100x47.png 100w, https:\/\/autodeclaro.es\/wp-content\/uploads\/2024\/04\/image-9-1000x466.png 1000w, https:\/\/autodeclaro.es\/wp-content\/uploads\/2024\/04\/image-9.png 1893w\" sizes=\"(max-width: 1024px) 100vw, 1024px\" \/><\/figure>\n\n\n\n<p>Schlie\u00dflich sehen wir das Ergebnis des Kapitalgewinns, wenn wir das Pop-up-Fenster schlie\u00dfen. Diese Informationen werden im Entwurf wie folgt wiedergegeben:<\/p>\n\n\n\n<figure class=\"wp-block-image size-large\"><img decoding=\"async\" width=\"1024\" height=\"762\" src=\"https:\/\/autodeclaro.es\/wp-content\/uploads\/2024\/04\/image-14-1024x762.png\" alt=\"\" class=\"wp-image-16178\" srcset=\"https:\/\/autodeclaro.es\/wp-content\/uploads\/2024\/04\/image-14-1024x762.png 1024w, https:\/\/autodeclaro.es\/wp-content\/uploads\/2024\/04\/image-14-300x223.png 300w, https:\/\/autodeclaro.es\/wp-content\/uploads\/2024\/04\/image-14-768x571.png 768w, https:\/\/autodeclaro.es\/wp-content\/uploads\/2024\/04\/image-14-16x12.png 16w, https:\/\/autodeclaro.es\/wp-content\/uploads\/2024\/04\/image-14-100x74.png 100w, https:\/\/autodeclaro.es\/wp-content\/uploads\/2024\/04\/image-14-1000x744.png 1000w, https:\/\/autodeclaro.es\/wp-content\/uploads\/2024\/04\/image-14.png 1156w\" sizes=\"(max-width: 1024px) 100vw, 1024px\" \/><\/figure>\n\n\n\n<p>&nbsp;<\/p>\n\n\n\n<p id=\"perdidaNoImputable\"><strong>Haben Sie einen Verlust, der nach der 2-Monats-Regel nicht angerechnet werden kann?<\/strong><\/p>\n\n\n\n<p>F\u00fcr diesen nicht anrechenbaren Verlust muss ein neuer Eintrag erstellt werden.<\/p>\n\n\n\n<p>In diesem Fall, wenn wir einen Verlust haben, der nicht von <strong>-200 \u20ac<\/strong>w\u00fcrde auf folgende Weise erfolgen<\/p>\n\n\n\n<ul class=\"wp-block-list\">\n<li>Ausstellende Stelle: <strong><mark class=\"has-inline-color has-contrast-color\" style=\"background-color: #e2f70f;\">\"WERTPAPIERE ZUR\u00dcCKKAUFEN\".<\/mark><\/strong><\/li>\n\n\n\n<li>\u00dcbertragungswert: <strong><mark class=\"has-inline-color\" style=\"background-color: #e2f70f;\">1<\/mark><\/strong> (erlaubt es nicht, den Wert 0 zu lassen)<\/li>\n\n\n\n<li>Anschaffungswert: <strong><mark class=\"has-inline-color\" style=\"background-color: #e2f70f;\">201<\/mark><\/strong> (ohne negatives Vorzeichen und addieren Sie 1, die wir im \u00dcbertragungswert hinzugef\u00fcgt haben.<\/li>\n\n\n\n<li>Nichtzuweisung von Verlusten aus dem R\u00fcckkauf von homogenen Wertpapieren:<mark class=\"has-inline-color\" style=\"background-color: #e2f70f;\"> <strong>Kreuzen Sie dieses K\u00e4stchen an, um Verluste aus dem R\u00fcckkauf von homogenen Wertpapieren nicht zuzuordnen.<\/strong><\/mark><\/li>\n<\/ul>\n\n\n\n<figure class=\"wp-block-image size-full\"><img decoding=\"async\" width=\"953\" height=\"645\" src=\"https:\/\/autodeclaro.es\/wp-content\/uploads\/2022\/05\/recompra_valores.png\" alt=\"\u00dcbertragung von begebbaren Aktien\" class=\"wp-image-4947\" srcset=\"https:\/\/autodeclaro.es\/wp-content\/uploads\/2022\/05\/recompra_valores.png 953w, https:\/\/autodeclaro.es\/wp-content\/uploads\/2022\/05\/recompra_valores-300x203.png 300w, https:\/\/autodeclaro.es\/wp-content\/uploads\/2022\/05\/recompra_valores-768x520.png 768w, https:\/\/autodeclaro.es\/wp-content\/uploads\/2022\/05\/recompra_valores-100x68.png 100w\" sizes=\"(max-width: 953px) 100vw, 953px\" \/><\/figure>\n\n\n\n<p>&nbsp;<\/p>\n\n\n\n<p><\/p>\n\n\n\n<h3 class=\"gb-headline gb-headline-530e9715 gb-headline-text\" id=\"etfAEAT\"><strong>ETFs<\/strong> <strong>- AEAT<\/strong><\/h3>\n\n\n\n<p>Weiter zu Seite 17\/55<\/p>\n\n\n\n<p><strong>F2. Kapitalgewinne und -verluste aus der \u00dcbertragung von Verm\u00f6genswerten (die in die Bemessungsgrundlage f\u00fcr die Zinsbesteuerung einzubeziehen sind) (Fortsetzung)<\/strong>Unterabschnitt\u00a0<strong>Nicht einbehaltene oder einbezahlte Kapitalgewinne und -verluste aus der \u00dcbertragung oder R\u00fccknahme von Anteilen oder Aktien<\/strong> <strong>Aktien, die von Organismen f\u00fcr gemeinsame Anlagen im Sinne von Artikel 75 Absatz 3 Buchstabe j) der Steuerverordnung ausgegeben werden<\/strong><\/p>\n\n\n\n<p><strong>Felder 2224 bis 2236<\/strong><\/p>\n\n\n\n<figure class=\"wp-block-image size-large\"><img decoding=\"async\" width=\"1024\" height=\"537\" src=\"https:\/\/autodeclaro.es\/wp-content\/uploads\/2026\/04\/image-8-1024x537.png\" alt=\"\" class=\"wp-image-36830\" srcset=\"https:\/\/autodeclaro.es\/wp-content\/uploads\/2026\/04\/image-8-1024x537.png 1024w, https:\/\/autodeclaro.es\/wp-content\/uploads\/2026\/04\/image-8-300x157.png 300w, https:\/\/autodeclaro.es\/wp-content\/uploads\/2026\/04\/image-8-768x402.png 768w, https:\/\/autodeclaro.es\/wp-content\/uploads\/2026\/04\/image-8-18x9.png 18w, https:\/\/autodeclaro.es\/wp-content\/uploads\/2026\/04\/image-8-100x52.png 100w, https:\/\/autodeclaro.es\/wp-content\/uploads\/2026\/04\/image-8-1000x524.png 1000w, https:\/\/autodeclaro.es\/wp-content\/uploads\/2026\/04\/image-8.png 1208w\" sizes=\"(max-width: 1024px) 100vw, 1024px\" \/><\/figure>\n\n\n\n<p><\/p>\n\n\n\n<p>Klicken Sie auf das Bleistift-Symbol und Sie sehen das folgende Fenster:<\/p>\n\n\n\n<p>Vier Felder sind hier wichtig:<\/p>\n\n\n\n<ul class=\"wp-block-list\">\n<li><strong>ISIN-Code der Aktien oder Anteile<\/strong><\/li>\n\n\n\n<li><strong>\u00dcbertragungswert<\/strong><\/li>\n\n\n\n<li><strong>Anschaffungswert<\/strong><\/li>\n\n\n\n<li><strong>Nichtzuweisung von Verlusten aus dem R\u00fcckkauf von homogenen Wertpapieren<\/strong><\/li>\n<\/ul>\n\n\n\n<p>Z.B.. Wenn wir erfinden, dass der Bericht einen Verlust von 123 \u20ac und einen Gewinn von 456 \u20ac ausweist, k\u00f6nnen wir ihn wie folgt ausf\u00fcllen:<\/p>\n\n\n\n<ul class=\"wp-block-list\">\n<li>ISIN-Code der Aktien oder Anteile: <strong><mark style=\"background-color: #e2f70f;\" class=\"has-inline-color has-contrast-color\">\"Name des\/der Makler(s)<\/mark><\/strong> (wir z\u00e4hlen alle Ergebnisse zusammen; wenn Sie sie einzeln angeben m\u00f6chten, k\u00f6nnen Sie den ISIN-Code des ETF angeben).<\/li>\n\n\n\n<li>\u00dcbertragungswert: <strong><mark style=\"background-color: #e2f70f;\" class=\"has-inline-color\">123<\/mark><\/strong><\/li>\n\n\n\n<li>Anschaffungswert: <strong><mark style=\"background-color: #e2f70f;\" class=\"has-inline-color\">456<\/mark><\/strong> (ohne negatives Vorzeichen)<\/li>\n\n\n\n<li>Nichtzuweisung von Verlusten aus dem R\u00fcckkauf von homogenen Wertpapieren: <mark style=\"background-color: #e2f70f;\" class=\"has-inline-color\"><strong>Kreuzen Sie dieses Feld nicht an, wenn Sie den anrechenbaren Gewinn oder Verlust melden.<\/strong><\/mark><\/li>\n<\/ul>\n\n\n\n<p><strong>Anmerkung:<\/strong> Wenn Sie einen Verlust haben, der nicht angerechnet werden kann, m\u00fcssen Sie <a href=\"#perdidaNoImputable\">einen neuen Datensatz anlegen<\/a> in \u00e4hnlicher Weise wie in den Aktionen erl\u00e4utert.<\/p>\n\n\n\n<figure class=\"wp-block-image size-full\"><img decoding=\"async\" width=\"956\" height=\"547\" src=\"https:\/\/autodeclaro.es\/wp-content\/uploads\/2026\/04\/image-9.png\" alt=\"\" class=\"wp-image-36831\" srcset=\"https:\/\/autodeclaro.es\/wp-content\/uploads\/2026\/04\/image-9.png 956w, https:\/\/autodeclaro.es\/wp-content\/uploads\/2026\/04\/image-9-300x172.png 300w, https:\/\/autodeclaro.es\/wp-content\/uploads\/2026\/04\/image-9-768x439.png 768w, https:\/\/autodeclaro.es\/wp-content\/uploads\/2026\/04\/image-9-18x10.png 18w, https:\/\/autodeclaro.es\/wp-content\/uploads\/2026\/04\/image-9-100x57.png 100w\" sizes=\"(max-width: 956px) 100vw, 956px\" \/><\/figure>\n\n\n\n<p><\/p>\n\n\n\n<h3 class=\"gb-headline gb-headline-931dff19 gb-headline-text\" id=\"opcionesAEAT\"><strong>Optionen (Futures), CFDs und Cash (Forex)<\/strong> <strong>- AEAT<\/strong><\/h3>\n\n\n\n<p>Forex-Barverk\u00e4ufe werden auf die gleiche Weise besteuert wie Finanzderivate wie Optionen, Futures und CFDs.<\/p>\n\n\n\n<p><strong>Anmerkung:<\/strong> Erstellen Sie f\u00fcr jede Zwischensumme von Optionen, CFDs, CASH usw. einen Web-Einkommenseintrag.<\/p>\n\n\n\n<p>Weiter zur Seite <strong>20\/53<\/strong><\/p>\n\n\n\n<p><strong><strong>F2. Ver\u00e4u\u00dferungsgewinne und -verluste aus der \u00dcbertragung von Verm\u00f6genswerten (die in die Bemessungsgrundlage f\u00fcr die Zinsbesteuerung einzubeziehen sind) (Fortsetzung) -&gt; Ver\u00e4u\u00dferungsgewinne und -verluste aus der \u00dcbertragung anderer Verm\u00f6genswerte.<\/strong><\/strong><\/p>\n\n\n\n<p>In diesem Abschnitt haben wir die&nbsp;<strong>Feld 1626: Art des Aktivpostens. Schl\u00fcssel.<\/strong><\/p>\n\n\n\n<figure class=\"wp-block-image size-large\"><img decoding=\"async\" width=\"1024\" height=\"605\" src=\"https:\/\/autodeclaro.es\/wp-content\/uploads\/2023\/04\/image-1-1024x605.png\" alt=\"Optionen (Futures), CFDs und Cash (Forex) - AEAT\" class=\"wp-image-9132\" srcset=\"https:\/\/autodeclaro.es\/wp-content\/uploads\/2023\/04\/image-1-1024x605.png 1024w, https:\/\/autodeclaro.es\/wp-content\/uploads\/2023\/04\/image-1-300x177.png 300w, https:\/\/autodeclaro.es\/wp-content\/uploads\/2023\/04\/image-1-768x454.png 768w, https:\/\/autodeclaro.es\/wp-content\/uploads\/2023\/04\/image-1-100x59.png 100w, https:\/\/autodeclaro.es\/wp-content\/uploads\/2023\/04\/image-1-1000x591.png 1000w, https:\/\/autodeclaro.es\/wp-content\/uploads\/2023\/04\/image-1.png 1375w\" sizes=\"(max-width: 1024px) 100vw, 1024px\" \/><\/figure>\n\n\n\n<p>&nbsp;<\/p>\n\n\n\n<p>Klicken Sie auf das Bleistift-Symbol und Sie sehen das folgende Fenster:<\/p>\n\n\n\n<figure class=\"wp-block-image size-full\"><img decoding=\"async\" width=\"890\" height=\"755\" src=\"https:\/\/autodeclaro.es\/wp-content\/uploads\/2023\/04\/image-3.png\" alt=\"Klicken Sie auf das Bleistift-Symbol und Sie sehen das folgende Fenster:\" class=\"wp-image-9134\" srcset=\"https:\/\/autodeclaro.es\/wp-content\/uploads\/2023\/04\/image-3.png 890w, https:\/\/autodeclaro.es\/wp-content\/uploads\/2023\/04\/image-3-300x254.png 300w, https:\/\/autodeclaro.es\/wp-content\/uploads\/2023\/04\/image-3-768x652.png 768w, https:\/\/autodeclaro.es\/wp-content\/uploads\/2023\/04\/image-3-100x85.png 100w\" sizes=\"(max-width: 890px) 100vw, 890px\" \/><\/figure>\n\n\n\n<p>&nbsp;<\/p>\n\n\n\n<p>Klicken Sie in diesem Fenster auf die Option:<strong>&nbsp;Sonstige Verm\u00f6genswerte, die keiner wirtschaftlichen T\u00e4tigkeit zuzuordnen sind.&nbsp;<\/strong><\/p>\n\n\n\n<p>In diesem neuen Fenster m\u00fcssen Sie ausw\u00e4hlen:<strong>&nbsp;4.- Sonstige Aktiva und Passiva, die nicht den wirtschaftlichen T\u00e4tigkeiten zuzuordnen sind&nbsp;<\/strong>und klicken Sie auf Akzeptieren.<\/p>\n\n\n\n<p>Das vorherige Fenster wird wieder angezeigt und Sie m\u00fcssen ebenfalls auf OK klicken. Sie sehen dann den folgenden Bildschirm<\/p>\n\n\n\n<figure class=\"wp-block-image size-large\"><img decoding=\"async\" width=\"1024\" height=\"688\" src=\"https:\/\/autodeclaro.es\/wp-content\/uploads\/2023\/04\/image-4-1024x688.png\" alt=\"Das vorherige Fenster wird wieder angezeigt und Sie m\u00fcssen ebenfalls auf OK klicken. Sie sehen dann den folgenden Bildschirm\" class=\"wp-image-9135\" srcset=\"https:\/\/autodeclaro.es\/wp-content\/uploads\/2023\/04\/image-4-1024x688.png 1024w, https:\/\/autodeclaro.es\/wp-content\/uploads\/2023\/04\/image-4-300x201.png 300w, https:\/\/autodeclaro.es\/wp-content\/uploads\/2023\/04\/image-4-768x516.png 768w, https:\/\/autodeclaro.es\/wp-content\/uploads\/2023\/04\/image-4-100x67.png 100w, https:\/\/autodeclaro.es\/wp-content\/uploads\/2023\/04\/image-4-1000x671.png 1000w, https:\/\/autodeclaro.es\/wp-content\/uploads\/2023\/04\/image-4.png 1382w\" sizes=\"(max-width: 1024px) 100vw, 1024px\" \/><\/figure>\n\n\n\n<p>&nbsp;<\/p>\n\n\n\n<p>Das Feld wurde aktiviert&nbsp;<strong>1631<\/strong>:&nbsp;<strong>Datum der \u00dcbermittlung (Tag, Monat und Jahr),&nbsp;<\/strong>unter<strong>&nbsp;Datum und Wert der \u00dcbertragung und des Erwerbs.<\/strong>&nbsp;<\/p>\n\n\n\n<p>Klicken Sie auf das Bleistiftsymbol und es \u00f6ffnet sich der folgende Bildschirm:<\/p>\n\n\n\n<figure class=\"wp-block-image size-full\"><img decoding=\"async\" width=\"960\" height=\"951\" src=\"https:\/\/autodeclaro.es\/wp-content\/uploads\/2022\/04\/F2_opciones5.jpg\" alt=\"Klicken Sie auf das Bleistiftsymbol und es \u00f6ffnet sich der folgende Bildschirm:\" class=\"wp-image-4263\" srcset=\"https:\/\/autodeclaro.es\/wp-content\/uploads\/2022\/04\/F2_opciones5.jpg 960w, https:\/\/autodeclaro.es\/wp-content\/uploads\/2022\/04\/F2_opciones5-300x297.jpg 300w, https:\/\/autodeclaro.es\/wp-content\/uploads\/2022\/04\/F2_opciones5-150x150.jpg 150w, https:\/\/autodeclaro.es\/wp-content\/uploads\/2022\/04\/F2_opciones5-768x761.jpg 768w, https:\/\/autodeclaro.es\/wp-content\/uploads\/2022\/04\/F2_opciones5-12x12.jpg 12w, https:\/\/autodeclaro.es\/wp-content\/uploads\/2022\/04\/F2_opciones5-100x100.jpg 100w\" sizes=\"(max-width: 960px) 100vw, 960px\" \/><\/figure>\n\n\n\n<p>&nbsp;<\/p>\n\n\n\n<p>Gem\u00e4\u00df dem oben genannten Autodeclaro-Bericht m\u00fcssen folgende Daten eingegeben werden<\/p>\n\n\n\n<ul class=\"wp-block-list\">\n<li><strong>Datum des Erwerbs:<\/strong>&nbsp;1.1.2025 (da es sich um zusammengefasste Ergebnisse handelt, geben wir den Beginn des Steuerzeitraums an)<\/li>\n\n\n\n<li><strong>Datum der \u00dcbermittlung:<\/strong>&nbsp;31\/12\/2025 (da es sich um zusammengefasste Ergebnisse handelt, geben wir das Ende des Steuerzeitraums an)<\/li>\n\n\n\n<li><strong>Anschaffungswert:<\/strong>&nbsp;Klicken Sie auf das Bleistiftsymbol. Geben Sie den Betrag von <strong>\"Verlust, wenn zurechenbar\" ohne das Minuszeichen<\/strong>. In unserem Beispiel <strong>w\u00fcrde 0 sein<\/strong>.<\/li>\n\n\n\n<li><strong>\u00dcbertragungswert:<\/strong>&nbsp;Klicken Sie auf das Bleistiftsymbol. Geben Sie den Betrag von <strong>\"Gewinn<\/strong>\" wie folgt. In unserem Beispiel <strong>w\u00e4re 200,92<\/strong>:<\/li>\n<\/ul>\n\n\n<div class=\"wp-block-image\">\n<figure class=\"aligncenter size-full\"><img decoding=\"async\" width=\"513\" height=\"315\" src=\"https:\/\/autodeclaro.es\/wp-content\/uploads\/2022\/04\/F2_opciones9.png\" alt=\"\u00dcbertragungswert: Klicken Sie auf das Bleistiftsymbol. Geben Sie den Betrag des &quot;Gewinns&quot; wie folgt ein. In unserem Beispiel w\u00e4re das 200,92:\" class=\"wp-image-4269\" srcset=\"https:\/\/autodeclaro.es\/wp-content\/uploads\/2022\/04\/F2_opciones9.png 513w, https:\/\/autodeclaro.es\/wp-content\/uploads\/2022\/04\/F2_opciones9-300x184.png 300w, https:\/\/autodeclaro.es\/wp-content\/uploads\/2022\/04\/F2_opciones9-100x61.png 100w\" sizes=\"(max-width: 513px) 100vw, 513px\" \/><\/figure>\n<\/div>\n\n\n<figure class=\"wp-block-image size-full\"><img decoding=\"async\" width=\"903\" height=\"375\" src=\"https:\/\/autodeclaro.es\/wp-content\/uploads\/2022\/04\/F2_opciones6.png\" alt=\"\u00dcbertragungswert: Klicken Sie auf das Bleistiftsymbol. Geben Sie den Betrag des &quot;Gewinns&quot; wie folgt ein. In unserem Beispiel w\u00e4re das 200,92:\" class=\"wp-image-4264\" srcset=\"https:\/\/autodeclaro.es\/wp-content\/uploads\/2022\/04\/F2_opciones6.png 903w, https:\/\/autodeclaro.es\/wp-content\/uploads\/2022\/04\/F2_opciones6-300x125.png 300w, https:\/\/autodeclaro.es\/wp-content\/uploads\/2022\/04\/F2_opciones6-768x319.png 768w, https:\/\/autodeclaro.es\/wp-content\/uploads\/2022\/04\/F2_opciones6-100x42.png 100w\" sizes=\"(max-width: 903px) 100vw, 903px\" \/><\/figure>\n\n\n\n<p>&nbsp;<\/p>\n\n\n\n<p>&nbsp;<\/p>\n\n\n\n<figure class=\"wp-block-image size-large\"><img decoding=\"async\" width=\"1024\" height=\"477\" src=\"https:\/\/autodeclaro.es\/wp-content\/uploads\/2024\/04\/image-11-1024x477.png\" alt=\"\" class=\"wp-image-16171\" srcset=\"https:\/\/autodeclaro.es\/wp-content\/uploads\/2024\/04\/image-11-1024x477.png 1024w, https:\/\/autodeclaro.es\/wp-content\/uploads\/2024\/04\/image-11-300x140.png 300w, https:\/\/autodeclaro.es\/wp-content\/uploads\/2024\/04\/image-11-768x358.png 768w, https:\/\/autodeclaro.es\/wp-content\/uploads\/2024\/04\/image-11-1536x716.png 1536w, https:\/\/autodeclaro.es\/wp-content\/uploads\/2024\/04\/image-11-18x8.png 18w, https:\/\/autodeclaro.es\/wp-content\/uploads\/2024\/04\/image-11-100x47.png 100w, https:\/\/autodeclaro.es\/wp-content\/uploads\/2024\/04\/image-11-1000x466.png 1000w, https:\/\/autodeclaro.es\/wp-content\/uploads\/2024\/04\/image-11.png 1893w\" sizes=\"(max-width: 1024px) 100vw, 1024px\" \/><\/figure>\n\n\n\n<p>Sie w\u00fcrde folgenderma\u00dfen aussehen:<\/p>\n\n\n\n<figure class=\"wp-block-image size-full\"><img decoding=\"async\" width=\"965\" height=\"786\" src=\"https:\/\/autodeclaro.es\/wp-content\/uploads\/2025\/05\/image-10.png\" alt=\"\" class=\"wp-image-26742\" srcset=\"https:\/\/autodeclaro.es\/wp-content\/uploads\/2025\/05\/image-10.png 965w, https:\/\/autodeclaro.es\/wp-content\/uploads\/2025\/05\/image-10-300x244.png 300w, https:\/\/autodeclaro.es\/wp-content\/uploads\/2025\/05\/image-10-768x626.png 768w, https:\/\/autodeclaro.es\/wp-content\/uploads\/2025\/05\/image-10-15x12.png 15w, https:\/\/autodeclaro.es\/wp-content\/uploads\/2025\/05\/image-10-100x81.png 100w\" sizes=\"(max-width: 965px) 100vw, 965px\" \/><\/figure>\n\n\n\n<p>&nbsp;<\/p>\n\n\n\n<p>Klicken Sie auf Akzeptieren und das Ergebnis ist:<\/p>\n\n\n\n<figure class=\"wp-block-image size-full\"><img decoding=\"async\" width=\"919\" height=\"846\" src=\"https:\/\/autodeclaro.es\/wp-content\/uploads\/2025\/05\/image-9.png\" alt=\"\" class=\"wp-image-26741\" srcset=\"https:\/\/autodeclaro.es\/wp-content\/uploads\/2025\/05\/image-9.png 919w, https:\/\/autodeclaro.es\/wp-content\/uploads\/2025\/05\/image-9-300x276.png 300w, https:\/\/autodeclaro.es\/wp-content\/uploads\/2025\/05\/image-9-768x707.png 768w, https:\/\/autodeclaro.es\/wp-content\/uploads\/2025\/05\/image-9-13x12.png 13w, https:\/\/autodeclaro.es\/wp-content\/uploads\/2025\/05\/image-9-100x92.png 100w\" sizes=\"(max-width: 919px) 100vw, 919px\" \/><\/figure>\n\n\n\n<p>&nbsp;<\/p>\n\n\n\n<p>&nbsp;<\/p>\n\n\n\n<p><strong>Anmerkung:<\/strong> Wenn wir Futures, Cash (Forex) h\u00e4tten, w\u00fcrde es auf die gleiche Weise gemacht werden, einschlie\u00dflich eines neuen Eintrags f\u00fcr jede Zwischensumme.<\/p>\n\n\n\n<p>&nbsp;<\/p>\n\n\n\n<h3 class=\"gb-headline gb-headline-e13a7b52 gb-headline-text\" id=\"dividendosAEAT\"><strong>Dividenden<\/strong> <strong>AEAT<\/strong><\/h3>\n\n\n\n<p><strong>Anmerkung:<\/strong> Kupons aus Anleihen werden hier ausgewiesen, da sie bei Brokern auch als Dividenden erscheinen.<\/p>\n\n\n\n<p>Es gibt zwei Abschnitte, in denen dividendenbezogene Informationen angegeben werden k\u00f6nnen:<\/p>\n\n\n\n<ul class=\"wp-block-list\">\n<li>Feld 0029: Dividenden und Quellensteuer bei Bestimmung<\/li>\n\n\n\n<li>Feld Nr. 0588: Internationale Doppelbesteuerung<\/li>\n\n\n\n<li>Feld 0033: Kupons aus Anleihen (analog zu den Dividenden in Feld 0029)<\/li>\n<\/ul>\n\n\n\n<h3 class=\"gb-headline gb-headline-6d3a6018 gb-headline-text\">Feld 0029<\/h3>\n\n\n\n<p>Weiter zur Seite <strong>6\/53<\/strong><\/p>\n\n\n\n<p><strong><strong>B. Eink\u00fcnfte aus beweglichem Kapital -&gt; Eink\u00fcnfte aus beweglichem Kapital, die in die Zinsbesteuerungsgrundlage einzubeziehen sind.<\/strong><\/strong><\/p>\n\n\n\n<p>In diesem Abschnitt haben wir die&nbsp;<strong>Feld 0029: Dividenden und andere Ertr\u00e4ge aus Beteiligungen an Eigenmitteln von Unternehmen.<\/strong><\/p>\n\n\n\n<figure class=\"wp-block-image size-large\"><img decoding=\"async\" width=\"1024\" height=\"558\" src=\"https:\/\/autodeclaro.es\/wp-content\/uploads\/2023\/04\/image-5-1024x558.png\" alt=\"Feld 0029\" class=\"wp-image-9136\" srcset=\"https:\/\/autodeclaro.es\/wp-content\/uploads\/2023\/04\/image-5-1024x558.png 1024w, https:\/\/autodeclaro.es\/wp-content\/uploads\/2023\/04\/image-5-300x163.png 300w, https:\/\/autodeclaro.es\/wp-content\/uploads\/2023\/04\/image-5-768x418.png 768w, https:\/\/autodeclaro.es\/wp-content\/uploads\/2023\/04\/image-5-100x54.png 100w, https:\/\/autodeclaro.es\/wp-content\/uploads\/2023\/04\/image-5-1000x545.png 1000w, https:\/\/autodeclaro.es\/wp-content\/uploads\/2023\/04\/image-5.png 1371w\" sizes=\"(max-width: 1024px) 100vw, 1024px\" \/><\/figure>\n\n\n\n<p>&nbsp;<\/p>\n\n\n\n<p>Gehen Sie auf das Bleistift-Symbol und Sie werden den folgenden Bildschirm sehen:<\/p>\n\n\n\n<figure class=\"wp-block-image size-full\"><img decoding=\"async\" width=\"963\" height=\"592\" src=\"https:\/\/autodeclaro.es\/wp-content\/uploads\/2022\/04\/image.png\" alt=\"Gehen Sie auf das Bleistift-Symbol und Sie werden den folgenden Bildschirm sehen:\" class=\"wp-image-4399\" srcset=\"https:\/\/autodeclaro.es\/wp-content\/uploads\/2022\/04\/image.png 963w, https:\/\/autodeclaro.es\/wp-content\/uploads\/2022\/04\/image-300x184.png 300w, https:\/\/autodeclaro.es\/wp-content\/uploads\/2022\/04\/image-768x472.png 768w, https:\/\/autodeclaro.es\/wp-content\/uploads\/2022\/04\/image-100x61.png 100w\" sizes=\"(max-width: 963px) 100vw, 963px\" \/><\/figure>\n\n\n\n<p>&nbsp;<\/p>\n\n\n\n<p>Nach dem Dividendenbericht wird es notwendig sein, dies anzugeben:<\/p>\n\n\n\n<ul class=\"wp-block-list\">\n<li><strong>Integriertes Einkommen:<\/strong> 260.93 \u20ac (<strong>Spalte Bruttobetrag (\u20ac)<\/strong> <strong>im Bericht<\/strong>)<\/li>\n\n\n\n<li><strong>Einbehalte:<\/strong> 23.38 \u20ac (<strong>Quellensteuer - Spanien (\u20ac) Spalte im Bericht<\/strong>) \n<ul class=\"wp-block-list\">\n<li>Wenn in Ihrem Fall die Quellensteuer 0 \u20ac betr\u00e4gt, warnt Sie das Programm in einem Pop-up-Fenster, dass es die Quellensteuer nicht ber\u00fccksichtigt hat. Dies ist nur eine Warnung, Sie k\u00f6nnen ohne Probleme fortfahren).<\/li>\n\n\n\n<li>Die Spalte <strong>\"% gem\u00e4\u00df der Vereinbarungsgrenze\".<\/strong> ist der maximale Prozentsatz, der gem\u00e4\u00df der Vereinbarung im Detail in der <a href=\"https:\/\/sede.agenciatributaria.gob.es\/Sede\/ayuda\/manuales-videos-folletos\/manuales-practicos\/manual-tributacion-no-residentes\/anexos\/limites-imposicion-convenios.html\" target=\"_blank\" rel=\"noreferrer noopener\">Steuer-Website<\/a>.<\/li>\n<\/ul>\n<\/li>\n<\/ul>\n\n\n\n<p><strong>Anmerkung:<\/strong><\/p>\n\n\n\n<ul class=\"wp-block-list\">\n<li><strong>Verwaltungs- und Hinterlegungskosten<\/strong>. Dies kann Folgendes beinhalten:\n<ul class=\"wp-block-list\">\n<li>Kosten der Marktanbindung.<\/li>\n\n\n\n<li>Provisionen f\u00fcr die Verwahrstelle.<\/li>\n\n\n\n<li>Tobin-Steuer (nicht erforderlich, sie ist in der Provision f\u00fcr den Aktienkauf ab dem 23\/04\/2026 enthalten).<\/li>\n\n\n\n<li>Andere, oben nicht aufgef\u00fchrte Provisionen<\/li>\n<\/ul>\n<\/li>\n<\/ul>\n\n\n\n<p><\/p>\n\n\n\n<p>Wir werden uns bem\u00fchen, sie in k\u00fcnftigen Aktualisierungen in den Bericht aufzunehmen, aber in diesem Stadium sind sie noch nicht enthalten.<\/p>\n\n\n\n<figure class=\"wp-block-image size-large\"><img decoding=\"async\" width=\"1024\" height=\"178\" src=\"https:\/\/autodeclaro.es\/wp-content\/uploads\/2024\/04\/image-12-1024x178.png\" alt=\"\" class=\"wp-image-16172\" srcset=\"https:\/\/autodeclaro.es\/wp-content\/uploads\/2024\/04\/image-12-1024x178.png 1024w, https:\/\/autodeclaro.es\/wp-content\/uploads\/2024\/04\/image-12-300x52.png 300w, https:\/\/autodeclaro.es\/wp-content\/uploads\/2024\/04\/image-12-768x133.png 768w, https:\/\/autodeclaro.es\/wp-content\/uploads\/2024\/04\/image-12-18x3.png 18w, https:\/\/autodeclaro.es\/wp-content\/uploads\/2024\/04\/image-12-100x17.png 100w, https:\/\/autodeclaro.es\/wp-content\/uploads\/2024\/04\/image-12-1000x174.png 1000w, https:\/\/autodeclaro.es\/wp-content\/uploads\/2024\/04\/image-12.png 1360w\" sizes=\"(max-width: 1024px) 100vw, 1024px\" \/><\/figure>\n\n\n\n<p>Sobald dieser Teil abgeschlossen ist, muss die \"Internationale Doppelbesteuerung\" eingef\u00fchrt werden.<\/p>\n\n\n\n<p><strong>Internationale Doppelbesteuerung<\/strong><\/p>\n\n\n\n<h3 class=\"gb-headline gb-headline-66230468 gb-headline-text\">Feld 0588<\/h3>\n\n\n\n<p>Weiter zur Seite <strong>33\/53<\/strong><\/p>\n\n\n\n<p><strong><strong>M. Berechnung der Steuer und Ergebnis in der Steuererkl\u00e4rung<\/strong><\/strong><\/p>\n\n\n\n<p>In diesem Abschnitt haben wir die&nbsp;<strong>Feld Nr. 0588: Bei internationaler Doppelbesteuerung von im Ausland erzielten und besteuerten Eink\u00fcnften<\/strong><\/p>\n\n\n\n<figure class=\"wp-block-image size-large\"><img decoding=\"async\" width=\"1024\" height=\"354\" src=\"https:\/\/autodeclaro.es\/wp-content\/uploads\/2022\/04\/dividendos_renta3-1024x354.png\" alt=\"Feld 0588\" class=\"wp-image-4403\" srcset=\"https:\/\/autodeclaro.es\/wp-content\/uploads\/2022\/04\/dividendos_renta3-1024x354.png 1024w, https:\/\/autodeclaro.es\/wp-content\/uploads\/2022\/04\/dividendos_renta3-300x104.png 300w, https:\/\/autodeclaro.es\/wp-content\/uploads\/2022\/04\/dividendos_renta3-768x266.png 768w, https:\/\/autodeclaro.es\/wp-content\/uploads\/2022\/04\/dividendos_renta3-100x35.png 100w, https:\/\/autodeclaro.es\/wp-content\/uploads\/2022\/04\/dividendos_renta3-1000x346.png 1000w, https:\/\/autodeclaro.es\/wp-content\/uploads\/2022\/04\/dividendos_renta3.png 1092w\" sizes=\"(max-width: 1024px) 100vw, 1024px\" \/><\/figure>\n\n\n\n<p>&nbsp;<\/p>\n\n\n\n<p>auf das Bleistift-Symbol und Sie sehen den folgenden Bildschirm:<\/p>\n\n\n\n<figure class=\"wp-block-image size-full\"><img decoding=\"async\" width=\"743\" height=\"364\" src=\"https:\/\/autodeclaro.es\/wp-content\/uploads\/2022\/04\/dividendos_renta4.png\" alt=\"auf das Bleistift-Symbol und Sie sehen den folgenden Bildschirm:\" class=\"wp-image-4404\" srcset=\"https:\/\/autodeclaro.es\/wp-content\/uploads\/2022\/04\/dividendos_renta4.png 743w, https:\/\/autodeclaro.es\/wp-content\/uploads\/2022\/04\/dividendos_renta4-300x147.png 300w, https:\/\/autodeclaro.es\/wp-content\/uploads\/2022\/04\/dividendos_renta4-100x49.png 100w\" sizes=\"(max-width: 743px) 100vw, 743px\" \/><figcaption class=\"wp-element-caption\">Gehen Sie erneut auf das Bleistift-Symbol, und Sie werden den folgenden Bildschirm sehen:<\/figcaption><\/figure>\n\n\n\n<figure class=\"wp-block-image size-full\"><img decoding=\"async\" width=\"964\" height=\"384\" src=\"https:\/\/autodeclaro.es\/wp-content\/uploads\/2022\/04\/dividendos_renta5.png\" alt=\"Gehen Sie erneut auf das Bleistift-Symbol, und Sie werden den folgenden Bildschirm sehen:\" class=\"wp-image-4405\" srcset=\"https:\/\/autodeclaro.es\/wp-content\/uploads\/2022\/04\/dividendos_renta5.png 964w, https:\/\/autodeclaro.es\/wp-content\/uploads\/2022\/04\/dividendos_renta5-300x120.png 300w, https:\/\/autodeclaro.es\/wp-content\/uploads\/2022\/04\/dividendos_renta5-768x306.png 768w, https:\/\/autodeclaro.es\/wp-content\/uploads\/2022\/04\/dividendos_renta5-100x40.png 100w\" sizes=\"(max-width: 964px) 100vw, 964px\" \/><\/figure>\n\n\n\n<p>Laut dem Dividendenbericht muss dies ausgef\u00fcllt werden:<\/p>\n\n\n\n<ul class=\"wp-block-list\">\n<li>Geringere Nettoertr\u00e4ge....:      <strong>133.69<\/strong> (<strong>Spalte \"Bruttodoppelbesteuerung\" im Bericht<\/strong>)<\/li>\n\n\n\n<li>Im Ausland gezahlte Steuern: <strong>20.00<\/strong> (<strong>Spalte \"Doppelbesteuerung\" (\u20ac)<\/strong>)\n<ul class=\"wp-block-list\">\n<li>Die Spalte <strong>\"% gem\u00e4\u00df der Vereinbarungsgrenze\".<\/strong> ist der maximale Prozentsatz, der gem\u00e4\u00df der Vereinbarung im Detail in der <a href=\"https:\/\/sede.agenciatributaria.gob.es\/Sede\/ayuda\/manuales-videos-folletos\/manuales-practicos\/manual-tributacion-no-residentes\/anexos\/limites-imposicion-convenios.html\" target=\"_blank\" rel=\"noreferrer noopener\">Steuer-Website<\/a>.<\/li>\n<\/ul>\n<\/li>\n<\/ul>\n\n\n\n<figure class=\"wp-block-image size-large\"><img decoding=\"async\" width=\"1024\" height=\"178\" src=\"https:\/\/autodeclaro.es\/wp-content\/uploads\/2024\/04\/image-13-1024x178.png\" alt=\"\" class=\"wp-image-16173\" srcset=\"https:\/\/autodeclaro.es\/wp-content\/uploads\/2024\/04\/image-13-1024x178.png 1024w, https:\/\/autodeclaro.es\/wp-content\/uploads\/2024\/04\/image-13-300x52.png 300w, https:\/\/autodeclaro.es\/wp-content\/uploads\/2024\/04\/image-13-768x133.png 768w, https:\/\/autodeclaro.es\/wp-content\/uploads\/2024\/04\/image-13-18x3.png 18w, https:\/\/autodeclaro.es\/wp-content\/uploads\/2024\/04\/image-13-100x17.png 100w, https:\/\/autodeclaro.es\/wp-content\/uploads\/2024\/04\/image-13-1000x174.png 1000w, https:\/\/autodeclaro.es\/wp-content\/uploads\/2024\/04\/image-13.png 1360w\" sizes=\"(max-width: 1024px) 100vw, 1024px\" \/><\/figure>\n\n\n\n<hr class=\"wp-block-separator has-alpha-channel-opacity\"\/>\n\n\n\n<h2 class=\"gb-headline gb-headline-d8f6f17d gb-headline-text\" id=\"Araba\"><strong>Schatzamt der Provinz Araba<\/strong><\/h2>\n\n\n\n<p>Zun\u00e4chst einmal sind wir keine Experten f\u00fcr Steuererkl\u00e4rungen. Dies ist unser Vorschlag, wie Sie Ihre Steuererkl\u00e4rung im Finanzamt Araba ausf\u00fcllen, aber Sie sollten dies mit dem Finanzamt selbst oder mit einem Steuerexperten abkl\u00e4ren.<\/p>\n\n\n\n<p><strong>Anmerkung:<\/strong> Der Bericht enth\u00e4lt keine Angaben zu den Erm\u00e4\u00dfigungskoeffizienten je nach Kaufjahr. Dies ist eine Verbesserung, die wir in Zukunft vornehmen m\u00fcssen, um diese in Araba angebotene Steuerverg\u00fcnstigung anwenden zu k\u00f6nnen.<\/p>\n\n\n\n<p>Die Renta de la Diputaci\u00f3n Foral de Araba finden Sie unter folgender Adresse: <a href=\"https:\/\/web.araba.eus\/es\/hacienda\/renta\" target=\"_blank\" rel=\"noreferrer noopener\">https:\/\/web.araba.eus\/es\/hacienda\/renta<\/a> Sie k\u00f6nnen auf das e-B\u00fcro zugreifen, indem Sie sich mit dem BAK, BAKQ oder einem anderen g\u00fcltigen digitalen Zertifikat identifizieren.<\/p>\n\n\n\n<p>Es ist erforderlich, das Hilfsprogramm Renta y Patrimonio 2021 namens \"RentaRed\" zu installieren. <a href=\"https:\/\/web.araba.eus\/es\/hacienda\/renta\/rentared\" target=\"_blank\" rel=\"noreferrer noopener\">https:\/\/web.araba.eus\/es\/hacienda\/renta\/rentared<\/a>. <\/p>\n\n\n\n<p>In dem von autodeclaro erstellten Gewinn- und Verlustbericht gibt es mehrere Arten von Werten:<\/p>\n\n\n\n<ul class=\"wp-block-list\">\n<li><a href=\"#stocksAraba\" data-type=\"internal\">Best\u00e4nde (Aktien)<\/a><\/li>\n\n\n\n<li><a href=\"#opcionesAraba\">Optionen, Futures, CFDs und Bargeld (Forex)<\/a><\/li>\n\n\n\n<li><a href=\"#dividendosAraba\" data-type=\"internal\">Dividenden<\/a><\/li>\n<\/ul>\n\n\n\n<p>&nbsp;<\/p>\n\n\n\n<figure class=\"wp-block-image size-large\"><img decoding=\"async\" width=\"1024\" height=\"477\" src=\"https:\/\/autodeclaro.es\/wp-content\/uploads\/2024\/04\/image-11-1024x477.png\" alt=\"\" class=\"wp-image-16171\" srcset=\"https:\/\/autodeclaro.es\/wp-content\/uploads\/2024\/04\/image-11-1024x477.png 1024w, https:\/\/autodeclaro.es\/wp-content\/uploads\/2024\/04\/image-11-300x140.png 300w, https:\/\/autodeclaro.es\/wp-content\/uploads\/2024\/04\/image-11-768x358.png 768w, https:\/\/autodeclaro.es\/wp-content\/uploads\/2024\/04\/image-11-1536x716.png 1536w, https:\/\/autodeclaro.es\/wp-content\/uploads\/2024\/04\/image-11-18x8.png 18w, https:\/\/autodeclaro.es\/wp-content\/uploads\/2024\/04\/image-11-100x47.png 100w, https:\/\/autodeclaro.es\/wp-content\/uploads\/2024\/04\/image-11-1000x466.png 1000w, https:\/\/autodeclaro.es\/wp-content\/uploads\/2024\/04\/image-11.png 1893w\" sizes=\"(max-width: 1024px) 100vw, 1024px\" \/><\/figure>\n\n\n\n<p>Im Bericht haben wir die Gewinne und Verluste nach Wertpapieren aufgeschl\u00fcsselt und dann nach Wertpapierarten gruppiert, so dass Sie schlie\u00dflich in der Renta die Werte angeben m\u00fcssen, die unterstrichen sind:<\/p>\n\n\n\n<ul class=\"wp-block-list\">\n<li><strong>TOTAL 2020-STK - Abschnitt \"Best\u00e4nde (Aktien)<\/strong><\/li>\n\n\n\n<li><strong>TOTAL 2020-OPT - Abschnitt \"Optionen<\/strong><\/li>\n<\/ul>\n\n\n\n<p><strong>Anmerkung:<\/strong> Das ist es, was wir im Finanzamt AEAT tun, aber im Finanzamt Araba ist es so konzipiert, dass Kauf- und Verkaufstransaktionen einzeln erfasst werden. Wir werden erkl\u00e4ren, wie das gemacht wird.<\/p>\n\n\n\n<h3 class=\"gb-headline gb-headline-4c95b6a3 gb-headline-text\" id=\"stocksAraba\"><strong>Best\u00e4nde (Aktien)<\/strong> - <strong>Araba<\/strong><\/h3>\n\n\n\n<p>Wenn Sie das Programm \"RentaRed\" ge\u00f6ffnet haben, gehen Sie in den Bereich der <strong>Kapitalgewinne und -verluste\" -&gt; \"Aktien und andere zum Handel zugelassene Wertpapiere\" -&gt; \"Kapitalgewinne und -verluste\" -&gt; \"Aktien und andere zum Handel zugelassene Wertpapiere <\/strong><\/p>\n\n\n<div class=\"wp-block-image\">\n<figure class=\"aligncenter size-full\"><img decoding=\"async\" width=\"934\" height=\"588\" src=\"https:\/\/autodeclaro.es\/wp-content\/uploads\/2023\/05\/image-7.jpg\" alt=\"Aktien (Anteilsscheine) - Araba\" class=\"wp-image-9767\" srcset=\"https:\/\/autodeclaro.es\/wp-content\/uploads\/2023\/05\/image-7.jpg 934w, https:\/\/autodeclaro.es\/wp-content\/uploads\/2023\/05\/image-7-300x189.jpg 300w, https:\/\/autodeclaro.es\/wp-content\/uploads\/2023\/05\/image-7-768x483.jpg 768w, https:\/\/autodeclaro.es\/wp-content\/uploads\/2023\/05\/image-7-18x12.jpg 18w, https:\/\/autodeclaro.es\/wp-content\/uploads\/2023\/05\/image-7-100x63.jpg 100w\" sizes=\"(max-width: 934px) 100vw, 934px\" \/><\/figure>\n<\/div>\n\n\n<p>Hier k\u00f6nnen Sie Transaktionen angeben, die den Kauf und Verkauf von Aktien betreffen.<\/p>\n\n\n\n<figure class=\"wp-block-image size-full\"><img decoding=\"async\" width=\"800\" height=\"426\" src=\"https:\/\/autodeclaro.es\/wp-content\/uploads\/2023\/08\/image-8-1024x545-1.jpg\" alt=\"Hier k\u00f6nnen Sie Transaktionen angeben, die den Kauf und Verkauf von Aktien betreffen.\" class=\"wp-image-11789\" srcset=\"https:\/\/autodeclaro.es\/wp-content\/uploads\/2023\/08\/image-8-1024x545-1.jpg 800w, https:\/\/autodeclaro.es\/wp-content\/uploads\/2023\/08\/image-8-1024x545-1-300x160.jpg 300w, https:\/\/autodeclaro.es\/wp-content\/uploads\/2023\/08\/image-8-1024x545-1-768x409.jpg 768w, https:\/\/autodeclaro.es\/wp-content\/uploads\/2023\/08\/image-8-1024x545-1-100x53.jpg 100w\" sizes=\"(max-width: 800px) 100vw, 800px\" \/><\/figure>\n\n\n\n<p><\/p>\n\n\n\n<p>Die Felder sind hier wichtig:<\/p>\n\n\n\n<ul class=\"wp-block-list\">\n<li><strong>Ausstellende Stelle<\/strong><\/li>\n\n\n\n<li><strong>Datum der \u00dcbermittlung<\/strong><\/li>\n\n\n\n<li><strong>\u00dcbertragungswert<\/strong><\/li>\n\n\n\n<li><strong>Anzahl der \u00fcbermittelten Titel<\/strong><\/li>\n\n\n\n<li><strong>Datum des Erwerbs<\/strong><\/li>\n\n\n\n<li><strong>Anschaffungswert<\/strong><\/li>\n\n\n\n<li><strong>Anzahl der Titel (erworben)<\/strong><\/li>\n<\/ul>\n\n\n\n<p>&nbsp;Wie im obigen Beispiel gezeigt, m\u00fcssten Informationen \u00fcber Verkaufstransaktionen mit entsprechenden Erwerben hinzugef\u00fcgt werden.<\/p>\n\n\n\n<p><strong>GESAMT<\/strong> Wenn Sie die summierten oder gruppierten Betr\u00e4ge wie im Autodeclaro-Bericht eingeben m\u00f6chten, k\u00f6nnen wir sie wie folgt ausf\u00fcllen:<\/p>\n\n\n\n<ul class=\"wp-block-list\">\n<li>Ausstellende Stelle: <strong><mark class=\"has-inline-color has-contrast-color\" style=\"background-color: #e2f70f;\">\"Name des\/der Makler(s)<\/mark><\/strong><\/li>\n\n\n\n<li>Datum der \u00dcbermittlung: <strong>31. Dezember 2025<\/strong><\/li>\n\n\n\n<li>\u00dcbertragungswert: <strong><mark style=\"background-color: #e2f70f;\" class=\"has-inline-color\">305.46<\/mark><\/strong><\/li>\n\n\n\n<li>Anzahl der \u00fcbermittelten Titel: <strong>1<\/strong><\/li>\n\n\n\n<li>Erwerbsdatum: 1. Januar 2025<\/li>\n\n\n\n<li>Anschaffungswert: <strong><mark style=\"background-color: #e2f70f;\" class=\"has-inline-color\">121.69<\/mark><\/strong> (ohne negatives Vorzeichen)<\/li>\n\n\n\n<li>Anzahl der Titel (erworben): 1<\/li>\n<\/ul>\n\n\n\n<p><strong>Anmerkung:<\/strong> Die Daten stammen aus dem Autodeclaro-Bericht im obigen Screenshot. <\/p>\n\n\n\n<p><\/p>\n\n\n\n<h3 class=\"gb-headline gb-headline-d479da7a gb-headline-text\" id=\"opcionesAraba\"><strong>Optionen, Futures, CFDs und CASH <\/strong> - <strong>Araba<\/strong><\/h3>\n\n\n\n<p>Gehen Sie in diesem Fall zum Abschnitt \"Kapitalgewinne und -verluste\" -&gt; \"Sonstige Verm\u00f6genswerte und Rechte\".<\/p>\n\n\n\n<p><strong>Anmerkung:<\/strong> Erstellen Sie im Entwurf der Einkommensteuererkl\u00e4rung einen Eintrag f\u00fcr jede Zwischensumme f\u00fcr Optionen, CFDs, CASH usw.<\/p>\n\n\n\n<figure class=\"wp-block-image size-full\"><img decoding=\"async\" width=\"925\" height=\"619\" src=\"https:\/\/autodeclaro.es\/wp-content\/uploads\/2023\/05\/image-19.jpg\" alt=\"Optionen, Futures, CFDs und CASH - Araba\" class=\"wp-image-9784\" srcset=\"https:\/\/autodeclaro.es\/wp-content\/uploads\/2023\/05\/image-19.jpg 925w, https:\/\/autodeclaro.es\/wp-content\/uploads\/2023\/05\/image-19-300x201.jpg 300w, https:\/\/autodeclaro.es\/wp-content\/uploads\/2023\/05\/image-19-768x514.jpg 768w, https:\/\/autodeclaro.es\/wp-content\/uploads\/2023\/05\/image-19-18x12.jpg 18w, https:\/\/autodeclaro.es\/wp-content\/uploads\/2023\/05\/image-19-100x67.jpg 100w\" sizes=\"(max-width: 925px) 100vw, 925px\" \/><\/figure>\n\n\n\n<p><\/p>\n\n\n\n<p>Gem\u00e4\u00df dem oben genannten Autodeclaro-Bericht m\u00fcssen folgende Daten eingegeben werden<\/p>\n\n\n\n<ul class=\"wp-block-list\">\n<li><strong>% Eigent\u00fcmerschaft:<\/strong> Bei 1 Halter ist es 100%, bei 2 Haltern 50%. <\/li>\n\n\n\n<li><strong>Identifizierung des Guten oder Richtigen:<\/strong> Optionen, Futures, etc.<\/li>\n\n\n\n<li><strong>Datum des Erwerbs:<\/strong>&nbsp;1\/1\/2025 (da es sich um zusammengefasste Ergebnisse handelt, geben wir den Beginn des steuerlichen Verlustes an)<\/li>\n\n\n\n<li><strong>Datum der \u00dcbermittlung:<\/strong>&nbsp;31\/12\/2025 (da es sich um zusammengefasste Ergebnisse handelt, geben wir das Ende des Steuerverlustes an)<\/li>\n\n\n\n<li><strong>Anschaffungswert:<\/strong>&nbsp;Klicken Sie auf das Bleistiftsymbol. Geben Sie den Betrag von <strong>\"Verlust, wenn zurechenbar\" ohne das Minuszeichen<\/strong>. In unserem Beispiel <strong>w\u00fcrde 0 sein<\/strong>.<\/li>\n\n\n\n<li><strong>\u00dcbertragungswert:<\/strong>&nbsp;Klicken Sie auf das Bleistiftsymbol. Geben Sie den Betrag von <strong>\"Gewinn<\/strong>\" wie folgt. In unserem Beispiel <strong>w\u00e4re 200,92<\/strong>:<\/li>\n<\/ul>\n\n\n\n<figure class=\"wp-block-image size-large\"><img decoding=\"async\" width=\"1024\" height=\"483\" src=\"https:\/\/autodeclaro.es\/wp-content\/uploads\/2023\/05\/image-20-1024x483.png\" alt=\"Optionen, Futures, CFDs und CASH - Araba\" class=\"wp-image-9785\" srcset=\"https:\/\/autodeclaro.es\/wp-content\/uploads\/2023\/05\/image-20-1024x483.png 1024w, https:\/\/autodeclaro.es\/wp-content\/uploads\/2023\/05\/image-20-300x141.png 300w, https:\/\/autodeclaro.es\/wp-content\/uploads\/2023\/05\/image-20-768x362.png 768w, https:\/\/autodeclaro.es\/wp-content\/uploads\/2023\/05\/image-20-100x47.png 100w, https:\/\/autodeclaro.es\/wp-content\/uploads\/2023\/05\/image-20-1000x471.png 1000w, https:\/\/autodeclaro.es\/wp-content\/uploads\/2023\/05\/image-20.png 1063w\" sizes=\"(max-width: 1024px) 100vw, 1024px\" \/><\/figure>\n\n\n\n<h3 class=\"gb-headline gb-headline-8c2b2e19 gb-headline-text\" id=\"dividendosAraba\"><strong>Dividenden<\/strong> - <strong>Araba<\/strong><\/h3>\n\n\n\n<p><strong>Anmerkung:<\/strong> Kupons aus Anleihen werden hier ausgewiesen, da sie bei Brokern auch als Dividenden erscheinen.<\/p>\n\n\n\n<p>Nehmen wir an, dies sei unser Dividendenbericht.<\/p>\n\n\n\n<figure class=\"wp-block-image size-large\"><img decoding=\"async\" width=\"1024\" height=\"178\" src=\"https:\/\/autodeclaro.es\/wp-content\/uploads\/2024\/04\/image-13-1024x178.png\" alt=\"\" class=\"wp-image-16173\" srcset=\"https:\/\/autodeclaro.es\/wp-content\/uploads\/2024\/04\/image-13-1024x178.png 1024w, https:\/\/autodeclaro.es\/wp-content\/uploads\/2024\/04\/image-13-300x52.png 300w, https:\/\/autodeclaro.es\/wp-content\/uploads\/2024\/04\/image-13-768x133.png 768w, https:\/\/autodeclaro.es\/wp-content\/uploads\/2024\/04\/image-13-18x3.png 18w, https:\/\/autodeclaro.es\/wp-content\/uploads\/2024\/04\/image-13-100x17.png 100w, https:\/\/autodeclaro.es\/wp-content\/uploads\/2024\/04\/image-13-1000x174.png 1000w, https:\/\/autodeclaro.es\/wp-content\/uploads\/2024\/04\/image-13.png 1360w\" sizes=\"(max-width: 1024px) 100vw, 1024px\" \/><\/figure>\n\n\n\n<p>Es gibt zwei Abschnitte, in denen dividendenbezogene Informationen angegeben werden k\u00f6nnen:<\/p>\n\n\n\n<ul class=\"wp-block-list\">\n<li><strong>Erhaltene Dividenden und Quellensteuer<\/strong>: im Abschnitt \"Eigenkapital\" -&gt; \"Anteil am Eigenkapital\".<\/li>\n\n\n\n<li><strong>Internationale Doppelbesteuerung<\/strong>: im Abschnitt \"Abz\u00fcge\" -&gt; \"Internationale Doppelbesteuerung\".<\/li>\n<\/ul>\n\n\n\n<p><\/p>\n\n\n\n<h4 class=\"gb-headline gb-headline-f4640bc8 gb-headline-text\">Erhaltene Aussch\u00fcttungen<\/h4>\n\n\n\n<p><strong>Anmerkung:<\/strong> Kupons aus Anleihen werden hier ausgewiesen, da sie bei Brokern auch als Dividenden erscheinen.<\/p>\n\n\n\n<p>Gehen Sie zum Abschnitt \"Eigenkapital\" -&gt; \"Kapitalbeteiligung\":<\/p>\n\n\n\n<figure class=\"wp-block-image size-large\"><img decoding=\"async\" width=\"1024\" height=\"575\" src=\"https:\/\/autodeclaro.es\/wp-content\/uploads\/2023\/05\/image-12-1024x575.png\" alt=\"Aussch\u00fcttungen - Araba\" class=\"wp-image-9776\" srcset=\"https:\/\/autodeclaro.es\/wp-content\/uploads\/2023\/05\/image-12-1024x575.png 1024w, https:\/\/autodeclaro.es\/wp-content\/uploads\/2023\/05\/image-12-300x168.png 300w, https:\/\/autodeclaro.es\/wp-content\/uploads\/2023\/05\/image-12-768x431.png 768w, https:\/\/autodeclaro.es\/wp-content\/uploads\/2023\/05\/image-12-100x56.png 100w, https:\/\/autodeclaro.es\/wp-content\/uploads\/2023\/05\/image-12-1000x562.png 1000w, https:\/\/autodeclaro.es\/wp-content\/uploads\/2023\/05\/image-12.png 1152w\" sizes=\"(max-width: 1024px) 100vw, 1024px\" \/><\/figure>\n\n\n\n<p><\/p>\n\n\n\n<p>Nach dem Dividendenbericht wird es notwendig sein, dies anzugeben:<\/p>\n\n\n\n<ul class=\"wp-block-list\">\n<li><strong>Volle Leistung:<\/strong> <strong>260.93 \u20ac.<\/strong><\/li>\n\n\n\n<li><strong>Beibehaltung:<\/strong> <strong>23.38 \u20ac.<\/strong><\/li>\n\n\n\n<li><strong>% Eigent\u00fcmerschaft: <\/strong>Bei 1 Halter ist es 100%, bei 2 Haltern 50%. <\/li>\n<\/ul>\n\n\n\n<figure class=\"wp-block-image size-large\"><img decoding=\"async\" width=\"1024\" height=\"560\" src=\"https:\/\/autodeclaro.es\/wp-content\/uploads\/2023\/05\/image-13-1024x560.png\" alt=\"Aussch\u00fcttungen - Araba\" class=\"wp-image-9777\" srcset=\"https:\/\/autodeclaro.es\/wp-content\/uploads\/2023\/05\/image-13-1024x560.png 1024w, https:\/\/autodeclaro.es\/wp-content\/uploads\/2023\/05\/image-13-300x164.png 300w, https:\/\/autodeclaro.es\/wp-content\/uploads\/2023\/05\/image-13-768x420.png 768w, https:\/\/autodeclaro.es\/wp-content\/uploads\/2023\/05\/image-13-100x55.png 100w, https:\/\/autodeclaro.es\/wp-content\/uploads\/2023\/05\/image-13-1000x547.png 1000w, https:\/\/autodeclaro.es\/wp-content\/uploads\/2023\/05\/image-13.png 1137w\" sizes=\"(max-width: 1024px) 100vw, 1024px\" \/><\/figure>\n\n\n\n<h4 class=\"gb-headline gb-headline-40d1e6e1 gb-headline-text\">Internationale Doppelbesteuerung<\/h4>\n\n\n\n<p>Gehen Sie zum Abschnitt \"Abz\u00fcge\" -&gt; \"Internationale Doppelbesteuerung\":<\/p>\n\n\n\n<figure class=\"wp-block-image size-full\"><img decoding=\"async\" width=\"800\" height=\"447\" src=\"https:\/\/autodeclaro.es\/wp-content\/uploads\/2023\/08\/image-14-1024x572-1.jpg\" alt=\"Internationale Doppelbesteuerung\" class=\"wp-image-11785\" srcset=\"https:\/\/autodeclaro.es\/wp-content\/uploads\/2023\/08\/image-14-1024x572-1.jpg 800w, https:\/\/autodeclaro.es\/wp-content\/uploads\/2023\/08\/image-14-1024x572-1-300x168.jpg 300w, https:\/\/autodeclaro.es\/wp-content\/uploads\/2023\/08\/image-14-1024x572-1-768x429.jpg 768w, https:\/\/autodeclaro.es\/wp-content\/uploads\/2023\/08\/image-14-1024x572-1-100x56.jpg 100w\" sizes=\"(max-width: 800px) 100vw, 800px\" \/><\/figure>\n\n\n\n<p><\/p>\n\n\n\n<p>Laut dem Dividendenbericht muss dies ausgef\u00fcllt werden:<\/p>\n\n\n\n<ul class=\"wp-block-list\">\n<li>Netto-Zinsbesteuerungsgrundlage: <strong>133.69 \u20ac<\/strong><\/li>\n\n\n\n<li>Betrag der im Ausland gezahlten Steuern: <strong>20 \u20ac<\/strong><\/li>\n<\/ul>\n\n\n\n<figure class=\"wp-block-image size-full\"><img decoding=\"async\" width=\"972\" height=\"536\" src=\"https:\/\/autodeclaro.es\/wp-content\/uploads\/2023\/05\/image-18.jpg\" alt=\"Internationale Doppelbesteuerung\" class=\"wp-image-9783\" srcset=\"https:\/\/autodeclaro.es\/wp-content\/uploads\/2023\/05\/image-18.jpg 972w, https:\/\/autodeclaro.es\/wp-content\/uploads\/2023\/05\/image-18-300x165.jpg 300w, https:\/\/autodeclaro.es\/wp-content\/uploads\/2023\/05\/image-18-768x424.jpg 768w, https:\/\/autodeclaro.es\/wp-content\/uploads\/2023\/05\/image-18-18x10.jpg 18w, https:\/\/autodeclaro.es\/wp-content\/uploads\/2023\/05\/image-18-100x55.jpg 100w\" sizes=\"(max-width: 972px) 100vw, 972px\" \/><\/figure>\n\n\n\n<p><\/p>\n\n\n\n<figure class=\"wp-block-image size-large\"><img decoding=\"async\" width=\"1024\" height=\"178\" src=\"https:\/\/autodeclaro.es\/wp-content\/uploads\/2024\/04\/image-13-1024x178.png\" alt=\"\" class=\"wp-image-16173\" srcset=\"https:\/\/autodeclaro.es\/wp-content\/uploads\/2024\/04\/image-13-1024x178.png 1024w, https:\/\/autodeclaro.es\/wp-content\/uploads\/2024\/04\/image-13-300x52.png 300w, https:\/\/autodeclaro.es\/wp-content\/uploads\/2024\/04\/image-13-768x133.png 768w, https:\/\/autodeclaro.es\/wp-content\/uploads\/2024\/04\/image-13-18x3.png 18w, https:\/\/autodeclaro.es\/wp-content\/uploads\/2024\/04\/image-13-100x17.png 100w, https:\/\/autodeclaro.es\/wp-content\/uploads\/2024\/04\/image-13-1000x174.png 1000w, https:\/\/autodeclaro.es\/wp-content\/uploads\/2024\/04\/image-13.png 1360w\" sizes=\"(max-width: 1024px) 100vw, 1024px\" \/><\/figure>\n\n\n\n<hr class=\"wp-block-separator has-alpha-channel-opacity\"\/>\n\n\n\n<h2 class=\"gb-headline gb-headline-212367dc gb-headline-text\" id=\"Bizkaia\"><strong>Schatzamt der Provinz Bizkaia<\/strong><\/h2>\n\n\n\n<p>Zun\u00e4chst m\u00f6chten wir darauf hinweisen, dass wir keine Experten f\u00fcr Steuererkl\u00e4rungen sind. Dies ist unser Vorschlag, wie Sie Ihre Einkommenssteuererkl\u00e4rung beim Finanzamt von Bizkaia ausf\u00fcllen, aber Sie sollten dies mit dem Finanzamt selbst oder mit einem Steuerexperten abkl\u00e4ren.<\/p>\n\n\n\n<p><strong>Anmerkung:<\/strong> Der Bericht enth\u00e4lt keine Angaben zu den Erm\u00e4\u00dfigungskoeffizienten in Abh\u00e4ngigkeit vom Jahr des Kaufs. Dies ist eine Verbesserung, die wir in Zukunft vornehmen m\u00fcssen, um diese in Bizkaia angebotene Steuerverg\u00fcnstigung anwenden zu k\u00f6nnen.<\/p>\n\n\n\n<p>Zugang zur Renta de la Diputaci\u00f3n Foral de Bizkaia finden Sie hier: <a href=\"https:\/\/www.bizkaia.eus\/es\/renta-bizkaia\" target=\"_blank\" rel=\"noreferrer noopener\">https:\/\/www.bizkaia.eus\/es\/renta-bizkaia<\/a> k\u00f6nnen Sie auf das e-Office zugreifen, indem Sie sich \u00fcber die verf\u00fcgbaren Optionen identifizieren.<\/p>\n\n\n\n<p>In dem von autodeclaro erstellten Gewinn- und Verlustbericht gibt es mehrere Arten von Werten:<\/p>\n\n\n\n<ul class=\"wp-block-list\">\n<li><a href=\"#stocksBizkaia\" data-type=\"internal\">Best\u00e4nde (Aktien)<\/a><\/li>\n\n\n\n<li><a href=\"#dividendosBizkaia\" data-type=\"internal\">Dividenden<\/a><\/li>\n\n\n\n<li><a href=\"#opcionesBizkaia\">Optionen, Futures, CFDs und Bargeld (Forex)<\/a> <\/li>\n<\/ul>\n\n\n\n<p>&nbsp;<\/p>\n\n\n\n<figure class=\"wp-block-image size-large\"><img decoding=\"async\" width=\"1024\" height=\"477\" src=\"https:\/\/autodeclaro.es\/wp-content\/uploads\/2024\/04\/image-11-1024x477.png\" alt=\"\" class=\"wp-image-16171\" srcset=\"https:\/\/autodeclaro.es\/wp-content\/uploads\/2024\/04\/image-11-1024x477.png 1024w, https:\/\/autodeclaro.es\/wp-content\/uploads\/2024\/04\/image-11-300x140.png 300w, https:\/\/autodeclaro.es\/wp-content\/uploads\/2024\/04\/image-11-768x358.png 768w, https:\/\/autodeclaro.es\/wp-content\/uploads\/2024\/04\/image-11-1536x716.png 1536w, https:\/\/autodeclaro.es\/wp-content\/uploads\/2024\/04\/image-11-18x8.png 18w, https:\/\/autodeclaro.es\/wp-content\/uploads\/2024\/04\/image-11-100x47.png 100w, https:\/\/autodeclaro.es\/wp-content\/uploads\/2024\/04\/image-11-1000x466.png 1000w, https:\/\/autodeclaro.es\/wp-content\/uploads\/2024\/04\/image-11.png 1893w\" sizes=\"(max-width: 1024px) 100vw, 1024px\" \/><\/figure>\n\n\n\n<p>Im Bericht haben wir die Gewinne und Verluste nach Wertpapieren aufgeschl\u00fcsselt und dann nach Wertpapierarten gruppiert, so dass Sie schlie\u00dflich in der Renta die Werte angeben m\u00fcssen, die unterstrichen sind:<\/p>\n\n\n\n<ul class=\"wp-block-list\">\n<li><strong>TOTAL 2020-STK - Abschnitt \"Best\u00e4nde (Aktien)<\/strong><\/li>\n\n\n\n<li><strong>TOTAL 2020-OPT - Abschnitt \"Optionen<\/strong><\/li>\n<\/ul>\n\n\n\n<p><strong>Anmerkung:<\/strong> Das ist es, was wir im Finanzamt AEAT tun, aber im Finanzamt Araba ist es so konzipiert, dass Kauf- und Verkaufstransaktionen einzeln erfasst werden. Wir werden erkl\u00e4ren, wie das gemacht wird.<\/p>\n\n\n\n<h3 class=\"gb-headline gb-headline-5e933103 gb-headline-text\" id=\"stocksBizkaia\"><strong>Best\u00e4nde (Aktien) - Bizkaia<\/strong><\/h3>\n\n\n\n<p><strong>Anmerkung: <\/strong>Die F\u00e4nge sind aus dem Jahr 2022. Bei Renta 2025 wird es wahrscheinlich einen leichten Unterschied geben.<\/p>\n\n\n\n<p>Sobald Sie sich in der Zusammenfassung der Anmeldung befinden, gehen Sie zu dem Abschnitt<strong> \u201cVerkauf, Pr\u00e4mien und andere Gewinne oder Verluste\u201d -&gt; \u201cVerkauf oder Schenkung von \u00f6ffentlich gehandelten Aktien\u201d -&gt; \"Verkauf oder Schenkung von \u00f6ffentlich gehandelten Aktien\" -&gt; \"Verkauf oder Schenkung von \u00f6ffentlich gehandelten Aktien\" -&gt; \"Verkauf oder Schenkung von \u00f6ffentlich gehandelten Aktien\u201d <\/strong><\/p>\n\n\n\n<figure class=\"wp-block-image size-large\"><img decoding=\"async\" width=\"1024\" height=\"297\" src=\"https:\/\/autodeclaro.es\/wp-content\/uploads\/2023\/06\/image-2-1024x297.png\" alt=\"Best\u00e4nde (Aktien) - Bizkaia\" class=\"wp-image-10741\" srcset=\"https:\/\/autodeclaro.es\/wp-content\/uploads\/2023\/06\/image-2-1024x297.png 1024w, https:\/\/autodeclaro.es\/wp-content\/uploads\/2023\/06\/image-2-300x87.png 300w, https:\/\/autodeclaro.es\/wp-content\/uploads\/2023\/06\/image-2-768x223.png 768w, https:\/\/autodeclaro.es\/wp-content\/uploads\/2023\/06\/image-2-1536x446.png 1536w, https:\/\/autodeclaro.es\/wp-content\/uploads\/2023\/06\/image-2-100x29.png 100w, https:\/\/autodeclaro.es\/wp-content\/uploads\/2023\/06\/image-2-1000x290.png 1000w, https:\/\/autodeclaro.es\/wp-content\/uploads\/2023\/06\/image-2.png 1591w\" sizes=\"(max-width: 1024px) 100vw, 1024px\" \/><\/figure>\n\n\n\n<p>Das Hinzuf\u00fcgen eines Datensatzes zur Eingabe der summierten oder gruppierten Betr\u00e4ge wie im Autodeclaro-Bericht kann wie folgt ausgef\u00fcllt werden:<\/p>\n\n\n\n<ul class=\"wp-block-list\">\n<li>Anzahl der Titel: <strong>1<\/strong><\/li>\n\n\n\n<li>Sender: <strong><mark style=\"background-color: #e2f70f;\" class=\"has-inline-color has-contrast-color\">\"Name des\/der Makler(s)<\/mark><\/strong><\/li>\n\n\n\n<li>Prozentuale Beteiligung: wie zutreffend<\/li>\n\n\n\n<li>Datum der \u00dcbermittlung: <strong>31. Dezember 2025<\/strong><\/li>\n\n\n\n<li>Datum des Erwerbs: <strong>1. Januar 2025<\/strong><\/li>\n\n\n\n<li>\u00dcbertragungswert: <strong><mark style=\"background-color: #e2f70f;\" class=\"has-inline-color\">305.46<\/mark><\/strong><\/li>\n\n\n\n<li>Anschaffungswert: <strong><mark style=\"background-color: #e2f70f;\" class=\"has-inline-color\">121.69<\/mark><\/strong> (ohne negatives Vorzeichen)<\/li>\n\n\n\n<li>Nicht verrechenbare Verluste, die in der Zukunft verrechnet werden k\u00f6nnen\": Dieses Feld wird aktiviert, wenn ein nicht verrechenbarer Verlust vorliegt (2-Monats-Regel). Um dieses Feld zu aktivieren, muss eine neue Zeile mit einem \u00dcbertragungswert angegeben werden, der niedriger ist als der Anschaffungswert.<\/li>\n<\/ul>\n\n\n\n<p><strong>Anmerkung:<\/strong> Die Daten im obigen Screenshot stammen aus dem Autodeclaro-Bericht, im Screenshot unten stimmen sie jedoch nicht \u00fcberein.<\/p>\n\n\n\n<figure class=\"wp-block-image size-full is-resized\"><img decoding=\"async\" width=\"825\" height=\"902\" src=\"https:\/\/autodeclaro.es\/wp-content\/uploads\/2023\/06\/image-3.png\" alt=\"Best\u00e4nde (Aktien) - Bizkaia\" class=\"wp-image-10743\" style=\"width:825px;height:auto\" srcset=\"https:\/\/autodeclaro.es\/wp-content\/uploads\/2023\/06\/image-3.png 825w, https:\/\/autodeclaro.es\/wp-content\/uploads\/2023\/06\/image-3-274x300.png 274w, https:\/\/autodeclaro.es\/wp-content\/uploads\/2023\/06\/image-3-768x840.png 768w, https:\/\/autodeclaro.es\/wp-content\/uploads\/2023\/06\/image-3-100x109.png 100w\" sizes=\"(max-width: 825px) 100vw, 825px\" \/><\/figure>\n\n\n\n<p><strong>Anmerkung: <\/strong>Die Betr\u00e4ge der F\u00e4nge entsprechen nicht den oben genannten.<\/p>\n\n\n\n<h3 class=\"gb-headline gb-headline-fa7ca9bb gb-headline-text\" id=\"opcionesBizkaia\"><strong>Optionen (Futures), CFDs und Cash (Forex)<\/strong> <strong>- Bizkaia<\/strong><\/h3>\n\n\n\n<p><strong>Anmerkung:<\/strong> Erstellen Sie im Entwurf der Einkommensteuererkl\u00e4rung einen Eintrag f\u00fcr jede Zwischensumme f\u00fcr Optionen, CFDs, CASH usw.<\/p>\n\n\n\n<p>Sobald Sie sich in der Zusammenfassung der Anmeldung befinden, gehen Sie zu dem Abschnitt<strong> \u201cVerk\u00e4ufe, Preise und sonstige Gewinne oder Verluste\u201d -&gt; \u201cSonstige Transfers und sonstige Gewinne oder Verluste\u201d -&gt; \"Sonstige Transfers und sonstige Gewinne oder Verluste\" -&gt; \"Sonstige Transfers und sonstige Gewinne oder Verluste\u201d <\/strong><\/p>\n\n\n\n<figure class=\"wp-block-image size-full\"><img decoding=\"async\" width=\"931\" height=\"226\" src=\"https:\/\/autodeclaro.es\/wp-content\/uploads\/2024\/05\/image-4.png\" alt=\"\" class=\"wp-image-16807\" srcset=\"https:\/\/autodeclaro.es\/wp-content\/uploads\/2024\/05\/image-4.png 931w, https:\/\/autodeclaro.es\/wp-content\/uploads\/2024\/05\/image-4-300x73.png 300w, https:\/\/autodeclaro.es\/wp-content\/uploads\/2024\/05\/image-4-768x186.png 768w, https:\/\/autodeclaro.es\/wp-content\/uploads\/2024\/05\/image-4-18x4.png 18w, https:\/\/autodeclaro.es\/wp-content\/uploads\/2024\/05\/image-4-100x24.png 100w\" sizes=\"(max-width: 931px) 100vw, 931px\" \/><\/figure>\n\n\n\n<p>Das Hinzuf\u00fcgen eines Datensatzes zur Eingabe der summierten oder gruppierten Betr\u00e4ge wie im Autodeclaro-Bericht kann wie folgt ausgef\u00fcllt werden:<\/p>\n\n\n\n<ul class=\"wp-block-list\">\n<li>Anzahl der Titel: <strong>1<\/strong><\/li>\n\n\n\n<li>Sender: <strong><mark style=\"background-color: #e2f70f;\" class=\"has-inline-color has-contrast-color\">\"Name des\/der Makler(s)<\/mark><\/strong><\/li>\n\n\n\n<li>Prozentuale Beteiligung: wie zutreffend<\/li>\n\n\n\n<li>Datum der \u00dcbermittlung: <strong>31. Dezember 2025<\/strong><\/li>\n\n\n\n<li>Datum des Erwerbs: <strong>1. Januar 2025<\/strong><\/li>\n\n\n\n<li>\u00dcbertragungswert: <strong><mark style=\"background-color: #e2f70f;\" class=\"has-inline-color\">200.92<\/mark><\/strong><\/li>\n\n\n\n<li>Anschaffungswert: <strong><mark style=\"background-color: #e2f70f;\" class=\"has-inline-color\">0<\/mark><\/strong> (ohne negatives Vorzeichen)<\/li>\n<\/ul>\n\n\n\n<figure class=\"wp-block-image size-large\"><img decoding=\"async\" width=\"1024\" height=\"689\" src=\"https:\/\/autodeclaro.es\/wp-content\/uploads\/2024\/05\/image-5-1024x689.png\" alt=\"\" class=\"wp-image-16808\" srcset=\"https:\/\/autodeclaro.es\/wp-content\/uploads\/2024\/05\/image-5-1024x689.png 1024w, https:\/\/autodeclaro.es\/wp-content\/uploads\/2024\/05\/image-5-300x202.png 300w, https:\/\/autodeclaro.es\/wp-content\/uploads\/2024\/05\/image-5-768x517.png 768w, https:\/\/autodeclaro.es\/wp-content\/uploads\/2024\/05\/image-5-18x12.png 18w, https:\/\/autodeclaro.es\/wp-content\/uploads\/2024\/05\/image-5-100x67.png 100w, https:\/\/autodeclaro.es\/wp-content\/uploads\/2024\/05\/image-5-1000x673.png 1000w, https:\/\/autodeclaro.es\/wp-content\/uploads\/2024\/05\/image-5.png 1230w\" sizes=\"(max-width: 1024px) 100vw, 1024px\" \/><\/figure>\n\n\n\n<p><\/p>\n\n\n\n<h3 class=\"gb-headline gb-headline-ec08c1ec gb-headline-text\" id=\"dividendosBizkaia\"><strong>Dividenden<\/strong> - <strong>Bizkaia<\/strong><\/h3>\n\n\n\n<p><strong>Anmerkung:<\/strong> Kupons aus Anleihen werden hier ausgewiesen, da sie bei Brokern auch als Dividenden erscheinen.<\/p>\n\n\n\n<p>Gehen wir davon aus, dass dies unser Bericht ist:<\/p>\n\n\n\n<figure class=\"wp-block-image size-large\"><img decoding=\"async\" width=\"1024\" height=\"178\" src=\"https:\/\/autodeclaro.es\/wp-content\/uploads\/2024\/04\/image-13-1024x178.png\" alt=\"\" class=\"wp-image-16173\" srcset=\"https:\/\/autodeclaro.es\/wp-content\/uploads\/2024\/04\/image-13-1024x178.png 1024w, https:\/\/autodeclaro.es\/wp-content\/uploads\/2024\/04\/image-13-300x52.png 300w, https:\/\/autodeclaro.es\/wp-content\/uploads\/2024\/04\/image-13-768x133.png 768w, https:\/\/autodeclaro.es\/wp-content\/uploads\/2024\/04\/image-13-18x3.png 18w, https:\/\/autodeclaro.es\/wp-content\/uploads\/2024\/04\/image-13-100x17.png 100w, https:\/\/autodeclaro.es\/wp-content\/uploads\/2024\/04\/image-13-1000x174.png 1000w, https:\/\/autodeclaro.es\/wp-content\/uploads\/2024\/04\/image-13.png 1360w\" sizes=\"(max-width: 1024px) 100vw, 1024px\" \/><\/figure>\n\n\n\n<p>Es gibt zwei Abschnitte, in denen dividendenbezogene Informationen angegeben werden k\u00f6nnen:<\/p>\n\n\n\n<ul class=\"wp-block-list\">\n<li><strong><a href=\"#DividendoRecibidoBizkaia\">Erhaltene Dividenden und Quellensteuer<\/a><\/strong>im Abschnitt \"Zinsen, Dividenden, Sparversicherungen und \u00c4hnliches - Dividenden und \u00c4hnliches\".<\/li>\n\n\n\n<li><strong><a href=\"#DobleImposicionBizkaia\">Internationale Doppelbesteuerung<\/a><\/strong>im Abschnitt \"Verschiedene Abz\u00fcge - Andere Abz\u00fcge - Internationale Doppelbesteuerung\".<\/li>\n<\/ul>\n\n\n\n<p><\/p>\n\n\n\n<h4 class=\"gb-headline gb-headline-1a9402c8 gb-headline-text\" id=\"DividendoRecibidoBizkaia\"><strong>Erhaltene Aussch\u00fcttungen<\/strong><\/h4>\n\n\n\n<p>Gehen Sie zum Abschnitt \"Zinsen, Dividenden, Sparversicherungen und \u00c4hnliches - Dividenden und \u00c4hnliches\" und f\u00fcgen Sie einen Datensatz hinzu.<\/p>\n\n\n\n<figure class=\"wp-block-image size-large\"><img decoding=\"async\" width=\"1024\" height=\"531\" src=\"https:\/\/autodeclaro.es\/wp-content\/uploads\/2023\/06\/image-5-1024x531.png\" alt=\"Aussch\u00fcttungen - Bizkaia\" class=\"wp-image-10747\" srcset=\"https:\/\/autodeclaro.es\/wp-content\/uploads\/2023\/06\/image-5-1024x531.png 1024w, https:\/\/autodeclaro.es\/wp-content\/uploads\/2023\/06\/image-5-300x156.png 300w, https:\/\/autodeclaro.es\/wp-content\/uploads\/2023\/06\/image-5-768x398.png 768w, https:\/\/autodeclaro.es\/wp-content\/uploads\/2023\/06\/image-5-100x52.png 100w, https:\/\/autodeclaro.es\/wp-content\/uploads\/2023\/06\/image-5-1000x518.png 1000w, https:\/\/autodeclaro.es\/wp-content\/uploads\/2023\/06\/image-5.png 1190w\" sizes=\"(max-width: 1024px) 100vw, 1024px\" \/><\/figure>\n\n\n\n<p>Nach dem Dividendenbericht wird es notwendig sein, dies anzugeben:<\/p>\n\n\n\n<ul class=\"wp-block-list\">\n<li><strong>Umsatzsteuer-Identifikationsnummer des Zahlungspflichtigen: <\/strong>Makler-Identifikationscode. Sie sollte auf den PDF-Ausz\u00fcgen Ihres Brokers zu finden sein.\n<ul class=\"wp-block-list\">\n<li>Die Steueridentifikationsnummer von DEGIRO B.V. lautet 820866933.<\/li>\n<\/ul>\n<\/li>\n\n\n\n<li><strong>Volles Einkommen:<\/strong> 260.93 \u20ac.<\/li>\n\n\n\n<li><strong>Einbehalte:<\/strong> 23.38 \u20ac.<\/li>\n\n\n\n<li><strong>Ausl\u00e4ndischer Wert: <\/strong>Geben Sie an, ob die Dividende \u00fcber einen ausl\u00e4ndischen oder inl\u00e4ndischen Makler bezogen wird.<\/li>\n<\/ul>\n\n\n\n<figure class=\"wp-block-image size-large\"><img decoding=\"async\" width=\"1024\" height=\"425\" src=\"https:\/\/autodeclaro.es\/wp-content\/uploads\/2023\/06\/image-7-1024x425.png\" alt=\"Aussch\u00fcttungen - Bizkaia\" class=\"wp-image-10750\" srcset=\"https:\/\/autodeclaro.es\/wp-content\/uploads\/2023\/06\/image-7-1024x425.png 1024w, https:\/\/autodeclaro.es\/wp-content\/uploads\/2023\/06\/image-7-300x125.png 300w, https:\/\/autodeclaro.es\/wp-content\/uploads\/2023\/06\/image-7-768x319.png 768w, https:\/\/autodeclaro.es\/wp-content\/uploads\/2023\/06\/image-7-1536x638.png 1536w, https:\/\/autodeclaro.es\/wp-content\/uploads\/2023\/06\/image-7-100x42.png 100w, https:\/\/autodeclaro.es\/wp-content\/uploads\/2023\/06\/image-7-1000x415.png 1000w, https:\/\/autodeclaro.es\/wp-content\/uploads\/2023\/06\/image-7.png 1580w\" sizes=\"(max-width: 1024px) 100vw, 1024px\" \/><\/figure>\n\n\n\n<p><\/p>\n\n\n\n<h4 class=\"gb-headline gb-headline-779b2fbe gb-headline-text\" id=\"DobleImposicionBizkaia\"><strong>Internationale Doppelbesteuerung<\/strong><\/h4>\n\n\n\n<p>Gehen Sie zum Abschnitt \"Verschiedene Abz\u00fcge - Andere Abz\u00fcge - Internationale Doppelbesteuerung\" und f\u00fcgen Sie einen Eintrag hinzu.<\/p>\n\n\n\n<figure class=\"wp-block-image size-large is-resized\"><img decoding=\"async\" width=\"1024\" height=\"493\" src=\"https:\/\/autodeclaro.es\/wp-content\/uploads\/2023\/06\/image-8-1024x493.png\" alt=\"Internationale Doppelbesteuerung\" class=\"wp-image-10753\" style=\"width:1024px;height:493px\" srcset=\"https:\/\/autodeclaro.es\/wp-content\/uploads\/2023\/06\/image-8-1024x493.png 1024w, https:\/\/autodeclaro.es\/wp-content\/uploads\/2023\/06\/image-8-300x144.png 300w, https:\/\/autodeclaro.es\/wp-content\/uploads\/2023\/06\/image-8-768x370.png 768w, https:\/\/autodeclaro.es\/wp-content\/uploads\/2023\/06\/image-8-100x48.png 100w, https:\/\/autodeclaro.es\/wp-content\/uploads\/2023\/06\/image-8-1000x482.png 1000w, https:\/\/autodeclaro.es\/wp-content\/uploads\/2023\/06\/image-8.png 1171w\" sizes=\"(max-width: 1024px) 100vw, 1024px\" \/><\/figure>\n\n\n\n<p>Laut dem Dividendenbericht muss dies ausgef\u00fcllt werden:<\/p>\n\n\n\n<ul class=\"wp-block-list\">\n<li>Netto-Zinsbesteuerungsgrundlage: <strong>133.69<\/strong><\/li>\n\n\n\n<li>Betrag der im Ausland gezahlten Steuern: <strong>20<\/strong><\/li>\n<\/ul>\n\n\n\n<figure class=\"wp-block-image size-full\"><img decoding=\"async\" width=\"863\" height=\"526\" src=\"https:\/\/autodeclaro.es\/wp-content\/uploads\/2023\/06\/image-9.png\" alt=\"Internationale Doppelbesteuerung\" class=\"wp-image-10755\" srcset=\"https:\/\/autodeclaro.es\/wp-content\/uploads\/2023\/06\/image-9.png 863w, https:\/\/autodeclaro.es\/wp-content\/uploads\/2023\/06\/image-9-300x183.png 300w, https:\/\/autodeclaro.es\/wp-content\/uploads\/2023\/06\/image-9-768x468.png 768w, https:\/\/autodeclaro.es\/wp-content\/uploads\/2023\/06\/image-9-100x61.png 100w\" sizes=\"(max-width: 863px) 100vw, 863px\" \/><\/figure>\n\n\n\n<figure class=\"wp-block-image size-large\"><img decoding=\"async\" width=\"1024\" height=\"178\" src=\"https:\/\/autodeclaro.es\/wp-content\/uploads\/2024\/04\/image-13-1024x178.png\" alt=\"\" class=\"wp-image-16173\" srcset=\"https:\/\/autodeclaro.es\/wp-content\/uploads\/2024\/04\/image-13-1024x178.png 1024w, https:\/\/autodeclaro.es\/wp-content\/uploads\/2024\/04\/image-13-300x52.png 300w, https:\/\/autodeclaro.es\/wp-content\/uploads\/2024\/04\/image-13-768x133.png 768w, https:\/\/autodeclaro.es\/wp-content\/uploads\/2024\/04\/image-13-18x3.png 18w, https:\/\/autodeclaro.es\/wp-content\/uploads\/2024\/04\/image-13-100x17.png 100w, https:\/\/autodeclaro.es\/wp-content\/uploads\/2024\/04\/image-13-1000x174.png 1000w, https:\/\/autodeclaro.es\/wp-content\/uploads\/2024\/04\/image-13.png 1360w\" sizes=\"(max-width: 1024px) 100vw, 1024px\" \/><\/figure>\n\n\n\n<hr class=\"wp-block-separator has-alpha-channel-opacity\"\/>\n\n\n\n<h2 class=\"gb-headline gb-headline-5c20fedd gb-headline-text\" id=\"Gipuzkoa\"><strong>Schatzamt der Provinz Gipuzkoa<\/strong><\/h2>\n\n\n\n<p>Zun\u00e4chst m\u00f6chten wir darauf hinweisen, dass wir keine Experten f\u00fcr Steuererkl\u00e4rungen sind. Dies ist unser Vorschlag, wie Sie Ihre Steuererkl\u00e4rung im Finanzamt von Gipuzkoa ausf\u00fcllen k\u00f6nnen, aber Sie sollten dies mit dem Finanzamt selbst oder mit einem Steuerexperten abkl\u00e4ren.<\/p>\n\n\n\n<p><strong>Anmerkung:<\/strong> Der Bericht enth\u00e4lt keine Angaben zu den Erm\u00e4\u00dfigungskoeffizienten in Abh\u00e4ngigkeit vom Jahr des Kaufs. Dies ist eine Verbesserung, die wir in Zukunft vornehmen m\u00fcssen, um diese in Gipuzkoa angebotene Steuerverg\u00fcnstigung anwenden zu k\u00f6nnen.<\/p>\n\n\n\n<p>Zugang zu den Eink\u00fcnften der Provinzregierung von Gipuzkoa finden Sie hier: <a href=\"https:\/\/www.gipuzkoa.eus\/es\/web\/ogasuna\/renta\/informacion-renta\" target=\"_blank\" rel=\"noreferrer noopener\">https:\/\/www.gipuzkoa.eus\/es\/web\/ogasuna\/renta\/informacion-renta<\/a> und w\u00e4hlen Sie das Web-Hilfsprogramm.<\/p>\n\n\n\n<figure class=\"wp-block-image size-large\"><img decoding=\"async\" width=\"1024\" height=\"410\" src=\"https:\/\/autodeclaro.es\/wp-content\/uploads\/2023\/06\/image-10-1024x410.png\" alt=\"Schatzamt der Provinz Gipuzkoa\" class=\"wp-image-10788\" srcset=\"https:\/\/autodeclaro.es\/wp-content\/uploads\/2023\/06\/image-10-1024x410.png 1024w, https:\/\/autodeclaro.es\/wp-content\/uploads\/2023\/06\/image-10-300x120.png 300w, https:\/\/autodeclaro.es\/wp-content\/uploads\/2023\/06\/image-10-768x307.png 768w, https:\/\/autodeclaro.es\/wp-content\/uploads\/2023\/06\/image-10-100x40.png 100w, https:\/\/autodeclaro.es\/wp-content\/uploads\/2023\/06\/image-10-1000x400.png 1000w, https:\/\/autodeclaro.es\/wp-content\/uploads\/2023\/06\/image-10.png 1162w\" sizes=\"(max-width: 1024px) 100vw, 1024px\" \/><\/figure>\n\n\n\n<p><\/p>\n\n\n\n<p>In dem von autodeclaro erstellten Gewinn- und Verlustbericht gibt es mehrere Arten von Werten:<\/p>\n\n\n\n<ul class=\"wp-block-list\">\n<li><a href=\"#stocksGipuzkoa\" data-type=\"internal\">Best\u00e4nde (Aktien)<\/a><\/li>\n\n\n\n<li><a href=\"#dividendosGipuzkoa\" data-type=\"internal\">Dividenden<\/a><\/li>\n\n\n\n<li><a href=\"#opcionesGipuzkoa\">Optionen, Futures, CFDs und Bargeld (Forex)<\/a> <\/li>\n<\/ul>\n\n\n\n<p>&nbsp;<\/p>\n\n\n\n<figure class=\"wp-block-image size-large\"><img decoding=\"async\" width=\"1024\" height=\"477\" src=\"https:\/\/autodeclaro.es\/wp-content\/uploads\/2024\/04\/image-11-1024x477.png\" alt=\"\" class=\"wp-image-16171\" srcset=\"https:\/\/autodeclaro.es\/wp-content\/uploads\/2024\/04\/image-11-1024x477.png 1024w, https:\/\/autodeclaro.es\/wp-content\/uploads\/2024\/04\/image-11-300x140.png 300w, https:\/\/autodeclaro.es\/wp-content\/uploads\/2024\/04\/image-11-768x358.png 768w, https:\/\/autodeclaro.es\/wp-content\/uploads\/2024\/04\/image-11-1536x716.png 1536w, https:\/\/autodeclaro.es\/wp-content\/uploads\/2024\/04\/image-11-18x8.png 18w, https:\/\/autodeclaro.es\/wp-content\/uploads\/2024\/04\/image-11-100x47.png 100w, https:\/\/autodeclaro.es\/wp-content\/uploads\/2024\/04\/image-11-1000x466.png 1000w, https:\/\/autodeclaro.es\/wp-content\/uploads\/2024\/04\/image-11.png 1893w\" sizes=\"(max-width: 1024px) 100vw, 1024px\" \/><\/figure>\n\n\n\n<p>Im Bericht haben wir die Gewinne und Verluste nach Wertpapieren aufgeschl\u00fcsselt und dann nach Wertpapierarten gruppiert, so dass Sie schlie\u00dflich in der Renta die Werte angeben m\u00fcssen, die unterstrichen sind:<\/p>\n\n\n\n<ul class=\"wp-block-list\">\n<li><strong>TOTAL 2020-STK - Abschnitt \"Best\u00e4nde (Aktien)<\/strong><\/li>\n\n\n\n<li><strong>TOTAL 2020-OPT - Abschnitt \"Optionen<\/strong><\/li>\n<\/ul>\n\n\n\n<p><strong>Anmerkung:<\/strong> Das ist es, was wir im Finanzamt AEAT tun, aber im Finanzamt Araba ist es so konzipiert, dass Kauf- und Verkaufstransaktionen einzeln erfasst werden. Wir werden erkl\u00e4ren, wie das gemacht wird.<\/p>\n\n\n\n<h3 class=\"gb-headline gb-headline-977c3224 gb-headline-text\" id=\"stocksGipuzkoa\"><strong>Aktien (Anteile) - Gipuzkoa<\/strong><\/h3>\n\n\n\n<p>Sobald Sie im Entwurf sind, gehen Sie zu dem Abschnitt, <strong>\"\u00dcbertragung von Kapitalertr\u00e4gen\".<\/strong>.<\/p>\n\n\n\n<figure class=\"wp-block-image size-large\"><img decoding=\"async\" width=\"1024\" height=\"661\" src=\"https:\/\/autodeclaro.es\/wp-content\/uploads\/2023\/06\/image-12-1024x661.png\" alt=\"Aktien (Anteilsscheine) - Gipuzkoa\" class=\"wp-image-10792\" srcset=\"https:\/\/autodeclaro.es\/wp-content\/uploads\/2023\/06\/image-12-1024x661.png 1024w, https:\/\/autodeclaro.es\/wp-content\/uploads\/2023\/06\/image-12-300x194.png 300w, https:\/\/autodeclaro.es\/wp-content\/uploads\/2023\/06\/image-12-768x496.png 768w, https:\/\/autodeclaro.es\/wp-content\/uploads\/2023\/06\/image-12-100x65.png 100w, https:\/\/autodeclaro.es\/wp-content\/uploads\/2023\/06\/image-12-1000x645.png 1000w, https:\/\/autodeclaro.es\/wp-content\/uploads\/2023\/06\/image-12.png 1356w\" sizes=\"(max-width: 1024px) 100vw, 1024px\" \/><\/figure>\n\n\n\n<p>Das Hinzuf\u00fcgen eines Datensatzes zur Eingabe der summierten oder gruppierten Betr\u00e4ge wie im Autodeclaro-Bericht kann wie folgt ausgef\u00fcllt werden:<\/p>\n\n\n\n<ul class=\"wp-block-list\">\n<li>Code: <strong>B-Tasche<\/strong><\/li>\n\n\n\n<li>Beschreibung: <strong><mark style=\"background-color: #e2f70f;\" class=\"has-inline-color has-contrast-color\">\"Name des\/der Makler(s)<\/mark><\/strong><\/li>\n\n\n\n<li>% Eigentumsverh\u00e4ltnisse: wie zutreffend<\/li>\n\n\n\n<li>Datum der \u00dcbermittlung: <strong>31. Dezember 2022<\/strong><\/li>\n\n\n\n<li>Datum des Erwerbs: <strong>1. Januar 2022<\/strong><\/li>\n\n\n\n<li>\u00dcbertragungswert: <strong><mark style=\"background-color: #e2f70f;\" class=\"has-inline-color\">305.46<\/mark><\/strong><\/li>\n\n\n\n<li>Anschaffungswert: <strong><mark style=\"background-color: #e2f70f;\" class=\"has-inline-color\">121.69<\/mark><\/strong> (ohne negatives Vorzeichen)<\/li>\n<\/ul>\n\n\n\n<p><strong>Anmerkung:<\/strong> Die Daten stammen aus dem Autodeclaro-Bericht im obigen Screenshot. <\/p>\n\n\n\n<figure class=\"wp-block-image size-large\"><img decoding=\"async\" width=\"1024\" height=\"554\" src=\"https:\/\/autodeclaro.es\/wp-content\/uploads\/2023\/06\/image-11-1024x554.png\" alt=\"Aktien (Anteilsscheine) - Gipuzkoa\" class=\"wp-image-10789\" srcset=\"https:\/\/autodeclaro.es\/wp-content\/uploads\/2023\/06\/image-11-1024x554.png 1024w, https:\/\/autodeclaro.es\/wp-content\/uploads\/2023\/06\/image-11-300x162.png 300w, https:\/\/autodeclaro.es\/wp-content\/uploads\/2023\/06\/image-11-768x415.png 768w, https:\/\/autodeclaro.es\/wp-content\/uploads\/2023\/06\/image-11-1536x831.png 1536w, https:\/\/autodeclaro.es\/wp-content\/uploads\/2023\/06\/image-11-100x54.png 100w, https:\/\/autodeclaro.es\/wp-content\/uploads\/2023\/06\/image-11-1000x541.png 1000w, https:\/\/autodeclaro.es\/wp-content\/uploads\/2023\/06\/image-11.png 1703w\" sizes=\"(max-width: 1024px) 100vw, 1024px\" \/><\/figure>\n\n\n\n<p><\/p>\n\n\n\n<h3 class=\"gb-headline gb-headline-b0c3b5dd gb-headline-text\" id=\"opcionesGipuzkoa\"><strong>Optionen, Futures, CFDs und CASH <\/strong> - <strong>Gipuzkoa<\/strong><\/h3>\n\n\n\n<p><strong>Anmerkung:<\/strong> Erstellen Sie im Entwurf der Einkommensteuererkl\u00e4rung einen Eintrag f\u00fcr jede Zwischensumme f\u00fcr Optionen, CFDs, CASH usw.<\/p>\n\n\n\n<p>Sobald Sie im Entwurf sind, gehen Sie zu dem Abschnitt, <strong>\"\u00dcbertragung von Kapitalertr\u00e4gen\".<\/strong>.<\/p>\n\n\n\n<p>Sie ist \u00e4hnlich wie \"Aktien\/Best\u00e4nde\", aber mit dem <strong>Code\/Option \"R-Resto\".<\/strong><\/p>\n\n\n\n<ul class=\"wp-block-list\">\n<li>Code: <strong>R-Resto<\/strong><\/li>\n\n\n\n<li>Beschreibung: <strong><mark style=\"background-color: #e2f70f;\" class=\"has-inline-color has-contrast-color\">\"Name des\/der Makler(s)<\/mark><\/strong><\/li>\n\n\n\n<li>% Eigentumsverh\u00e4ltnisse: wie zutreffend<\/li>\n\n\n\n<li>Datum der \u00dcbermittlung: <strong>31. Dezember 2022<\/strong><\/li>\n\n\n\n<li>Datum des Erwerbs: <strong>1. Januar 2022<\/strong><\/li>\n\n\n\n<li>\u00dcbertragungswert: <strong><mark style=\"background-color: #e2f70f;\" class=\"has-inline-color\">201<\/mark><\/strong><\/li>\n\n\n\n<li>Anschaffungswert: <strong><mark style=\"background-color: #e2f70f;\" class=\"has-inline-color\">1<\/mark><\/strong> (es wird wahrscheinlich keine 0 akzeptiert, zum \u00dcbertragungswert wird 1 addiert) nach dem Beispiel des Berichts<\/li>\n<\/ul>\n\n\n\n<h3 class=\"gb-headline gb-headline-57202275 gb-headline-text\" id=\"dividendosGipuzkoa\"><strong>Dividenden<\/strong> - <strong>Gipuzkoa<\/strong><\/h3>\n\n\n\n<p>Es gibt zwei Abschnitte, in denen dividendenbezogene Informationen angegeben werden k\u00f6nnen:<\/p>\n\n\n\n<ul class=\"wp-block-list\">\n<li><strong><a href=\"#DividendoRecibidoGipuzkoa\">Erhaltene Dividenden und Quellensteuer<\/a><\/strong>im Abschnitt \"Nettoeinkommen aus beweglichem Kapital\". <\/li>\n\n\n\n<li><strong><a href=\"#DobleImposicionGipuzkoa\">Internationale Doppelbesteuerung<\/a><\/strong>im Abschnitt \"Verschiedene Abz\u00fcge - Andere Abz\u00fcge - Internationale Doppelbesteuerung\".<\/li>\n<\/ul>\n\n\n\n<p><\/p>\n\n\n\n<h4 class=\"gb-headline gb-headline-ee5f9f4b gb-headline-text\" id=\"DividendoRecibidoGipuzkoa\"><strong>Erhaltene Aussch\u00fcttungen<\/strong><\/h4>\n\n\n\n<p>Gehen Sie zum Abschnitt \"Nettoeinkommen aus beweglichem Kapital\".<\/p>\n\n\n\n<figure class=\"wp-block-image size-large\"><img decoding=\"async\" width=\"1024\" height=\"675\" src=\"https:\/\/autodeclaro.es\/wp-content\/uploads\/2023\/06\/image-14-1024x675.png\" alt=\"Aussch\u00fcttungen - Gipuzkoa\" class=\"wp-image-10798\" srcset=\"https:\/\/autodeclaro.es\/wp-content\/uploads\/2023\/06\/image-14-1024x675.png 1024w, https:\/\/autodeclaro.es\/wp-content\/uploads\/2023\/06\/image-14-300x198.png 300w, https:\/\/autodeclaro.es\/wp-content\/uploads\/2023\/06\/image-14-768x507.png 768w, https:\/\/autodeclaro.es\/wp-content\/uploads\/2023\/06\/image-14-100x66.png 100w, https:\/\/autodeclaro.es\/wp-content\/uploads\/2023\/06\/image-14-1000x660.png 1000w, https:\/\/autodeclaro.es\/wp-content\/uploads\/2023\/06\/image-14.png 1331w\" sizes=\"(max-width: 1024px) 100vw, 1024px\" \/><\/figure>\n\n\n\n<p><\/p>\n\n\n\n<p>Gehe zu <strong>\"Eink\u00fcnfte aus Beteiligungen an Eigenmitteln von Einrichtungen, die zur Befreiung berechtigt sind\".<\/strong>. <\/p>\n\n\n\n<p>Nach dem Dividendenbericht wird es notwendig sein, dies anzugeben:<\/p>\n\n\n\n<ul class=\"wp-block-list\">\n<li><strong>Nettoertrag:<\/strong> 260.93 \u20ac.<\/li>\n\n\n\n<li><strong>Beibehaltung:<\/strong> 23.38 \u20ac.<\/li>\n\n\n\n<li><strong>%TTTG\u00fcltigkeit: <\/strong>Nach Bedarf<\/li>\n<\/ul>\n\n\n\n<figure class=\"wp-block-image size-large\"><img decoding=\"async\" width=\"1024\" height=\"383\" src=\"https:\/\/autodeclaro.es\/wp-content\/uploads\/2023\/06\/image-13-1024x383.png\" alt=\"Aussch\u00fcttungen - Gipuzkoa\" class=\"wp-image-10797\" srcset=\"https:\/\/autodeclaro.es\/wp-content\/uploads\/2023\/06\/image-13-1024x383.png 1024w, https:\/\/autodeclaro.es\/wp-content\/uploads\/2023\/06\/image-13-300x112.png 300w, https:\/\/autodeclaro.es\/wp-content\/uploads\/2023\/06\/image-13-768x287.png 768w, https:\/\/autodeclaro.es\/wp-content\/uploads\/2023\/06\/image-13-100x37.png 100w, https:\/\/autodeclaro.es\/wp-content\/uploads\/2023\/06\/image-13-1000x374.png 1000w, https:\/\/autodeclaro.es\/wp-content\/uploads\/2023\/06\/image-13.png 1132w\" sizes=\"(max-width: 1024px) 100vw, 1024px\" \/><\/figure>\n\n\n\n<p><\/p>\n\n\n\n<h4 class=\"gb-headline gb-headline-c5b90871 gb-headline-text\" id=\"DobleImposicionGipuzkoa\"><strong>Internationale Doppelbesteuerung<\/strong><\/h4>\n\n\n\n<p>Gehen Sie zum Abschnitt \"Abz\u00fcge\" - \"Doppelbesteuerung\" - \"International\" und f\u00fcgen Sie einen Eintrag hinzu.<\/p>\n\n\n\n<p><strong>Abz\u00fcge<\/strong><\/p>\n\n\n\n<figure class=\"wp-block-image size-large\"><img decoding=\"async\" width=\"1024\" height=\"430\" src=\"https:\/\/autodeclaro.es\/wp-content\/uploads\/2023\/06\/image-17-1024x430.png\" alt=\"Internationale Doppelbesteuerung\" class=\"wp-image-10804\" srcset=\"https:\/\/autodeclaro.es\/wp-content\/uploads\/2023\/06\/image-17-1024x430.png 1024w, https:\/\/autodeclaro.es\/wp-content\/uploads\/2023\/06\/image-17-300x126.png 300w, https:\/\/autodeclaro.es\/wp-content\/uploads\/2023\/06\/image-17-768x323.png 768w, https:\/\/autodeclaro.es\/wp-content\/uploads\/2023\/06\/image-17-100x42.png 100w, https:\/\/autodeclaro.es\/wp-content\/uploads\/2023\/06\/image-17-1000x420.png 1000w, https:\/\/autodeclaro.es\/wp-content\/uploads\/2023\/06\/image-17.png 1292w\" sizes=\"(max-width: 1024px) 100vw, 1024px\" \/><\/figure>\n\n\n\n<p><strong>Doppelbesteuerung<\/strong><\/p>\n\n\n\n<figure class=\"wp-block-image size-full\"><img decoding=\"async\" width=\"802\" height=\"177\" src=\"https:\/\/autodeclaro.es\/wp-content\/uploads\/2023\/06\/image-15.png\" alt=\"Internationale Doppelbesteuerung\" class=\"wp-image-10801\" srcset=\"https:\/\/autodeclaro.es\/wp-content\/uploads\/2023\/06\/image-15.png 802w, https:\/\/autodeclaro.es\/wp-content\/uploads\/2023\/06\/image-15-300x66.png 300w, https:\/\/autodeclaro.es\/wp-content\/uploads\/2023\/06\/image-15-768x169.png 768w, https:\/\/autodeclaro.es\/wp-content\/uploads\/2023\/06\/image-15-100x22.png 100w\" sizes=\"(max-width: 802px) 100vw, 802px\" \/><\/figure>\n\n\n\n<p><\/p>\n\n\n\n<p>Gem\u00e4\u00df dem Dividendenbericht muss der Abschnitt wie folgt ausgef\u00fcllt werden <strong>\"Internationale Doppelbesteuerung von Zinsertr\u00e4gen<\/strong>:<\/p>\n\n\n\n<ul class=\"wp-block-list\">\n<li>Betrag der im Ausland gezahlten Steuern: <strong>20<\/strong><\/li>\n\n\n\n<li>Im Ausland erzielte Eink\u00fcnfte: <strong>133.69<\/strong><\/li>\n<\/ul>\n\n\n\n<figure class=\"wp-block-image size-large\"><img decoding=\"async\" width=\"1024\" height=\"245\" src=\"https:\/\/autodeclaro.es\/wp-content\/uploads\/2023\/06\/image-16-1024x245.png\" alt=\"Internationale Doppelbesteuerung\" class=\"wp-image-10803\" srcset=\"https:\/\/autodeclaro.es\/wp-content\/uploads\/2023\/06\/image-16-1024x245.png 1024w, https:\/\/autodeclaro.es\/wp-content\/uploads\/2023\/06\/image-16-300x72.png 300w, https:\/\/autodeclaro.es\/wp-content\/uploads\/2023\/06\/image-16-768x184.png 768w, https:\/\/autodeclaro.es\/wp-content\/uploads\/2023\/06\/image-16-1536x368.png 1536w, https:\/\/autodeclaro.es\/wp-content\/uploads\/2023\/06\/image-16-100x24.png 100w, https:\/\/autodeclaro.es\/wp-content\/uploads\/2023\/06\/image-16-1000x240.png 1000w, https:\/\/autodeclaro.es\/wp-content\/uploads\/2023\/06\/image-16.png 1762w\" sizes=\"(max-width: 1024px) 100vw, 1024px\" \/><\/figure>\n\n\n\n<figure class=\"wp-block-image size-large\"><img decoding=\"async\" width=\"1024\" height=\"178\" src=\"https:\/\/autodeclaro.es\/wp-content\/uploads\/2024\/04\/image-13-1024x178.png\" alt=\"\" class=\"wp-image-16173\" srcset=\"https:\/\/autodeclaro.es\/wp-content\/uploads\/2024\/04\/image-13-1024x178.png 1024w, https:\/\/autodeclaro.es\/wp-content\/uploads\/2024\/04\/image-13-300x52.png 300w, https:\/\/autodeclaro.es\/wp-content\/uploads\/2024\/04\/image-13-768x133.png 768w, https:\/\/autodeclaro.es\/wp-content\/uploads\/2024\/04\/image-13-18x3.png 18w, https:\/\/autodeclaro.es\/wp-content\/uploads\/2024\/04\/image-13-100x17.png 100w, https:\/\/autodeclaro.es\/wp-content\/uploads\/2024\/04\/image-13-1000x174.png 1000w, https:\/\/autodeclaro.es\/wp-content\/uploads\/2024\/04\/image-13.png 1360w\" sizes=\"(max-width: 1024px) 100vw, 1024px\" \/><\/figure>\n\n\n\n<hr class=\"wp-block-separator has-alpha-channel-opacity\"\/>\n\n\n\n<h2 class=\"gb-headline gb-headline-42b8880e gb-headline-text\" id=\"Navarra\"><strong>Die Schatzkammer von Navarra<\/strong><\/h2>\n\n\n\n<p>Zun\u00e4chst einmal sind wir keine Experten f\u00fcr Steuererkl\u00e4rungen. Dies ist unser Vorschlag, wie Sie Ihre Steuererkl\u00e4rung im Finanzamt von Navarra ausf\u00fcllen, aber Sie sollten dies mit dem Finanzamt selbst oder mit einem Steuerexperten abkl\u00e4ren.<\/p>\n\n\n\n<p>Die Renta de la Diputaci\u00f3n Foral de Navarra finden Sie unter folgender Adresse: <a href=\"https:\/\/renta.navarra.es\/es\/\" target=\"_blank\" rel=\"noreferrer noopener\">https:\/\/renta.navarra.es\/es\/<\/a> und w\u00e4hlen Sie <a href=\"https:\/\/renta.navarra.es\/es\/renta-online\" target=\"_blank\" rel=\"noreferrer noopener\">\"Renta Online<\/a>.<\/p>\n\n\n\n<p>W\u00e4hlen Sie die Option \"Verfahren\" und identifizieren Sie sich mit der von Ihnen gew\u00e4hlten Option. <\/p>\n\n\n\n<ul class=\"wp-block-list\">\n<li><a href=\"#stocksNavarra\" data-type=\"internal\">Best\u00e4nde (Aktien)<\/a><\/li>\n\n\n\n<li><a href=\"#dividendosNavarra\" data-type=\"internal\">Dividenden<\/a><\/li>\n\n\n\n<li><a href=\"#opcionesNavarra\">Optionen, Futures, CFDs und Bargeld (Forex)<\/a><\/li>\n<\/ul>\n\n\n\n<p>&nbsp;<\/p>\n\n\n\n<figure class=\"wp-block-image size-large\"><img decoding=\"async\" width=\"1024\" height=\"477\" src=\"https:\/\/autodeclaro.es\/wp-content\/uploads\/2024\/04\/image-11-1024x477.png\" alt=\"\" class=\"wp-image-16171\" srcset=\"https:\/\/autodeclaro.es\/wp-content\/uploads\/2024\/04\/image-11-1024x477.png 1024w, https:\/\/autodeclaro.es\/wp-content\/uploads\/2024\/04\/image-11-300x140.png 300w, https:\/\/autodeclaro.es\/wp-content\/uploads\/2024\/04\/image-11-768x358.png 768w, https:\/\/autodeclaro.es\/wp-content\/uploads\/2024\/04\/image-11-1536x716.png 1536w, https:\/\/autodeclaro.es\/wp-content\/uploads\/2024\/04\/image-11-18x8.png 18w, https:\/\/autodeclaro.es\/wp-content\/uploads\/2024\/04\/image-11-100x47.png 100w, https:\/\/autodeclaro.es\/wp-content\/uploads\/2024\/04\/image-11-1000x466.png 1000w, https:\/\/autodeclaro.es\/wp-content\/uploads\/2024\/04\/image-11.png 1893w\" sizes=\"(max-width: 1024px) 100vw, 1024px\" \/><\/figure>\n\n\n\n<p>Im Bericht haben wir die Gewinne und Verluste nach Wertpapieren aufgeschl\u00fcsselt und dann nach Wertpapierarten gruppiert, so dass Sie schlie\u00dflich in der Renta die Werte angeben m\u00fcssen, die unterstrichen sind:<\/p>\n\n\n\n<ul class=\"wp-block-list\">\n<li><strong>TOTAL 2020-STK - Abschnitt \"Best\u00e4nde (Aktien)<\/strong><\/li>\n\n\n\n<li><strong>TOTAL 2020-OPT - Abschnitt \"Optionen<\/strong><\/li>\n<\/ul>\n\n\n\n<p><strong>Anmerkung:<\/strong> Das ist es, was wir im Finanzamt AEAT tun, aber im Finanzamt Araba ist es so konzipiert, dass Kauf- und Verkaufstransaktionen einzeln erfasst werden. Wir werden erkl\u00e4ren, wie das gemacht wird.<\/p>\n\n\n\n<h3 class=\"gb-headline gb-headline-745c89e5 gb-headline-text\" id=\"stocksNavarra\"><strong>Aktien (Anteile) - Navarra<\/strong><\/h3>\n\n\n\n<p>Im Entwurf gehen Sie zum Abschnitt IRPF-Men\u00fc, <strong>\"Erh\u00f6hungen und Verminderungen von Kapitalgewinnen und -verlusten aufgrund von \u00dcbertragungen\".<\/strong> - <strong>\"Erh\u00f6hungen und Verminderungen . Liegenschaften und Sonstiges\".<\/strong><\/p>\n\n\n\n<figure class=\"wp-block-image size-full\"><img decoding=\"async\" width=\"873\" height=\"727\" src=\"https:\/\/autodeclaro.es\/wp-content\/uploads\/2023\/06\/image-18.jpg\" alt=\"Aktien (Anteile) - Navarra\" class=\"wp-image-10815\" srcset=\"https:\/\/autodeclaro.es\/wp-content\/uploads\/2023\/06\/image-18.jpg 873w, https:\/\/autodeclaro.es\/wp-content\/uploads\/2023\/06\/image-18-300x250.jpg 300w, https:\/\/autodeclaro.es\/wp-content\/uploads\/2023\/06\/image-18-768x640.jpg 768w, https:\/\/autodeclaro.es\/wp-content\/uploads\/2023\/06\/image-18-14x12.jpg 14w, https:\/\/autodeclaro.es\/wp-content\/uploads\/2023\/06\/image-18-100x83.jpg 100w\" sizes=\"(max-width: 873px) 100vw, 873px\" \/><\/figure>\n\n\n\n<p>Das Hinzuf\u00fcgen eines Datensatzes zur Eingabe der summierten oder gruppierten Betr\u00e4ge wie im Autodeclaro-Bericht kann wie folgt ausgef\u00fcllt werden:<\/p>\n\n\n\n<ul class=\"wp-block-list\">\n<li>Art der \u00dcbertragung: <strong>L\u00e4stige<\/strong><\/li>\n\n\n\n<li>Art des Verm\u00f6genswerts oder Rechts: <strong>Amtliche Notierung der Aktien<\/strong><\/li>\n\n\n\n<li>Beschreibung: <strong><mark style=\"background-color: #e2f70f;\" class=\"has-inline-color has-contrast-color\">\"Name des\/der Makler(s)<\/mark><\/strong><\/li>\n\n\n\n<li>% Eigentumsverh\u00e4ltnisse: wie zutreffend<\/li>\n\n\n\n<li>Datum der \u00dcbermittlung: <strong>31. Dezember 2022<\/strong><\/li>\n\n\n\n<li>Datum des Erwerbs: <strong>1. Januar 2022<\/strong><\/li>\n\n\n\n<li>\u00dcbertragungswert: <strong><mark style=\"background-color: #e2f70f;\" class=\"has-inline-color\">201.92<\/mark><\/strong><\/li>\n\n\n\n<li>Anschaffungswert: <strong><mark style=\"background-color: #e2f70f;\" class=\"has-inline-color\">1<\/mark><\/strong> (ohne negatives Vorzeichen) wird 1 angezeigt, da der Wert 0 m\u00f6glicherweise nicht g\u00fcltig ist und 1 zum \u00dcbertragungswert addiert wird.<\/li>\n<\/ul>\n\n\n\n<p><strong>Anmerkung:<\/strong> Die Daten stammen aus dem Autodeclaro-Bericht im obigen Screenshot.<\/p>\n\n\n\n<figure class=\"wp-block-image size-full\"><img decoding=\"async\" width=\"746\" height=\"808\" src=\"https:\/\/autodeclaro.es\/wp-content\/uploads\/2024\/05\/image-3.png\" alt=\"\" class=\"wp-image-16801\" srcset=\"https:\/\/autodeclaro.es\/wp-content\/uploads\/2024\/05\/image-3.png 746w, https:\/\/autodeclaro.es\/wp-content\/uploads\/2024\/05\/image-3-277x300.png 277w, https:\/\/autodeclaro.es\/wp-content\/uploads\/2024\/05\/image-3-11x12.png 11w, https:\/\/autodeclaro.es\/wp-content\/uploads\/2024\/05\/image-3-100x108.png 100w\" sizes=\"(max-width: 746px) 100vw, 746px\" \/><\/figure>\n\n\n\n<h3 class=\"gb-headline gb-headline-79295782 gb-headline-text\" id=\"opcionesNavarra\"><strong>Optionen, Futures, CFDs und CASH <\/strong> - <strong>Navarra<\/strong><\/h3>\n\n\n\n<p><strong>Anmerkung:<\/strong> Erstellen Sie f\u00fcr jede Zwischensumme von Optionen, CFDs, CASH usw. einen Web-Einkommenseintrag.<\/p>\n\n\n\n<p>Im Entwurf gehen Sie zum Abschnitt IRPF-Men\u00fc, <strong>\"Erh\u00f6hungen und Verminderungen von Kapitalgewinnen und -verlusten aufgrund von \u00dcbertragungen\".<\/strong> - <strong>\"Erh\u00f6hungen und Verminderungen . Liegenschaften und Sonstiges\".<\/strong><\/p>\n\n\n\n<figure class=\"wp-block-image size-full\"><img decoding=\"async\" width=\"873\" height=\"727\" src=\"https:\/\/autodeclaro.es\/wp-content\/uploads\/2023\/06\/image-18.jpg\" alt=\"Aktien (Anteile) - Navarra\" class=\"wp-image-10815\" srcset=\"https:\/\/autodeclaro.es\/wp-content\/uploads\/2023\/06\/image-18.jpg 873w, https:\/\/autodeclaro.es\/wp-content\/uploads\/2023\/06\/image-18-300x250.jpg 300w, https:\/\/autodeclaro.es\/wp-content\/uploads\/2023\/06\/image-18-768x640.jpg 768w, https:\/\/autodeclaro.es\/wp-content\/uploads\/2023\/06\/image-18-14x12.jpg 14w, https:\/\/autodeclaro.es\/wp-content\/uploads\/2023\/06\/image-18-100x83.jpg 100w\" sizes=\"(max-width: 873px) 100vw, 873px\" \/><\/figure>\n\n\n\n<p>Das Hinzuf\u00fcgen eines Datensatzes zur Eingabe der summierten oder gruppierten Betr\u00e4ge wie im Autodeclaro-Bericht kann wie folgt ausgef\u00fcllt werden:<\/p>\n\n\n\n<ul class=\"wp-block-list\">\n<li>Art der \u00dcbertragung: <strong>L\u00e4stige<\/strong><\/li>\n\n\n\n<li>Art des Verm\u00f6genswerts oder Rechts: <strong>Andere Waren<\/strong><\/li>\n\n\n\n<li>Beschreibung: <strong><mark style=\"background-color: #e2f70f;\" class=\"has-inline-color has-contrast-color\">\"Name des\/der Makler(s)<\/mark><\/strong><\/li>\n\n\n\n<li>% Eigentumsverh\u00e4ltnisse: wie zutreffend<\/li>\n\n\n\n<li>Datum der \u00dcbermittlung: <strong>31. Dezember 2022<\/strong><\/li>\n\n\n\n<li>Datum des Erwerbs: <strong>1. Januar 2022<\/strong><\/li>\n\n\n\n<li>\u00dcbertragungswert: <strong><mark style=\"background-color: #e2f70f;\" class=\"has-inline-color\">305.46<\/mark><\/strong><\/li>\n\n\n\n<li>Anschaffungswert: <strong><mark style=\"background-color: #e2f70f;\" class=\"has-inline-color\">121.69<\/mark><\/strong> (ohne negatives Vorzeichen)<\/li>\n<\/ul>\n\n\n\n<p><strong>Anmerkung:<\/strong> Die Daten stammen aus dem Autodeclaro-Bericht im obigen Screenshot.<\/p>\n\n\n\n<figure class=\"wp-block-image size-full is-resized\"><img decoding=\"async\" width=\"903\" height=\"932\" src=\"https:\/\/autodeclaro.es\/wp-content\/uploads\/2023\/06\/image-19.png\" alt=\"Aktien (Anteile) - Navarra\" class=\"wp-image-10816\" style=\"width:750px;height:auto\" srcset=\"https:\/\/autodeclaro.es\/wp-content\/uploads\/2023\/06\/image-19.png 903w, https:\/\/autodeclaro.es\/wp-content\/uploads\/2023\/06\/image-19-291x300.png 291w, https:\/\/autodeclaro.es\/wp-content\/uploads\/2023\/06\/image-19-768x793.png 768w, https:\/\/autodeclaro.es\/wp-content\/uploads\/2023\/06\/image-19-100x103.png 100w\" sizes=\"(max-width: 903px) 100vw, 903px\" \/><\/figure>\n\n\n\n<h3 class=\"gb-headline gb-headline-1baa6b62 gb-headline-text\" id=\"dividendosNavarra\"><strong>Aussch\u00fcttungen (Aktien) - Navarra<\/strong><\/h3>\n\n\n\n<p>F\u00fcr Dividenden gibt es zwei Schritte:<\/p>\n\n\n\n<ul class=\"wp-block-list\">\n<li><a href=\"#dividendosTotalesNavarra\">1\/ Gesamtdividendenertr\u00e4ge<\/a><\/li>\n\n\n\n<li><a href=\"#dividendosDobleNavarra\">2\/ Angabe der Doppelbesteuerung<\/a><\/li>\n<\/ul>\n\n\n\n<p id=\"dividendosTotalesNavarra\"><strong>1\/<\/strong> Im Entwurf gehen Sie zum Abschnitt IRPF-Men\u00fc, <strong>\"Rendimientos capital mobiliario - Parte especial ahorro\".<\/strong> - <strong>\"Dividenden und Kapitalbeteiligungen an Unternehmen\".<\/strong><\/p>\n\n\n<div class=\"wp-block-image\">\n<figure class=\"aligncenter size-full\"><img decoding=\"async\" width=\"561\" height=\"448\" src=\"https:\/\/autodeclaro.es\/wp-content\/uploads\/2024\/05\/image.png\" alt=\"\" class=\"wp-image-16783\" srcset=\"https:\/\/autodeclaro.es\/wp-content\/uploads\/2024\/05\/image.png 561w, https:\/\/autodeclaro.es\/wp-content\/uploads\/2024\/05\/image-300x240.png 300w, https:\/\/autodeclaro.es\/wp-content\/uploads\/2024\/05\/image-15x12.png 15w, https:\/\/autodeclaro.es\/wp-content\/uploads\/2024\/05\/image-100x80.png 100w\" sizes=\"(max-width: 561px) 100vw, 561px\" \/><\/figure>\n<\/div>\n\n\n<p>Nach dem Dividendenbericht wird es notwendig sein, dies anzugeben:<\/p>\n\n\n\n<ul class=\"wp-block-list\">\n<li><strong>Vollst\u00e4ndiger Betrag der Dividenden und Anteile an den Eigenmitteln der Unternehmen:<\/strong> 260.93 \u20ac.<\/li>\n\n\n\n<li><strong>Quellensteuer auf Dividenden und Anteile am Eigenkapital von Unternehmen:<\/strong> 23.38 \u20ac.<\/li>\n<\/ul>\n\n\n\n<figure class=\"wp-block-image size-full\"><img decoding=\"async\" width=\"796\" height=\"462\" src=\"https:\/\/autodeclaro.es\/wp-content\/uploads\/2024\/05\/image-1.png\" alt=\"\" class=\"wp-image-16785\" srcset=\"https:\/\/autodeclaro.es\/wp-content\/uploads\/2024\/05\/image-1.png 796w, https:\/\/autodeclaro.es\/wp-content\/uploads\/2024\/05\/image-1-300x174.png 300w, https:\/\/autodeclaro.es\/wp-content\/uploads\/2024\/05\/image-1-768x446.png 768w, https:\/\/autodeclaro.es\/wp-content\/uploads\/2024\/05\/image-1-18x10.png 18w, https:\/\/autodeclaro.es\/wp-content\/uploads\/2024\/05\/image-1-100x58.png 100w\" sizes=\"(max-width: 796px) 100vw, 796px\" \/><\/figure>\n\n\n\n<p id=\"dividendosDobleNavarra\"><strong>2\/ <\/strong>Die Doppelbesteuerung findet sich im Men\u00fc \"Einkommensteuer\".<strong>Quotenabz\u00fcge<\/strong>\" -&gt; \"<strong>Internationale Doppelbesteuerung<\/strong>\u201c<\/p>\n\n\n\n<p>Gem\u00e4\u00df dem Dividendenbericht muss der Abschnitt wie folgt ausgef\u00fcllt werden <strong>\"Betrag der ausl\u00e4ndischen Eink\u00fcnfte in der besonderen Bemessungsgrundlage\".<\/strong>:<\/p>\n\n\n\n<ul class=\"wp-block-list\">\n<li>Betrag der im Ausland gezahlten Steuern: <strong>133.69<\/strong> \u20ac<\/li>\n\n\n\n<li>Im Ausland erzielte Eink\u00fcnfte: <strong>20<\/strong> \u20ac<\/li>\n<\/ul>\n\n\n\n<figure class=\"wp-block-image size-full\"><img decoding=\"async\" width=\"807\" height=\"352\" src=\"https:\/\/autodeclaro.es\/wp-content\/uploads\/2024\/05\/image-2.png\" alt=\"\" class=\"wp-image-16788\" srcset=\"https:\/\/autodeclaro.es\/wp-content\/uploads\/2024\/05\/image-2.png 807w, https:\/\/autodeclaro.es\/wp-content\/uploads\/2024\/05\/image-2-300x131.png 300w, https:\/\/autodeclaro.es\/wp-content\/uploads\/2024\/05\/image-2-768x335.png 768w, https:\/\/autodeclaro.es\/wp-content\/uploads\/2024\/05\/image-2-18x8.png 18w, https:\/\/autodeclaro.es\/wp-content\/uploads\/2024\/05\/image-2-100x44.png 100w\" sizes=\"(max-width: 807px) 100vw, 807px\" \/><\/figure>\n\n\n\n<figure class=\"wp-block-image size-large\"><img decoding=\"async\" width=\"1024\" height=\"178\" src=\"https:\/\/autodeclaro.es\/wp-content\/uploads\/2024\/04\/image-13-1024x178.png\" alt=\"\" class=\"wp-image-16173\" srcset=\"https:\/\/autodeclaro.es\/wp-content\/uploads\/2024\/04\/image-13-1024x178.png 1024w, https:\/\/autodeclaro.es\/wp-content\/uploads\/2024\/04\/image-13-300x52.png 300w, https:\/\/autodeclaro.es\/wp-content\/uploads\/2024\/04\/image-13-768x133.png 768w, https:\/\/autodeclaro.es\/wp-content\/uploads\/2024\/04\/image-13-18x3.png 18w, https:\/\/autodeclaro.es\/wp-content\/uploads\/2024\/04\/image-13-100x17.png 100w, https:\/\/autodeclaro.es\/wp-content\/uploads\/2024\/04\/image-13-1000x174.png 1000w, https:\/\/autodeclaro.es\/wp-content\/uploads\/2024\/04\/image-13.png 1360w\" sizes=\"(max-width: 1024px) 100vw, 1024px\" \/><\/figure>\n\n<\/div><\/div>\n<\/div><\/div>\n\n<div class=\"gb-container gb-container-dec1d26e\"><div class=\"gb-inside-container\">\n<div class=\"gb-container gb-container-392bdfa1\"><div class=\"gb-inside-container\">\n<div class=\"gb-grid-wrapper gb-grid-wrapper-3bd61556\">\n<div class=\"gb-grid-column gb-grid-column-4ed7e94d\"><div class=\"gb-container gb-container-4ed7e94d\"><div class=\"gb-inside-container\">\n\n<h2 class=\"gb-headline gb-headline-857db351 gb-headline-text\">Hilfe<\/h2>\n\n\n<div class=\"gb-button-wrapper gb-button-wrapper-5233a7a8\">\n\n<a class=\"gb-button gb-button-84968700 gb-button-text\" href=\"https:\/\/autodeclaro.es\/de\/kontakt\/\"><strong>KONTAKT<\/strong><\/a>\n\n\n\n<a class=\"gb-button gb-button-47af23a3 gb-button-text\" href=\"https:\/\/autodeclaro.es\/de\/sicherheit\/\"><strong>SICHERHEIT<\/strong><\/a>\n\n<\/div>\n<\/div><\/div><\/div>\n\n<div class=\"gb-grid-column gb-grid-column-02729e6c\"><div class=\"gb-container gb-container-02729e6c\"><div class=\"gb-inside-container\">\n\n<h2 class=\"gb-headline gb-headline-cf7354d8 gb-headline-text\">Navigation<\/h2>\n\n\n<div class=\"gb-button-wrapper gb-button-wrapper-efa19db8\">\n\n<a class=\"gb-button gb-button-23858bbd gb-button-text\" href=\"https:\/\/autodeclaro.es\/de\/\"><strong>AUTODECLARO.ES<\/strong><\/a>\n\n\n\n<a class=\"gb-button gb-button-929ab20d gb-button-text\" href=\"https:\/\/autodeclaro.es\/de\/autovermietung\/\"><strong>Modell 100<\/strong><\/a>\n\n\n\n<a class=\"gb-button gb-button-bb152f05 gb-button-text\" href=\"https:\/\/autodeclaro.es\/de\/auto-720\/\"><strong>Modell 720<\/strong><\/a>\n\n\n\n<a class=\"gb-button gb-button-86e6e154 gb-button-text\" href=\"https:\/\/autodeclaro.es\/de\/auto-d6-2\/\" target=\"_blank\" rel=\"noopener noreferrer\"><strong>MODELL D6<\/strong><\/a>\n\n\n\n<a class=\"gb-button gb-button-7b32502a gb-button-text\" href=\"https:\/\/autodeclaro.es\/de\/eigenschaften-3\/\"><strong>Eigenschaften<\/strong><\/a>\n\n\n\n<a class=\"gb-button gb-button-f80b646d gb-button-text\" href=\"https:\/\/autodeclaro.es\/de\/wie-man-autoauszuge-720-erhalt\/\"><strong>WIE MAN EXTRAKTE ERH\u00c4LT<\/strong><\/a>\n\n\n\n<a class=\"gb-button gb-button-6f535528 gb-button-text\" href=\"https:\/\/autodeclaro.es\/de\/uber-uns-reden\/\"><strong>SIE SPRECHEN \u00dcBER UNS<\/strong><\/a>\n\n\n\n<a class=\"gb-button gb-button-70a90825 gb-button-text\" href=\"https:\/\/autodeclaro.es\/de\/preisgestaltung\/\"><strong>RATEN<\/strong><\/a>\n\n<\/div>\n<\/div><\/div><\/div>\n\n<div class=\"gb-grid-column gb-grid-column-e97c2f8a\"><div class=\"gb-container gb-container-e97c2f8a\"><div class=\"gb-inside-container\">\n\n<h2 class=\"gb-headline gb-headline-9d7b1b26 gb-headline-text\">Rechtliches<\/h2>\n\n\n<div class=\"gb-button-wrapper gb-button-wrapper-da2420ec\">\n\n<a class=\"gb-button gb-button-364f54fc gb-button-text\" href=\"https:\/\/autodeclaro.es\/de\/rechtshinweis\/\">HINWEIS <strong>legal<\/strong><\/a>\n\n\n\n<a class=\"gb-button gb-button-b2a6a2fc gb-button-text\" href=\"https:\/\/autodeclaro.es\/de\/datenschutzpolitik\/\"><strong>DATENSCHUTZPOLITIK<\/strong><\/a>\n\n\n\n<a class=\"gb-button gb-button-7baeff92 gb-button-text\" href=\"https:\/\/autodeclaro.es\/de\/cookie-richtlinie\/\"><strong>COOKIES<\/strong><\/a>\n\n\n\n<a class=\"gb-button gb-button-1189636a gb-button-text\" href=\"https:\/\/autodeclaro.es\/de\/beschaftigungsbedingungen\/\"><strong>BESCH\u00c4FTIGUNGSBEDINGUNGEN<\/strong><\/a>\n\n\n\n<a class=\"gb-button gb-button-eb678b04 gb-button-text\" href=\"\/de\/#gdpr_cookie_modal\"><strong>Cookie-Pr\u00e4ferenz<\/strong><\/a>\n\n<\/div>\n<\/div><\/div><\/div>\n\n<div class=\"gb-grid-column gb-grid-column-ca367b27\"><div class=\"gb-container gb-container-ca367b27\"><div class=\"gb-inside-container\">\n\n<h2 class=\"gb-headline gb-headline-65e0fe6e gb-headline-text\">Folgen Sie uns unter<\/h2>\n\n\n<div class=\"gb-button-wrapper gb-button-wrapper-7a42ce51\">\n\n<span class=\"gb-button gb-button-76c47084 gb-button-text\" target=\"_blank\" rel=\"noopener noreferrer\"><\/span>\n\n\n\n<span class=\"gb-button gb-button-682f573a gb-button-text\"><\/span>\n\n\n\n<span class=\"gb-button gb-button-b9a9c37c gb-button-text\"><\/span>\n\n\n\n<span class=\"gb-button gb-button-da71ac4d gb-button-text\" target=\"_blank\" rel=\"noopener noreferrer\"><\/span>\n\n\n\n<span class=\"gb-button gb-button-f531bb1b gb-button-text\" target=\"_blank\" rel=\"noopener noreferrer\"><\/span>\n\n<\/div>\n\n<div class=\"gb-container gb-container-2f03eff6\"><div class=\"gb-inside-container\">\n\n<p class=\"has-text-align-center\">Siehe unsere Bewertungen auf:<\/p>\n\n\n<div class=\"wp-block-image\">\n<figure class=\"aligncenter size-full is-resized\"><a href=\"https:\/\/es.trustpilot.com\/review\/autodeclaro.es\" target=\"_blank\" rel=\"noopener\"><img decoding=\"async\" width=\"512\" height=\"221\" src=\"https:\/\/autodeclaro.es\/wp-content\/uploads\/2023\/08\/opiniones-trustpilot.jpg\" alt=\"Autodeclaro.de Bewertungen auf Trustpilot\" class=\"wp-image-11748\" style=\"width:125px;height:53px\" srcset=\"https:\/\/autodeclaro.es\/wp-content\/uploads\/2023\/08\/opiniones-trustpilot.jpg 512w, https:\/\/autodeclaro.es\/wp-content\/uploads\/2023\/08\/opiniones-trustpilot-300x129.jpg 300w, https:\/\/autodeclaro.es\/wp-content\/uploads\/2023\/08\/opiniones-trustpilot-100x43.jpg 100w\" sizes=\"(max-width: 512px) 100vw, 512px\" \/><\/a><\/figure>\n<\/div>\n<\/div><\/div>\n<\/div><\/div><\/div>\n<\/div>\n<\/div><\/div>\n\n<div class=\"gb-grid-wrapper gb-grid-wrapper-8d2f1c2d\">\n<div class=\"gb-grid-column gb-grid-column-143d0181\"><div class=\"gb-container gb-container-143d0181\"><div class=\"gb-inside-container\">\n\n<p class=\"gb-headline gb-headline-1d654ec7 gb-headline-text\">\u00a9 2021 AUTODECLARO.ES - Alle Rechte vorbehalten<\/p>\n\n<\/div><\/div><\/div>\n\n<div class=\"gb-grid-column gb-grid-column-9df10302\"><div class=\"gb-container gb-container-9df10302\"><div class=\"gb-inside-container\">\n\n<p class=\"gb-headline gb-headline-e92cec68 gb-headline-text\">IN SPANIEN ENTWICKELTE SOFTWARE<\/p>\n\n<\/div><\/div><\/div>\n<\/div>\n<\/div><\/div>\n\n\n<p><\/p>","protected":false},"excerpt":{"rendered":"<p>Instrucciones Auto-Renta Importante: Te informamos que no estaremos disponibles desde el s\u00e1bado 23 de mayo al mi\u00e9rcoles 3 de junio. Durante ese periodo se espera demoras en cualquier tipo de consulta v\u00eda email o whatsapp, disculpa las molestias. Aviso: Autodeclaro no es una asesor\u00eda, ni tampoco somos expertos fiscales. Simplemente automatizamos el c\u00e1lculo de las &#8230; <a title=\"Anleitung Auto Renta\" class=\"read-more\" href=\"https:\/\/autodeclaro.es\/de\/anweisungen-zur-selbstanstellung\/\" aria-label=\"Weitere Informationen zur Autovermietung Anleitung\">Weiterlesen<\/a><\/p>","protected":false},"author":1,"featured_media":0,"parent":0,"menu_order":0,"comment_status":"closed","ping_status":"closed","template":"","meta":{"footnotes":""},"class_list":["post-4229","page","type-page","status-publish"],"_links":{"self":[{"href":"https:\/\/autodeclaro.es\/de\/wp-json\/wp\/v2\/pages\/4229","targetHints":{"allow":["GET"]}}],"collection":[{"href":"https:\/\/autodeclaro.es\/de\/wp-json\/wp\/v2\/pages"}],"about":[{"href":"https:\/\/autodeclaro.es\/de\/wp-json\/wp\/v2\/types\/page"}],"author":[{"embeddable":true,"href":"https:\/\/autodeclaro.es\/de\/wp-json\/wp\/v2\/users\/1"}],"replies":[{"embeddable":true,"href":"https:\/\/autodeclaro.es\/de\/wp-json\/wp\/v2\/comments?post=4229"}],"version-history":[{"count":63,"href":"https:\/\/autodeclaro.es\/de\/wp-json\/wp\/v2\/pages\/4229\/revisions"}],"predecessor-version":[{"id":36836,"href":"https:\/\/autodeclaro.es\/de\/wp-json\/wp\/v2\/pages\/4229\/revisions\/36836"}],"wp:attachment":[{"href":"https:\/\/autodeclaro.es\/de\/wp-json\/wp\/v2\/media?parent=4229"}],"curies":[{"name":"wp","href":"https:\/\/api.w.org\/{rel}","templated":true}]}}