{"id":297,"date":"2021-10-05T11:46:07","date_gmt":"2021-10-05T11:46:07","guid":{"rendered":"https:\/\/autodeclaro.es\/?page_id=297"},"modified":"2023-12-14T07:44:45","modified_gmt":"2023-12-14T06:44:45","slug":"datenschutzpolitik","status":"publish","type":"page","link":"https:\/\/autodeclaro.es\/de\/datenschutzpolitik\/","title":{"rendered":"Datenschutzbestimmungen"},"content":{"rendered":"<div class=\"gb-container gb-container-7856c198\"><div class=\"gb-inside-container\">\n<div class=\"gb-container gb-container-5586d971\"><div class=\"gb-inside-container\">\n\n<h1 class=\"gb-headline gb-headline-5dabdb8f gb-headline-text\"><strong>GDPR-Datenschutzrichtlinie<\/strong><\/h1>\n\n\n\n<p>Ihre Privatsph\u00e4re ist auf dieser Website garantiert.<\/p>\n\n\n\n<p>Diese Website ist eine Umgebung des Vertrauens und des Respekts f\u00fcr alle Nutzer, die sie besuchen.&nbsp;<\/p>\n\n\n\n<p>&nbsp;In dieser Datenschutzerkl\u00e4rung werden die Bedingungen erl\u00e4utert, die f\u00fcr die Erfassung, Verwaltung und Speicherung der Daten von Nutzern gelten, die diese Website besuchen und ihre pers\u00f6nlichen Daten \u00fcber die Kontakt-, Registrierungs-, Abonnement- oder Kaufformulare auf dieser Website angeben.<\/p>\n\n\n\n<p>Diese Website erf\u00fcllt alle Vorschriften zum Schutz der pers\u00f6nlichen Daten ihrer Nutzer, Abonnenten und K\u00e4ufer, die mit dieser Website interagieren, insbesondere:<\/p>\n\n\n\n<ul class=\"wp-block-list\">\n<li>Verordnung (EU) 2016\/679 des Europ\u00e4ischen Parlaments und des Rates vom 27. April 2016. (GDPR)&nbsp;<\/li>\n\n\n\n<li>Organgesetz 3\/2018 vom 5. Dezember \u00fcber den Schutz personenbezogener Daten und die Gew\u00e4hrleistung der digitalen Rechte,&nbsp;<\/li>\n<\/ul>\n\n\n\n<p>Mit der Annahme dieser Datenschutzerkl\u00e4rung geben Sie Ihre informierte, ausdr\u00fcckliche, freie und unmissverst\u00e4ndliche Zustimmung zur Verarbeitung der von Ihnen zur Verf\u00fcgung gestellten Daten durch AUTODECLARO als Inhaber der Datenverarbeitung und zur Anwendung der technischen und organisatorischen Sicherheitsma\u00dfnahmen, die in den geltenden Vorschriften vorgesehen sind.<\/p>\n\n\n\n<h2 class=\"wp-block-heading\"><strong>&nbsp;Wer ist verantwortlich?<\/strong><\/h2>\n\n\n\n<ul class=\"wp-block-list\">\n<li><strong>Rechtliche Verantwortung: <\/strong>Autodeclaro Soluciones S.L. (im Folgenden \"AUTODECLARO\")<\/li>\n\n\n\n<li><strong>Handelsname: <\/strong>AutoDeclaro.es&nbsp;<\/li>\n\n\n\n<li><strong>NIF: <\/strong>B56674054<\/li>\n\n\n\n<li><strong>Eingetragener Sitz: <\/strong>Avenida de Rocinante 2, 28906, Getafe Madrid <\/li>\n\n\n\n<li><strong>\u00d6ffentliches Register:<\/strong>\u00a0eingetragen im Handelsregister von Madrid, Band 45827, Folio 160, Seite M-805442, Eintrag 1.<\/li>\n\n\n\n<li><strong>E-Mail:<\/strong>\u00a0 info @autodeclaro.es<\/li>\n<\/ul>\n\n\n\n<h2 class=\"wp-block-heading\"><strong>Auf dieser Website gesammelte Daten<\/strong><\/h2>\n\n\n\n<p>Die auf dieser Website gesammelten und verarbeiteten personenbezogenen Daten werden direkt von den Nutzern selbst zur Verf\u00fcgung gestellt, d.h. die Daten werden von ihnen gesammelt und verarbeitet:<\/p>\n\n\n\n<ul class=\"wp-block-list\">\n<li>Kontakt-Formular&nbsp;<\/li>\n\n\n\n<li>Formulare f\u00fcr die Anmeldung zum Newsletter<\/li>\n\n\n\n<li>Kaufformular&nbsp;<\/li>\n\n\n\n<li>Anmeldeformular&nbsp;<\/li>\n<\/ul>\n\n\n\n<h2 class=\"wp-block-heading\"><strong>Legitimation f\u00fcr die Verarbeitung Ihrer Daten<\/strong><\/h2>\n\n\n\n<p>Um Kontakt aufzunehmen, sich anzumelden, ein Zeugnis abzugeben oder Informationen \u00fcber die Website anzufordern, ist die Zustimmung zu dieser Datenschutzrichtlinie erforderlich.<\/p>\n\n\n\n<p>Die Rechtsgrundlage f\u00fcr die Verarbeitung der Daten von Personen, die auf der Website von AUTODECLARO einkaufen oder eine der von AUTODECLARO angebotenen Dienstleistungen in Anspruch nehmen, ist die Erf\u00fcllung des Vertrags.<\/p>\n\n\n\n<h2 class=\"wp-block-heading\"><strong>Kategorie der erforderlichen personenbezogenen Daten<\/strong><\/h2>\n\n\n\n<ul class=\"wp-block-list\">\n<li><strong>Kontakt: <\/strong>Identifizierende Informationen sind erforderlich: (Name, E-Mail)<\/li>\n<\/ul>\n\n\n\n<ul class=\"wp-block-list\">\n<li><strong>F\u00fcr die Auftragsvergabe sind die Automatisierungsl\u00f6sungen Auto 720, Auto 721, Auto 210 und Auto Renta erforderlich: <\/strong>Informationen zum Zahlungsvorgang: verwendetes Zahlungsinstrument; Datum und Uhrzeit des Vorgangs; Betrag der Zahlung; F\u00e4lligkeitsdatum des Zahlungsinstruments; Postleitzahl des Einzugs; Informationen, Adresse und andere Angaben zum Zahlungsvorgang.<\/li>\n<\/ul>\n\n\n\n<p>Um die Dateien zu erhalten und den Kauf zu t\u00e4tigen, muss der Benutzer die f\u00fcr die Erstellung der einzelnen Infoprodukte (Auto 720, 721, Renta, 210) erforderlichen Dateien im CSV-Format bereitstellen.<\/p>\n\n\n\n<p>Die erzeugten Modelle sind Dateien in ihrem entsprechenden Format und enthalten keine personenbezogenen Daten. Die einzige pers\u00f6nliche Information, die gesammelt wird, ist die \"E-Mail\", und dann f\u00fcgen Sie die Erkl\u00e4rungen der Makler, die keine pers\u00f6nlichen Daten enthalten.&nbsp;<\/p>\n\n\n\n<ul class=\"wp-block-list\">\n<li><strong>Um den Newsletter zu abonnieren: <\/strong>Name und E-Mail Adresse<\/li>\n<\/ul>\n\n\n\n<h2 class=\"wp-block-heading\"><strong>Zu welchem Zweck werden Ihre personenbezogenen Daten verarbeitet?<\/strong><\/h2>\n\n\n\n<p>Die \u00dcbermittlung personenbezogener Daten auf dieser Website ist obligatorisch, um mit AUTODECLARO in Kontakt zu treten, das Web zu abonnieren oder eine der von AUTODECLARO angebotenen Dienstleistungen anzufordern.<\/p>\n\n\n\n<p>Die erforderlichen Daten sind angemessen und f\u00fcr den mitgeteilten Zweck relevant.&nbsp;<\/p>\n\n\n\n<p>Im Einzelnen werden die von AUTODECLARO erhobenen Daten zu folgenden Zwecken verarbeitet:<\/p>\n\n\n\n<ul class=\"wp-block-list\">\n<li>Zur Verwaltung der Website, zur Personalisierung der Website entsprechend der Browsererfahrung der Nutzer.<\/li>\n\n\n\n<li>Durchf\u00fchrung von Analysen und Studien in Bezug auf das Verhalten, die Interessen und die Visualisierung von Inhalten im Internet.<\/li>\n\n\n\n<li>Verbesserung der angebotenen Web- und Automatisierungsl\u00f6sungen.<\/li>\n\n\n\n<li>Archivieren Sie die Historie der auf der Website get\u00e4tigten K\u00e4ufe und Transaktionen.<\/li>\n\n\n\n<li>\u00dcberpr\u00fcfen und aktualisieren Sie die Benutzerregistrierung.<\/li>\n\n\n\n<li>Senden Sie Nachrichten, Aktualisierungen und Benachrichtigungen \u00fcber das Benutzerkonto.<\/li>\n\n\n\n<li>Unterst\u00fctzung und Hilfe f\u00fcr die Benutzer<\/li>\n\n\n\n<li>Die Aufrechterhaltung der vertraglichen Beziehung mit dem Kunden, entsprechend der Art und den Merkmalen der vertraglich vereinbarten Dienstleistungen oder Automatisierungsl\u00f6sungen.<\/li>\n\n\n\n<li>Durchf\u00fchrung von Analysen zur Verhinderung von Betrug, Sicherheitsvorf\u00e4llen und Internetmissbrauch,<\/li>\n\n\n\n<li>In einigen F\u00e4llen k\u00f6nnen Bilddaten aus aufgezeichneten Zeugenaussagen verwendet werden; in diesem Fall wird die ausdr\u00fcckliche Zustimmung zur Verarbeitung von Bildern zu diesem Zweck eingeholt.<\/li>\n\n\n\n<li>Das Versenden von kommerziellen Werbemitteilungen per E-Mail, SMS, MMS, Social Communities oder anderen elektronischen oder physischen Mitteln, die gegenw\u00e4rtig oder zuk\u00fcnftig kommerzielle Mitteilungen erm\u00f6glichen. Diese Mitteilungen werden von AUTODECLARO durchgef\u00fchrt und stehen im Zusammenhang mit vertraglich vereinbarten Dienstleistungen.<\/li>\n\n\n\n<li>Zur Bearbeitung von Bestellungen, Anfragen oder Anfragen jeglicher Art, die der Nutzer \u00fcber eine der ihm zur Verf\u00fcgung gestellten Kontaktformen stellt.<\/li>\n\n\n\n<li>Versenden Sie den Newsletter der Website.<\/li>\n<\/ul>\n\n\n\n<p>Und au\u00dferdem:<\/p>\n\n\n\n<ul class=\"wp-block-list\">\n<li>Um die Dienstleistungen von AUTODECLARO zu f\u00f6rdern.  Wenn Sie beispielsweise Ihre pers\u00f6nlichen Daten in einem der Kontaktformulare hinterlassen, kann AUTODECLARO diese Daten verwenden, um Ihnen auf Wunsch Informationen \u00fcber seine Website oder seine Lizenzen zuzusenden, einschlie\u00dflich spezieller Werbeaktionen, die auf Ihren Interessen basieren, z. B. durch E-Mail-Marketingkampagnen.<\/li>\n\n\n\n<li>F\u00fcr die Aufmerksamkeit und Unterst\u00fctzung der Nutzer und Kunden des Webs.&nbsp;<\/li>\n\n\n\n<li>Weitergabe von Informationen an Mitarbeiter von AUTODECLARO, die f\u00fcr die Entwicklung der von AUTODECLARO angebotenen Dienste unbedingt erforderliche Dienstleistungen erbringen, wie z.B. Entwickler, Hosting, Nachrichtendienste, Speicherung und Kommunikation.<\/li>\n<\/ul>\n\n\n\n<p>In jedem Fall haben Sie als Nutzer die vollen Rechte \u00fcber Ihre personenbezogenen Daten und deren Verwendung, und Sie k\u00f6nnen diese Rechte jederzeit aus\u00fcben.<\/p>\n\n\n\n<p>Es werden auch andere, nicht identifizierende Daten gesammelt, die mit Hilfe von Cookies, Pixeln und \u00e4hnlichen Technologien gewonnen werden, die beim Surfen auf dieser Website auf den Computer des Nutzers heruntergeladen werden, wie in der Cookie-Richtlinie beschrieben.&nbsp;<\/p>\n\n\n\n<p>Die Nichtbereitstellung der angeforderten pers\u00f6nlichen Daten oder die Nichtannahme der vorliegenden Datenschutzpolitik hat ebenfalls zur Folge, dass die Anmeldung auf der Website und die Bearbeitung der auf dieser Website gestellten Anfragen, einschlie\u00dflich der K\u00e4ufe der auf dieser Website vermarkteten Programme, nicht m\u00f6glich sind.<\/p>\n\n\n\n<p>Wenn Sie der Verarbeitung Ihrer Daten f\u00fcr die oben genannten Zwecke nicht zustimmen, k\u00f6nnen Sie von Ihrem Recht Gebrauch machen, der Verarbeitung Ihrer Daten unter den im folgenden Abschnitt dargelegten Bedingungen und Voraussetzungen zu widersprechen.<\/p>\n\n\n\n<p>In jedem Fall haben Sie als Nutzer die vollen Rechte \u00fcber Ihre personenbezogenen Daten und deren Verwendung, und Sie k\u00f6nnen diese Rechte jederzeit aus\u00fcben.<\/p>\n\n\n\n<p>Wenn Sie der Verarbeitung Ihrer Daten f\u00fcr die oben genannten Zwecke nicht zustimmen, k\u00f6nnen Sie von Ihrem Recht Gebrauch machen, der Verarbeitung Ihrer Daten unter den im folgenden Abschnitt dargelegten Bedingungen und Voraussetzungen zu widersprechen.<\/p>\n\n\n\n<h2 class=\"wp-block-heading\"><strong>Welche Rechte haben Sie, wenn Sie Ihre Daten zur Verf\u00fcgung stellen?<\/strong><\/h2>\n\n\n\n<p>Um Ihnen zu helfen, den Schutz und die Vertraulichkeit Ihrer personenbezogenen Daten zu gew\u00e4hrleisten, r\u00e4umt Ihnen die DSGVO mehrere Rechte ein, mit denen Sie einen spezifischen Antrag stellen und sicher sein k\u00f6nnen, dass die von Ihnen auf dieser Website bereitgestellten personenbezogenen Daten nicht f\u00fcr Zwecke missbraucht werden, die nicht mit dem Zweck, f\u00fcr den Sie sie uns zur Verf\u00fcgung gestellt haben, \u00fcbereinstimmen.<\/p>\n\n\n\n<p>Sie haben insbesondere die folgenden Rechte:<\/p>\n\n\n\n<p><strong>Zugang zu Informationen \u00fcber Ihre pers\u00f6nlichen Daten<\/strong><\/p>\n\n\n\n<p>Sie haben das Recht zu erfahren, ob und wie Ihre pers\u00f6nlichen Daten auf dieser Website verwendet werden.<\/p>\n\n\n\n<p><strong>Pr\u00fcfen Sie, ob Ihre pers\u00f6nlichen Daten korrekt sind<\/strong><\/p>\n\n\n\n<p>Sie haben das Recht zu \u00fcberpr\u00fcfen, ob korrekte und aktuelle Informationen \u00fcber Sie verwendet werden.<\/p>\n\n\n\n<p><strong>L\u00f6schen Sie Ihre pers\u00f6nlichen Daten<\/strong><\/p>\n\n\n\n<p>Sie k\u00f6nnen die L\u00f6schung von Daten verlangen, die f\u00fcr einen bestimmten Zweck nicht erforderlich sind, z. B. f\u00fcr einen Vertrag oder eine gesetzliche Vorschrift. Sie k\u00f6nnen auch eine eventuell zuvor erteilte Einwilligung widerrufen.<\/p>\n\n\n\n<p><strong>Einschr\u00e4nkung der Verwendung Ihrer pers\u00f6nlichen Daten<\/strong><\/p>\n\n\n\n<p>Sie k\u00f6nnen uns bitten, die Verarbeitung Ihrer Daten auf bestimmte Zwecke zu beschr\u00e4nken, z. B. um eine Dienstleistung zu erbringen.<\/p>\n\n\n\n<p><strong>\u00dcbertragung Ihrer Daten an ein anderes Unternehmen<\/strong>:<\/p>\n\n\n\n<p>Sie k\u00f6nnen uns bitten, die Daten, die Sie auf dieser Website angegeben haben, an ein anderes Unternehmen zu \u00fcbermitteln.<\/p>\n\n\n\n<p>Die Datei enth\u00e4lt personenbezogene Daten, die Sie aktiv und wissentlich zur Verf\u00fcgung gestellt haben, sowie Daten, die passiv erhoben wurden, als Sie die auf dieser Website angebotenen Dienste genutzt haben.<\/p>\n\n\n\n<p><strong>Ihre Zustimmung widerrufen<\/strong><\/p>\n\n\n\n<p>Wenn Daten auf der Grundlage Ihrer Einwilligung ben\u00f6tigt werden, haben Sie das Recht, Ihre Meinung zu \u00e4ndern und Ihre Einwilligung jederzeit zu widerrufen.<\/p>\n\n\n\n<p>Reichen Sie eine Beschwerde bei der \u00f6rtlichen Datenschutzaufsichtsbeh\u00f6rde ein.<\/p>\n\n\n\n<p>Wenn Sie mit der Art und Weise, wie Ihre Daten auf dieser Website behandelt werden, oder mit der Art und Weise, wie wir auf die Aus\u00fcbung Ihrer Rechte reagiert haben, nicht zufrieden sind, haben Sie das Recht, eine Beschwerde bei Ihrer \u00f6rtlichen Datenschutzaufsichtsbeh\u00f6rde einzureichen.<\/p>\n\n\n\n<h2 class=\"wp-block-heading\"><strong>M\u00f6chten Sie ein Formular f\u00fcr die Aus\u00fcbung Ihrer Rechte?&nbsp;&nbsp;&nbsp;&nbsp;<\/strong><\/h2>\n\n\n\n<p>Es gibt ein Formular f\u00fcr die Aus\u00fcbung Ihrer Rechte, das Sie per E-Mail anfordern k\u00f6nnen oder wenn Sie es vorziehen<a href=\"https:\/\/www.aepd.es\/es\/derechos-y-deberes\/conoce-tus-derechos\" target=\"_blank\" rel=\"noopener\">Sie k\u00f6nnen die von der spanischen Datenschutzbeh\u00f6rde oder von Dritten erstellten Formulare verwenden.<\/a><\/p>\n\n\n\n<p>Wenn Sie sich von einer Person vertreten lassen, m\u00fcssen Sie eine Kopie des Personalausweises beif\u00fcgen oder die Person mit ihrer elektronischen Signatur unterschreiben lassen.<\/p>\n\n\n\n<p>Die Formulare k\u00f6nnen pers\u00f6nlich, per Brief oder per Post an die Adresse der zust\u00e4ndigen Person am Anfang dieses Textes geschickt werden.<\/p>\n\n\n\n<p>Wo k\u00f6nnen Sie die Aus\u00fcbung der Rechte schriftlich beantragen?<\/p>\n\n\n\n<p>Um diese Rechte auszu\u00fcben, k\u00f6nnen Sie sich an folgende Adresse wenden: info@autodeclaro.es&nbsp;&nbsp;&nbsp;<\/p>\n\n\n\n<h2 class=\"wp-block-heading\"><strong>Wie lange werden Ihre Daten aufbewahrt?<\/strong><\/h2>\n\n\n\n<p>Personenbezogene Daten werden so lange aufbewahrt, wie Sie Nutzer oder Kunde der Website sind, und bis zur Beendigung des Vertrags mit dem Nutzer, aus welchem Grund auch immer.<\/p>\n\n\n\n<p>Die verarbeiteten Daten werden bis zum Ablauf der gesetzlichen Aufbewahrungsfristen aufbewahrt, sofern eine gesetzliche Aufbewahrungspflicht besteht, oder, sofern keine solche gesetzliche Frist besteht, bis die betroffene Person ihre L\u00f6schung beantragt oder die erteilte Einwilligung widerruft.<\/p>\n\n\n\n<p>bis zur Aus\u00fcbung des Rechts auf Widerruf der Einwilligung durch den Nutzer, falls die Verarbeitung personenbezogener Daten auf der Grundlage dieser Rechtsgrundlage erfolgt ist.<\/p>\n\n\n\n<p>Wenn Sie sich abmelden, werden die f\u00fcr die einzelnen Zwecke verarbeiteten personenbezogenen Daten f\u00fcr die gesetzlich vorgeschriebenen Zeitr\u00e4ume aufbewahrt, einschlie\u00dflich des Zeitraums, in dem ein Richter oder ein Gericht sie gem\u00e4\u00df den Verj\u00e4hrungsfristen f\u00fcr rechtliche Schritte anfordern kann.<\/p>\n\n\n\n<p>Alle Informationen und Mitteilungen, die sich auf die Erbringung der mit der Website verbundenen Dienstleistungen und die erbrachten Leistungen beziehen, werden f\u00fcr die Dauer der Gesch\u00e4ftsbeziehung aufbewahrt, um eventuellen Reklamationen nachgehen zu k\u00f6nnen.<\/p>\n\n\n\n<p>In den Formularen D6 und Auto 720 werden keine personenbezogenen Daten gespeichert.<\/p>\n\n\n\n<h2 class=\"wp-block-heading\"><strong>An welche Empf\u00e4nger werden Ihre Daten weitergegeben?<\/strong><\/h2>\n\n\n\n<p>Ihre Daten werden nicht an Dritte weitergegeben, es sei denn, Sie sind gesetzlich dazu verpflichtet. Sie werden insbesondere an die staatliche Steuerbeh\u00f6rde und an Banken und Finanzinstitute zum Zwecke des Inkassos sowie an die f\u00fcr die Ausf\u00fchrung des Vertrags erforderlichen Datenverarbeiter weitergegeben.<\/p>\n\n\n\n<p>Dienstleistungsanbieter, wie z. B. Hosting-Dienste, IT-Systemanbieter und Dienste f\u00fcr die Automatisierung und Analyse des digitalen Marketings, geh\u00f6ren dazu:<\/p>\n\n\n\n<p>Die Webentwicklungs- und Wartungsfirma kann ebenfalls Zugang zu dieser Website haben. Sie haben einen Dienstleistungsvertrag unterzeichnet, der sie dazu verpflichtet, das gleiche Ma\u00df an Datenschutz und Sicherheit zu wahren, das wir bei unserer Verarbeitung anwenden.<\/p>\n\n\n\n<p>Darunter:<\/p>\n\n\n\n<ul class=\"wp-block-list\">\n<li>Hosting: Nicalia.com<\/li>\n\n\n\n<li>Fakturierungstool: WooCommerce PDF-Rechnungen &amp; Packzettel<\/li>\n\n\n\n<li>Kunden- und Datenbankmanagement-Tool: WooCommerce<\/li>\n\n\n\n<li>E-Mail-Marketing-Tool: MailChimp<\/li>\n\n\n\n<li>Analysetools: Google Analytics, Google Search Console, Hotjar und Microsoft Clarity<\/li>\n<\/ul>\n\n\n\n<h2 class=\"wp-block-heading\"><strong>Sicherheitsmitteilung und L\u00fcckenerkl\u00e4rung<\/strong><\/h2>\n\n\n\n<p>AUTODECLARO ergreift angemessene und geeignete Ma\u00dfnahmen, um personenbezogene Daten vor Verlust, Missbrauch und unbefugtem Zugriff, Offenlegung, \u00c4nderung und Zerst\u00f6rung zu sch\u00fctzen, wobei die mit der Verarbeitung verbundenen Risiken und die Art der auf dieser Website erfassten personenbezogenen Daten ber\u00fccksichtigt werden, Sollte AUTODECLARO jedoch feststellen, dass Ihre Daten unterschlagen wurden, einer Sicherheitsverletzung zum Opfer gefallen sind oder von einem Dritten unrechtm\u00e4\u00dfig erworben wurden, wird AUTODECLARO Sie unverz\u00fcglich \u00fcber eine solche Sicherheitsverletzung, Unterschlagung oder einen solchen Erwerb informieren.<\/p>\n\n\n\n<h2 class=\"wp-block-heading\"><strong>Genauigkeit und Wahrhaftigkeit der Daten<\/strong><\/h2>\n\n\n\n<p>Als Nutzer sind Sie allein f\u00fcr die Wahrhaftigkeit und Richtigkeit der Daten verantwortlich, die Sie AUTODECLARO.ES \u00fcbermitteln, und entbinden AUTODECLARO von jeglicher Verantwortung in dieser Hinsicht.<\/p>\n\n\n\n<p>Die Nutzer garantieren und sind in jedem Fall f\u00fcr die Richtigkeit, G\u00fcltigkeit und Authentizit\u00e4t der angegebenen pers\u00f6nlichen Daten verantwortlich und verpflichten sich, diese ordnungsgem\u00e4\u00df auf dem neuesten Stand zu halten. Der Nutzer verpflichtet sich, im Kontakt- oder Anmeldeformular vollst\u00e4ndige und korrekte Angaben zu machen.<\/p>\n\n\n\n<h2 class=\"wp-block-heading\"><strong>Anwendbares Recht und Gerichtsbarkeit<\/strong><\/h2>\n\n\n\n<p>Die Beziehung zwischen AUTODECLARO und dem BENUTZER unterliegt der geltenden spanischen Gesetzgebung und alle Streitigkeiten werden vor den entsprechenden Gerichten ausgetragen.<\/p>\n\n\n\n<h2 class=\"wp-block-heading\"><strong>\u00c4nderungen der Datenschutzrichtlinie<\/strong><\/h2>\n\n\n\n<p>AUTODECLARO beh\u00e4lt sich das Recht vor, diese Politik zu \u00e4ndern, um sie an neue Gesetzgebung oder Rechtsprechung sowie an Branchenpraktiken anzupassen. In solchen F\u00e4llen wird AUTODECLARO auf dieser Seite die \u00c4nderungen rechtzeitig vor ihrer Umsetzung bekannt geben.<\/p>\n\n\n\n<p>Diese Datenschutzrichtlinie wurde zuletzt am 14. Dezember 2023 aktualisiert.<\/p>\n\n<\/div><\/div>\n<\/div><\/div>","protected":false},"excerpt":{"rendered":"<p>Datenschutzpolitik RGPD Ihre Privatsph\u00e4re ist auf dieser Website garantiert. Diese Website ist eine Umgebung des Vertrauens und des Respekts f\u00fcr alle Nutzer, die sie besuchen.   In dieser Datenschutzerkl\u00e4rung werden die Bedingungen erl\u00e4utert, die f\u00fcr die Erfassung, Verwaltung und Speicherung der Daten der Besucher dieser Website gelten. <a title=\"Datenschutzbestimmungen\" class=\"read-more\" href=\"https:\/\/autodeclaro.es\/de\/datenschutzpolitik\/\" aria-label=\"Mehr Informationen zum Datenschutz\">Weiterlesen<\/a><\/p>","protected":false},"author":1,"featured_media":0,"parent":0,"menu_order":0,"comment_status":"closed","ping_status":"closed","template":"","meta":{"footnotes":""},"class_list":["post-297","page","type-page","status-publish"],"_links":{"self":[{"href":"https:\/\/autodeclaro.es\/de\/wp-json\/wp\/v2\/pages\/297","targetHints":{"allow":["GET"]}}],"collection":[{"href":"https:\/\/autodeclaro.es\/de\/wp-json\/wp\/v2\/pages"}],"about":[{"href":"https:\/\/autodeclaro.es\/de\/wp-json\/wp\/v2\/types\/page"}],"author":[{"embeddable":true,"href":"https:\/\/autodeclaro.es\/de\/wp-json\/wp\/v2\/users\/1"}],"replies":[{"embeddable":true,"href":"https:\/\/autodeclaro.es\/de\/wp-json\/wp\/v2\/comments?post=297"}],"version-history":[{"count":1,"href":"https:\/\/autodeclaro.es\/de\/wp-json\/wp\/v2\/pages\/297\/revisions"}],"predecessor-version":[{"id":12400,"href":"https:\/\/autodeclaro.es\/de\/wp-json\/wp\/v2\/pages\/297\/revisions\/12400"}],"wp:attachment":[{"href":"https:\/\/autodeclaro.es\/de\/wp-json\/wp\/v2\/media?parent=297"}],"curies":[{"name":"wp","href":"https:\/\/api.w.org\/{rel}","templated":true}]}}